{"id":2107,"date":"2022-08-02T08:32:25","date_gmt":"2022-08-02T08:32:25","guid":{"rendered":"https:\/\/seeland.dev.mxm.agency\/?page_id=2107"},"modified":"2022-09-21T13:21:11","modified_gmt":"2022-09-21T13:21:11","slug":"cheffe-et-chef-de-marketing-avec-diplome-superieur-federal","status":"publish","type":"page","link":"https:\/\/kairos-academy.ch\/fr\/cheffe-et-chef-de-marketing-avec-diplome-superieur-federal\/","title":{"rendered":"Zripetizione_Cheffe et Chef de Marketing avec dipl\u00f4me sup\u00e9rieur f\u00e9d\u00e9ral (to delete)"},"content":{"rendered":"[vc_row type=\u00a0\u00bbin_container\u00a0\u00bb full_screen_row_position=\u00a0\u00bbmiddle\u00a0\u00bb scene_position=\u00a0\u00bbcenter\u00a0\u00bb text_color=\u00a0\u00bbdark\u00a0\u00bb text_align=\u00a0\u00bbleft\u00a0\u00bb top_padding=\u00a0\u00bb5%\u00a0\u00bb overlay_strength=\u00a0\u00bb0.3&Prime; shape_divider_position=\u00a0\u00bbbottom\u00a0\u00bb bg_image_animation=\u00a0\u00bbnone\u00a0\u00bb shape_type=\u00a0\u00bb\u00a0\u00bb][vc_column column_padding=\u00a0\u00bbno-extra-padding\u00a0\u00bb column_padding_position=\u00a0\u00bball\u00a0\u00bb background_color_opacity=\u00a0\u00bb1&Prime; background_hover_color_opacity=\u00a0\u00bb1&Prime; column_link_target=\u00a0\u00bb_self\u00a0\u00bb column_shadow=\u00a0\u00bbnone\u00a0\u00bb column_border_radius=\u00a0\u00bbnone\u00a0\u00bb width=\u00a0\u00bb3\/4&Prime; tablet_width_inherit=\u00a0\u00bbdefault\u00a0\u00bb tablet_text_alignment=\u00a0\u00bbdefault\u00a0\u00bb phone_text_alignment=\u00a0\u00bbdefault\u00a0\u00bb column_border_width=\u00a0\u00bbnone\u00a0\u00bb column_border_style=\u00a0\u00bbsolid\u00a0\u00bb bg_image_animation=\u00a0\u00bbnone\u00a0\u00bb][vc_custom_heading text=\u00a0\u00bbCheffe et Chef de Marketing avec dipl\u00f4me sup\u00e9rieur f\u00e9d\u00e9ral\u00a0\u00bb font_container=\u00a0\u00bbtag:h2|font_size:42|text_align:left|line_height:52px\u00a0\u00bb use_theme_fonts=\u00a0\u00bbyes\u00a0\u00bb][vc_column_text css=\u00a0\u00bb.vc_custom_1590864912203{margin-top: 30px !important;margin-bottom: 30px !important;}\u00a0\u00bb]Formation continue pour la qualification de cadres dans le domaine du Marketing. La formation pr\u00e9pare aux examens sup\u00e9rieurs f\u00e9d\u00e9raux.[\/vc_column_text][\/vc_column][vc_column column_padding=\u00a0\u00bbno-extra-padding\u00a0\u00bb column_padding_position=\u00a0\u00bball\u00a0\u00bb background_color_opacity=\u00a0\u00bb1&Prime; background_hover_color_opacity=\u00a0\u00bb1&Prime; column_link_target=\u00a0\u00bb_self\u00a0\u00bb column_shadow=\u00a0\u00bbnone\u00a0\u00bb column_border_radius=\u00a0\u00bbnone\u00a0\u00bb width=\u00a0\u00bb1\/4&Prime; tablet_width_inherit=\u00a0\u00bbdefault\u00a0\u00bb tablet_text_alignment=\u00a0\u00bbdefault\u00a0\u00bb phone_text_alignment=\u00a0\u00bbdefault\u00a0\u00bb column_border_width=\u00a0\u00bbnone\u00a0\u00bb column_border_style=\u00a0\u00bbsolid\u00a0\u00bb bg_image_animation=\u00a0\u00bbnone\u00a0\u00bb offset=\u00a0\u00bbvc_hidden-sm vc_hidden-xs\u00a0\u00bb][\/vc_column][\/vc_row][vc_row type=\u00a0\u00bbfull_width_background\u00a0\u00bb full_screen_row_position=\u00a0\u00bbmiddle\u00a0\u00bb bg_color=\u00a0\u00bb#ffffff\u00a0\u00bb scene_position=\u00a0\u00bbcenter\u00a0\u00bb text_color=\u00a0\u00bbdark\u00a0\u00bb text_align=\u00a0\u00bbleft\u00a0\u00bb bottom_padding=\u00a0\u00bb3%\u00a0\u00bb id=\u00a0\u00bbcore-features\u00a0\u00bb row_name=\u00a0\u00bbCore Features\u00a0\u00bb overlay_strength=\u00a0\u00bb0.3&Prime; shape_divider_position=\u00a0\u00bbbottom\u00a0\u00bb bg_image_animation=\u00a0\u00bbnone\u00a0\u00bb shape_type=\u00a0\u00bb\u00a0\u00bb][vc_column centered_text=\u00a0\u00bbtrue\u00a0\u00bb column_padding=\u00a0\u00bbno-extra-padding\u00a0\u00bb column_padding_position=\u00a0\u00bball\u00a0\u00bb background_color_opacity=\u00a0\u00bb1&Prime; background_hover_color_opacity=\u00a0\u00bb1&Prime; column_link_target=\u00a0\u00bb_self\u00a0\u00bb column_shadow=\u00a0\u00bbnone\u00a0\u00bb column_border_radius=\u00a0\u00bbnone\u00a0\u00bb width=\u00a0\u00bb1\/1&Prime; tablet_width_inherit=\u00a0\u00bbdefault\u00a0\u00bb tablet_text_alignment=\u00a0\u00bbdefault\u00a0\u00bb phone_text_alignment=\u00a0\u00bbdefault\u00a0\u00bb column_border_width=\u00a0\u00bbnone\u00a0\u00bb column_border_style=\u00a0\u00bbsolid\u00a0\u00bb bg_image_animation=\u00a0\u00bbnone\u00a0\u00bb][vc_row_inner column_margin=\u00a0\u00bbdefault\u00a0\u00bb text_align=\u00a0\u00bbleft\u00a0\u00bb][vc_column_inner column_padding=\u00a0\u00bbno-extra-padding\u00a0\u00bb column_padding_position=\u00a0\u00bball\u00a0\u00bb background_color_opacity=\u00a0\u00bb1&Prime; background_hover_color_opacity=\u00a0\u00bb1&Prime; column_shadow=\u00a0\u00bbnone\u00a0\u00bb column_border_radius=\u00a0\u00bbnone\u00a0\u00bb column_link_target=\u00a0\u00bb_self\u00a0\u00bb width=\u00a0\u00bb3\/4&Prime; tablet_width_inherit=\u00a0\u00bbdefault\u00a0\u00bb column_border_width=\u00a0\u00bbnone\u00a0\u00bb column_border_style=\u00a0\u00bbsolid\u00a0\u00bb bg_image_animation=\u00a0\u00bbnone\u00a0\u00bb enable_animation=\u00a0\u00bbtrue\u00a0\u00bb animation=\u00a0\u00bbfade-in\u00a0\u00bb][vc_column_text css=\u00a0\u00bb.vc_custom_1563267436246{padding-bottom: 10px !important;}\u00a0\u00bb]\n<h2>Description de la formation<\/h2>\n[\/vc_column_text][vc_column_text css=\u00a0\u00bb.vc_custom_1591004889687{margin-top: 30px !important;margin-bottom: 30px !important;}\u00a0\u00bb]\n<div class=\"boxContent\">\n<div>\n<p>En tant que Chef ou Cheffe de Marketing avec dipl\u00f4me sup\u00e9rieur f\u00e9d\u00e9ral, vous aurez la responsabilit\u00e9 globale des prestations Marketing au sein de l\u2019entreprise. Votre domaine d\u2019activit\u00e9 englobera le pilotage de l\u2019ensemble de l&rsquo;ensemble des activit\u00e9s Marketing, depuis l\u2019analyse de la situation du march\u00e9 jusqu\u2019\u00e0 la prospection du march\u00e9, en passant par le d\u00e9veloppement des strat\u00e9gies et l&rsquo;\u00e9laboration de concepts pour la diffusion de produits et de prestations sur le march\u00e9. Cette formation vous permettra de vous entrainer ad\u00e9quatement en vue de l\u2019examen professionnel.<\/p>\n<p>Dans l\u2019exercice de votre profession, dans le r\u00f4le de Cheffe ou de Chef de Marketing, vous assumerez une responsabilit\u00e9 importante et contribuerez, par votre travail, de mani\u00e8re significative \u00e0 la r\u00e9ussite commerciale de l\u2019entreprise. Vos taches comprendront, par exemple, la mise en \u0153uvre de la strat\u00e9gie de marque et des strat\u00e9gies Marketing. Vous tiendrez compte de la politique et de la strat\u00e9gie de l&rsquo;entreprise, des concepts en mati\u00e8re de planification Marketing et vous veillerez \u00e0 respecter les contraintes financi\u00e8res.<\/p>\n<p>Vos d\u00e9cisions strat\u00e9giques exerceront une influence majeure sur l&rsquo;activit\u00e9 de l\u2019entreprise. Vous contribuerez plus en particulier, de fa\u00e7on notable, au maintien et \u00e0 l\u2019am\u00e9lioration de la comp\u00e9titivit\u00e9 de l\u2019entreprise et \u00e0 la prosp\u00e9rit\u00e9 \u00e9conomique.<\/p>\n<p>Gr\u00e2ce aux \u00e9tudes de march\u00e9 que vous conduisez r\u00e9guli\u00e8rement, vous identifierez rapidement les besoins des consommateurs et les nouvelles tendances et serez en mesure d\u2019y r\u00e9pondre promptement par une offre adapt\u00e9e. Vos actions se caract\u00e9riseront par une approche respectueuse de l\u2019environnement et une utilisation \u00e9conome des ressources. En r\u00e8gle g\u00e9n\u00e9rale vous ferez partie de la direction de l\u2019entreprise et aurez une responsabilit\u00e9 d\u2019encadrement importante.<\/p>\n<\/div>\n<\/div>\n[\/vc_column_text][\/vc_column_inner][vc_column_inner column_padding=\u00a0\u00bbno-extra-padding\u00a0\u00bb column_padding_position=\u00a0\u00bball\u00a0\u00bb background_color_opacity=\u00a0\u00bb1&Prime; background_hover_color_opacity=\u00a0\u00bb1&Prime; column_shadow=\u00a0\u00bbnone\u00a0\u00bb column_border_radius=\u00a0\u00bbnone\u00a0\u00bb column_link_target=\u00a0\u00bb_self\u00a0\u00bb width=\u00a0\u00bb1\/4&Prime; tablet_width_inherit=\u00a0\u00bbdefault\u00a0\u00bb column_border_width=\u00a0\u00bbnone\u00a0\u00bb column_border_style=\u00a0\u00bbsolid\u00a0\u00bb bg_image_animation=\u00a0\u00bbnone\u00a0\u00bb offset=\u00a0\u00bbvc_hidden-sm vc_hidden-xs\u00a0\u00bb][\/vc_column_inner][\/vc_row_inner][\/vc_column][\/vc_row][vc_row type=\u00a0\u00bbfull_width_background\u00a0\u00bb full_screen_row_position=\u00a0\u00bbmiddle\u00a0\u00bb equal_height=\u00a0\u00bbyes\u00a0\u00bb content_placement=\u00a0\u00bbmiddle\u00a0\u00bb bg_color=\u00a0\u00bb#ffffff\u00a0\u00bb scene_position=\u00a0\u00bbcenter\u00a0\u00bb text_color=\u00a0\u00bbcustom\u00a0\u00bb custom_text_color=\u00a0\u00bb#0a0a0a\u00a0\u00bb text_align=\u00a0\u00bbleft\u00a0\u00bb top_padding=\u00a0\u00bb80&Prime; bottom_padding=\u00a0\u00bb80&Prime; color_overlay=\u00a0\u00bb#f27515&Prime; overlay_strength=\u00a0\u00bb0.95&Prime; shape_divider_position=\u00a0\u00bbbottom\u00a0\u00bb bg_image_animation=\u00a0\u00bbnone\u00a0\u00bb shape_type=\u00a0\u00bb\u00a0\u00bb][vc_column column_padding=\u00a0\u00bbno-extra-padding\u00a0\u00bb column_padding_position=\u00a0\u00bball\u00a0\u00bb background_color_opacity=\u00a0\u00bb1&Prime; background_hover_color_opacity=\u00a0\u00bb1&Prime; column_link_target=\u00a0\u00bb_self\u00a0\u00bb column_shadow=\u00a0\u00bbnone\u00a0\u00bb column_border_radius=\u00a0\u00bbnone\u00a0\u00bb width=\u00a0\u00bb8\/12&Prime; tablet_width_inherit=\u00a0\u00bbdefault\u00a0\u00bb tablet_text_alignment=\u00a0\u00bbcenter\u00a0\u00bb phone_text_alignment=\u00a0\u00bbcenter\u00a0\u00bb column_border_width=\u00a0\u00bbnone\u00a0\u00bb column_border_style=\u00a0\u00bbsolid\u00a0\u00bb bg_image_animation=\u00a0\u00bbnone\u00a0\u00bb][zoooom_highlighted_text highlight_color=\u00a0\u00bb#ff1053&Prime; style=\u00a0\u00bbhalf_text\u00a0\u00bb]\n<h2>Pour passer \u00e0 l&rsquo;inscription<\/h2>\n[\/zoooom_highlighted_text][vc_column_text]Inscrivez-vous maintenant aux cours pr\u00e9paratoires de Cheffe ou de Chef de Marketing avec dipl\u00f4me sup\u00e9rieur f\u00e9d\u00e9ral[\/vc_column_text][\/vc_column][vc_column column_padding=\u00a0\u00bbno-extra-padding\u00a0\u00bb column_padding_position=\u00a0\u00bball\u00a0\u00bb background_color_opacity=\u00a0\u00bb1&Prime; background_hover_color_opacity=\u00a0\u00bb1&Prime; column_link_target=\u00a0\u00bb_self\u00a0\u00bb column_shadow=\u00a0\u00bbnone\u00a0\u00bb column_border_radius=\u00a0\u00bbnone\u00a0\u00bb width=\u00a0\u00bb4\/12&Prime; tablet_width_inherit=\u00a0\u00bbdefault\u00a0\u00bb tablet_text_alignment=\u00a0\u00bbcenter\u00a0\u00bb phone_text_alignment=\u00a0\u00bbcenter\u00a0\u00bb column_border_width=\u00a0\u00bbnone\u00a0\u00bb column_border_style=\u00a0\u00bbsolid\u00a0\u00bb bg_image_animation=\u00a0\u00bbnone\u00a0\u00bb][vc_row_inner column_margin=\u00a0\u00bbdefault\u00a0\u00bb text_align=\u00a0\u00bbright\u00a0\u00bb][vc_column_inner column_padding=\u00a0\u00bbno-extra-padding\u00a0\u00bb column_padding_position=\u00a0\u00bball\u00a0\u00bb background_color_opacity=\u00a0\u00bb1&Prime; background_hover_color_opacity=\u00a0\u00bb1&Prime; column_shadow=\u00a0\u00bbnone\u00a0\u00bb column_border_radius=\u00a0\u00bbnone\u00a0\u00bb column_link_target=\u00a0\u00bb_self\u00a0\u00bb width=\u00a0\u00bb1\/1&Prime; tablet_width_inherit=\u00a0\u00bbdefault\u00a0\u00bb column_border_width=\u00a0\u00bbnone\u00a0\u00bb column_border_style=\u00a0\u00bbsolid\u00a0\u00bb bg_image_animation=\u00a0\u00bbnone\u00a0\u00bb][zoooom_btn size=\u00a0\u00bbjumbo\u00a0\u00bb button_style=\u00a0\u00bbregular\u00a0\u00bb button_color_2=\u00a0\u00bbAccent-Color\u00a0\u00bb color_override=\u00a0\u00bb#262626&Prime; solid_text_color_override=\u00a0\u00bb#ffffff\u00a0\u00bb icon_family=\u00a0\u00bbdefault_arrow\u00a0\u00bb url=\u00a0\u00bbhttps:\/\/seeland.dev.mxm.agency\/kontakt\/\u00a0\u00bb text=\u00a0\u00bbZur Anmeldung\u00a0\u00bb][\/vc_column_inner][\/vc_row_inner][\/vc_column][\/vc_row][vc_row type=\u00a0\u00bbfull_width_background\u00a0\u00bb full_screen_row_position=\u00a0\u00bbmiddle\u00a0\u00bb bg_color=\u00a0\u00bb#f7f7f7&Prime; scene_position=\u00a0\u00bbcenter\u00a0\u00bb text_color=\u00a0\u00bbdark\u00a0\u00bb text_align=\u00a0\u00bbleft\u00a0\u00bb top_padding=\u00a0\u00bb100&Prime; bottom_padding=\u00a0\u00bb100&Prime; overlay_strength=\u00a0\u00bb0.3&Prime; shape_divider_position=\u00a0\u00bbbottom\u00a0\u00bb bg_image_animation=\u00a0\u00bbnone\u00a0\u00bb][vc_column column_padding=\u00a0\u00bbno-extra-padding\u00a0\u00bb column_padding_position=\u00a0\u00bball\u00a0\u00bb background_color_opacity=\u00a0\u00bb1&Prime; background_hover_color_opacity=\u00a0\u00bb1&Prime; column_link_target=\u00a0\u00bb_self\u00a0\u00bb column_shadow=\u00a0\u00bbnone\u00a0\u00bb column_border_radius=\u00a0\u00bbnone\u00a0\u00bb width=\u00a0\u00bb3\/4&Prime; tablet_width_inherit=\u00a0\u00bbdefault\u00a0\u00bb tablet_text_alignment=\u00a0\u00bbdefault\u00a0\u00bb phone_text_alignment=\u00a0\u00bbdefault\u00a0\u00bb column_border_width=\u00a0\u00bbnone\u00a0\u00bb column_border_style=\u00a0\u00bbsolid\u00a0\u00bb bg_image_animation=\u00a0\u00bbnone\u00a0\u00bb][vc_column_text]\n<h2>La formation<\/h2>\n[\/vc_column_text][toggles style=\u00a0\u00bbdefault\u00a0\u00bb][toggle color=\u00a0\u00bbDefault\u00a0\u00bb title=\u00a0\u00bbLa formation\u00a0\u00bb][vc_row_inner column_margin=\u00a0\u00bbdefault\u00a0\u00bb text_align=\u00a0\u00bbleft\u00a0\u00bb][vc_column_inner column_padding=\u00a0\u00bbno-extra-padding\u00a0\u00bb column_padding_position=\u00a0\u00bball\u00a0\u00bb background_color_opacity=\u00a0\u00bb1&Prime; background_hover_color_opacity=\u00a0\u00bb1&Prime; column_shadow=\u00a0\u00bbnone\u00a0\u00bb column_border_radius=\u00a0\u00bbnone\u00a0\u00bb column_link_target=\u00a0\u00bb_self\u00a0\u00bb width=\u00a0\u00bb1\/1&Prime; tablet_width_inherit=\u00a0\u00bbdefault\u00a0\u00bb column_border_width=\u00a0\u00bbnone\u00a0\u00bb column_border_style=\u00a0\u00bbsolid\u00a0\u00bb bg_image_animation=\u00a0\u00bbnone\u00a0\u00bb]<div class=\"nectar-fancy-ul\" data-list-icon=\"icon-salient-thin-line\" data-animation=\"false\" data-animation-delay=\"0\" data-color=\"accent-color\" data-spacing=\"default\" data-alignment=\"left\"> \n<h2><strong>Champs d&rsquo;action et branches de l&rsquo;examen<\/strong><\/h2>\n<p>&nbsp;<\/p>\n<ul>\n<li>Mises en situation et questionnaires (\u00e9crit)<\/li>\n<li>Etude de cas int\u00e9gr\u00e9e 1 (\u00e9crit); \u00e9tude de cas int\u00e9gr\u00e9e 2 (\u00e9crit)<\/li>\n<li>Critical incidents (oral)<\/li>\n<li>Pr\u00e9sentation (oral); entretien avec les experts (oral)<\/li>\n<\/ul>\n <\/div>[vc_column_text]\n<h2><strong>Etapes du programme<br \/>\n<\/strong><\/h2>\n[\/vc_column_text][\/vc_column_inner][\/vc_row_inner][vc_row_inner column_margin=\u00a0\u00bbdefault\u00a0\u00bb text_align=\u00a0\u00bbleft\u00a0\u00bb][vc_column_inner column_padding=\u00a0\u00bbno-extra-padding\u00a0\u00bb column_padding_position=\u00a0\u00bball\u00a0\u00bb background_color_opacity=\u00a0\u00bb1&Prime; background_hover_color_opacity=\u00a0\u00bb1&Prime; column_shadow=\u00a0\u00bbnone\u00a0\u00bb column_border_radius=\u00a0\u00bbnone\u00a0\u00bb column_link_target=\u00a0\u00bb_self\u00a0\u00bb width=\u00a0\u00bb1\/3&Prime; tablet_width_inherit=\u00a0\u00bbdefault\u00a0\u00bb column_border_width=\u00a0\u00bbnone\u00a0\u00bb column_border_style=\u00a0\u00bbsolid\u00a0\u00bb bg_image_animation=\u00a0\u00bbnone\u00a0\u00bb]<div class=\"nectar-fancy-ul\" data-list-icon=\"icon-salient-thin-line\" data-animation=\"true\" data-animation-delay=\"0\" data-color=\"accent-color\" data-spacing=\"default\" data-alignment=\"left\"> \n<h5>BASES<\/h5>\n<p>&nbsp;<\/p>\n<ul>\n<li>Marketing : bases et strat\u00e9gie<\/li>\n<li>Direction et organisation<\/li>\n<li>Finances et comptabilit\u00e9<\/li>\n<li>Droit et \u00e9conomie politique<\/li>\n<li>Management strat\u00e9gique<\/li>\n<li>Marketing strat\u00e9gique<\/li>\n<li>Marketing op\u00e9rationnel<\/li>\n<li>Etudes de march\u00e9 et gestion de l&rsquo;information<\/li>\n<\/ul>\n <\/div>[\/vc_column_inner][vc_column_inner column_padding=\u00a0\u00bbno-extra-padding\u00a0\u00bb column_padding_position=\u00a0\u00bball\u00a0\u00bb background_color_opacity=\u00a0\u00bb1&Prime; background_hover_color_opacity=\u00a0\u00bb1&Prime; column_shadow=\u00a0\u00bbnone\u00a0\u00bb column_border_radius=\u00a0\u00bbnone\u00a0\u00bb column_link_target=\u00a0\u00bb_self\u00a0\u00bb width=\u00a0\u00bb1\/3&Prime; tablet_width_inherit=\u00a0\u00bbdefault\u00a0\u00bb column_border_width=\u00a0\u00bbnone\u00a0\u00bb column_border_style=\u00a0\u00bbsolid\u00a0\u00bb bg_image_animation=\u00a0\u00bbnone\u00a0\u00bb]<div class=\"nectar-fancy-ul\" data-list-icon=\"icon-salient-thin-line\" data-animation=\"true\" data-animation-delay=\"0\" data-color=\"accent-color\" data-spacing=\"default\" data-alignment=\"left\"> \n<h5>DEVELOPPEMENT DES COMPETENCES<\/h5>\n<p>&nbsp;<\/p>\n<ul>\n<li>Approfondissement du Marketing strategique et op\u00e9rationnel<\/li>\n<li>Approfondissement du r\u00f4le de la Cheffe, voire du Chef de Marketing avec dipl\u00f4me sup\u00e9rieur f\u00e9d\u00e9ral<\/li>\n<li>D\u00e9velopper des concepts Marketing et les mettre en oeuvre (\u00e9tudes de cas, pr\u00e9sentation et entretien avec les experts)<\/li>\n<\/ul>\n <\/div>[\/vc_column_inner][vc_column_inner column_padding=\u00a0\u00bbno-extra-padding\u00a0\u00bb column_padding_position=\u00a0\u00bball\u00a0\u00bb background_color_opacity=\u00a0\u00bb1&Prime; background_hover_color_opacity=\u00a0\u00bb1&Prime; column_shadow=\u00a0\u00bbnone\u00a0\u00bb column_border_radius=\u00a0\u00bbnone\u00a0\u00bb column_link_target=\u00a0\u00bb_self\u00a0\u00bb width=\u00a0\u00bb1\/3&Prime; tablet_width_inherit=\u00a0\u00bbdefault\u00a0\u00bb column_border_width=\u00a0\u00bbnone\u00a0\u00bb column_border_style=\u00a0\u00bbsolid\u00a0\u00bb bg_image_animation=\u00a0\u00bbnone\u00a0\u00bb]<div class=\"nectar-fancy-ul\" data-list-icon=\"icon-salient-thin-line\" data-animation=\"true\" data-animation-delay=\"0\" data-color=\"accent-color\" data-spacing=\"default\" data-alignment=\"left\"> \n<h5>ENTRAINEMENT<\/h5>\n<p>&nbsp;<\/p>\n<ul>\n<li>Individu et groupe<\/li>\n<li>Animation de Meetings<\/li>\n<li>Techniques de travail<\/li>\n<li>Techniques de pr\u00e9sentation<\/li>\n<li>Entrainement aux examens oraux<\/li>\n<li>Entrainement aux examens \u00e9crits<\/li>\n<li>Min. 2-3 simulations completes de l&rsquo;examen final<\/li>\n<li>Travail en groupes<\/li>\n<\/ul>\n <\/div>[\/vc_column_inner][\/vc_row_inner][vc_row_inner column_margin=\u00a0\u00bbdefault\u00a0\u00bb text_align=\u00a0\u00bbleft\u00a0\u00bb][vc_column_inner column_padding=\u00a0\u00bbno-extra-padding\u00a0\u00bb column_padding_position=\u00a0\u00bball\u00a0\u00bb background_color_opacity=\u00a0\u00bb1&Prime; background_hover_color_opacity=\u00a0\u00bb1&Prime; column_shadow=\u00a0\u00bbnone\u00a0\u00bb column_border_radius=\u00a0\u00bbnone\u00a0\u00bb column_link_target=\u00a0\u00bb_self\u00a0\u00bb width=\u00a0\u00bb1\/1&Prime; tablet_width_inherit=\u00a0\u00bbdefault\u00a0\u00bb column_border_width=\u00a0\u00bbnone\u00a0\u00bb column_border_style=\u00a0\u00bbsolid\u00a0\u00bb bg_image_animation=\u00a0\u00bbnone\u00a0\u00bb][vc_column_text]<strong>Objectifs et mat\u00e9riel didactique<\/strong><\/p>\n<p>A l\u2019issue de la formation, les participants ma\u00eetrisent la th\u00e9orie et la pratique et pour agir avec comp\u00e9tence dans leur r\u00f4le. \u00a0Ils seront en mesure de r\u00e9pondre aux crit\u00e8res pr\u00e9cis\u00e9s dans les directives f\u00e9d\u00e9rales et capables de travailler au sein de la direction d\u2019une moyenne ou grande entreprise. Ils comprendront l\u2019importance de leur fonction dans l\u2019entreprise agissant dans un contexte \u00e9conomique de plus en plus dynamique. En conclusion de leurs \u00e9tudes, ils auront atteint les comp\u00e9tences n\u00e9cessaires pour se pr\u00e9senter \u00e0 l\u2019examen professionnel final dans le but d\u2019obtenir le dipl\u00f4me f\u00e9d\u00e9ral de Cheffe ou de Chef de Marketing. Un mat\u00e9riel copieux et bien structur\u00e9 est fourni en forme \u00e9lectronique (compris dans le co\u00fbt de votre formation).<\/p>\n<p>Remarque: l&rsquo;ordre des branches peut varier d&rsquo;une vol\u00e9e \u00e0 une autre.[\/vc_column_text][\/vc_column_inner][\/vc_row_inner][\/toggle][toggle color=\u00a0\u00bbDefault\u00a0\u00bb title=\u00a0\u00bbCrit\u00e8res d&rsquo;admission\u00a0\u00bb][vc_column_text]L\u2019admission \u00e0 l\u2019examen f\u00e9d\u00e9ral est assur\u00e9e aux personnes qui :<\/p>\n<p>&nbsp;<\/p>\n<ol>\n<li>a) poss\u00e8dent un brevet f\u00e9d\u00e9ral sp\u00e9cifique \u00e0 la branche (Sp\u00e9cialiste en Marketing avec brevet f\u00e9d\u00e9ral par exemple), un dipl\u00f4me d\u2019un autre examen professionnel sup\u00e9rieur, un dipl\u00f4me d\u2019une \u00e9cole sup\u00e9rieure ou un dipl\u00f4me d\u2019une haute \u00e9cole sp\u00e9cialis\u00e9e ou d\u2019une universit\u00e9<\/li>\n<\/ol>\n<p>et<\/p>\n<p>peuvent justifier d\u2019au moins trois ann\u00e9es de pratique dans une fonction d\u2019encadrement et\/ou de responsable dans le domaine du Marketing<\/p>\n<p>&nbsp;<\/p>\n<p>&nbsp;<\/p>\n<p>Sont \u00e9galement admis \u00e0 l&rsquo;examen les candidats qui :<\/p>\n<p>&nbsp;<\/p>\n<ol>\n<li>b) poss\u00e8dent un certificat f\u00e9d\u00e9ral de capacit\u00e9 (formation initiale) d\u2019une dur\u00e9e de trois ans au minimum, un dipl\u00f4me reconnu d\u2019une \u00e9cole de commerce ou d\u2019une \u00e9cole de culture g\u00e9n\u00e9rale, ou un certificat de maturit\u00e9<\/li>\n<\/ol>\n<p>et<\/p>\n<p>peuvent justifier d\u2019au moins six ann\u00e9es de pratique professionnelle, dont trois ann\u00e9es dans une fonction d\u2019encadrement et\/ou de responsable dans le domaine du Marketing.<\/p>\n<p>&nbsp;<\/p>\n<p>&nbsp;<\/p>\n<h3>Autres requis<\/h3>\n<p>&nbsp;<\/p>\n<ul>\n<li>capacit\u00e9s analytiques<\/li>\n<li>approche orient\u00e9e Marketing<\/li>\n<li>bonnes connaissances manag\u00e9riales<\/li>\n<li>bonnes capacit\u00e9s de communication<\/li>\n<li>bonnes connaissances linguistiques (langues \u00e9trang\u00e8res).[\/vc_column_text][\/toggle][toggle color=\u00a0\u00bbDefault\u00a0\u00bb title=\u00a0\u00bbKursbeginn und Details\u00a0\u00bb][vc_column_text]<\/li>\n<\/ul>\n<p>&nbsp;<\/p>\n<h4><strong>CHEFFE DE MARKETING ET CHEF DE MARKETING AVEC DIPL\u00d4ME SUP\u00c9RIEUR F\u00c9D\u00c9RAL\u00a0 &#8211; Variante A)<br \/>\n<\/strong><\/h4>\n<p><strong>450 le\u00e7ons de 45 minutes<\/strong>, dont env. 1\/2 sont propos\u00e9s dans la perspective progressiste \u00ab Blended Learning \u00bb, avec diff\u00e9rents dispositifs en ligne, concepts et m\u00e9thodes d\u2019apprentissage mixte comprenant des projets multim\u00e9dias et nombreuses \u00e9tudes de cas &#8211; dur\u00e9e de la formation env. 3-4 semestres, co\u00fbt de la formation : <strong>19\u2019630 CHF\u00a0<\/strong><u>(hors<\/u> frais d\u2019examen f\u00e9d\u00e9ral)<\/p>\n<p>Participants : la formation convient \u00e0 des personnes venant de tout le secteur \u00e9conomique, id\u00e9alement avec un brevet f\u00e9d\u00e9ral de Sp\u00e9cialiste Marketing ou alors une bonne exp\u00e9rience dans le domaine, des cadres qui ont une fonction de responsable d&rsquo;un secteur d&rsquo;activit\u00e9, qui conduisent une \u00e9quipe de collaborateurs ou qui ont dirig\u00e9 une \u00e9quipe de collaborateurs auparavant et qui veulent se pr\u00e9senter \u00e0 l&rsquo;examen sup\u00e9rieur de Cheffe ou de Chef de Marketing avec dipl\u00f4me f\u00e9d\u00e9ral<em>.<\/em><\/p>\n<p>Avantage financier: avec des subventions f\u00e9d\u00e9rales de 50%, votre investissement dans la formation sera de CHF 9\u2019180, n\u2019h\u00e9sitez pas \u00e0 nous contacter pour plus d\u2019informations ou visitez la page SEFRI au lien www.sbfi.admin.ch\/contributions<\/p>\n<p>&nbsp;<\/p>\n<h4><strong>CHEFFE DE MARKETING ET CHEF DE MARKETING AVEC DIPL\u00d4ME SUP\u00c9RIEUR F\u00c9D\u00c9RAL\u00a0 &#8211; Variante B)<\/strong><\/h4>\n<p><strong>240 le\u00e7ons de 45 minutes<\/strong>, dont env. 1\/2 sont propos\u00e9s dans la perspective progressiste \u00ab Blended Learning \u00bb, avec diff\u00e9rents dispositifs en ligne, concepts et m\u00e9thodes d\u2019apprentissage mixte comprenant des projets multim\u00e9dias et nombreuses \u00e9tudes de cas &#8211; dur\u00e9e de la formation env. 2-3 semestres, co\u00fbt de la formation : <strong>12\u2019970 CHF <\/strong><u>(hors<\/u> frais d\u2019examen f\u00e9d\u00e9ral)<\/p>\n<p>Participants : la formation convient \u00e0 des personnes avec une excellente exp\u00e9rience dans le domaine, des cadres qui ont une fonction de responsable d&rsquo;un secteur d&rsquo;activit\u00e9, qui conduisent une \u00e9quipe de collaborateurs ou qui ont dirig\u00e9 une \u00e9quipe de collaborateurs auparavant et qui veulent se pr\u00e9senter \u00e0 l&rsquo;examen sup\u00e9rieur de Cheffe ou de Chef de Marketing avec dipl\u00f4me f\u00e9d\u00e9ral<em>.<\/em><\/p>\n<p>Avantage financier: avec des subventions f\u00e9d\u00e9rales de 50%, votre investissement dans la formation sera de CHF 6\u2019495, n\u2019h\u00e9sitez pas \u00e0 nous contacter pour plus d\u2019informations ou visitez la page SEFRI au lien www.sbfi.admin.ch\/contributions<\/p>\n<p>&nbsp;<\/p>\n<h4><strong>DEBUT DES COURS EN PRINTEMPS ET EN AUTOMNE<\/strong><\/h4>\n<p><strong>Un plus attractif :<\/strong> KAIROS vous offre la possibilit\u00e9 de choisir librement la langue de votre formation et la langue dans laquelle vous passerez les examens (trois langues nationales + anglais pour le travail de dipl\u00f4me)<\/p>\n[\/vc_column_text][\/toggle][toggle color=\u00a0\u00bbDefault\u00a0\u00bb title=\u00a0\u00bbAbschluss\u00a0\u00bb][vc_column_text]\n<div class=\"text-block__text\">\n<p><strong>TITRE<\/strong><\/p>\n<p>Les personnes ayant r\u00e9ussi l&rsquo;examen pourront porter le titre prot\u00e9g\u00e9 suivant :<\/p>\n<p><strong>Cheffe de Marketing et Chef de Marketing avec dipl\u00f4me sup\u00e9rieur f\u00e9d\u00e9ral<\/strong><\/p>\n<p>Pour la traduction anglaise, le titre recommand\u00e9 correspond \u00e0 \u00ab\u00a0Head of Marketing, Federal Diploma of Higher Education\u00a0\u00bb.<\/p>\n<p>Les examens \u00e9crits et oraux ont lieu chaque ann\u00e9e en ao\u00fbt (B\u00e2le et Lucerne).[\/vc_column_text][\/toggle][\/toggles][\/vc_column][vc_column column_padding=\u00a0\u00bbno-extra-padding\u00a0\u00bb column_padding_position=\u00a0\u00bball\u00a0\u00bb background_color_opacity=\u00a0\u00bb1&Prime; background_hover_color_opacity=\u00a0\u00bb1&Prime; column_link_target=\u00a0\u00bb_self\u00a0\u00bb column_shadow=\u00a0\u00bbnone\u00a0\u00bb column_border_radius=\u00a0\u00bbnone\u00a0\u00bb width=\u00a0\u00bb1\/4&Prime; tablet_width_inherit=\u00a0\u00bbdefault\u00a0\u00bb tablet_text_alignment=\u00a0\u00bbdefault\u00a0\u00bb phone_text_alignment=\u00a0\u00bbdefault\u00a0\u00bb column_border_width=\u00a0\u00bbnone\u00a0\u00bb column_border_style=\u00a0\u00bbsolid\u00a0\u00bb bg_image_animation=\u00a0\u00bbnone\u00a0\u00bb offset=\u00a0\u00bbvc_hidden-sm vc_hidden-xs\u00a0\u00bb][\/vc_column][\/vc_row][vc_row type=\u00a0\u00bbin_container\u00a0\u00bb full_screen_row_position=\u00a0\u00bbmiddle\u00a0\u00bb scene_position=\u00a0\u00bbcenter\u00a0\u00bb text_color=\u00a0\u00bbdark\u00a0\u00bb text_align=\u00a0\u00bbleft\u00a0\u00bb overlay_strength=\u00a0\u00bb0.3&Prime; shape_divider_position=\u00a0\u00bbbottom\u00a0\u00bb bg_image_animation=\u00a0\u00bbnone\u00a0\u00bb][vc_column column_padding=\u00a0\u00bbno-extra-padding\u00a0\u00bb column_padding_position=\u00a0\u00bball\u00a0\u00bb background_color_opacity=\u00a0\u00bb1&Prime; background_hover_color_opacity=\u00a0\u00bb1&Prime; column_link_target=\u00a0\u00bb_self\u00a0\u00bb column_shadow=\u00a0\u00bbnone\u00a0\u00bb column_border_radius=\u00a0\u00bbnone\u00a0\u00bb width=\u00a0\u00bb1\/1&Prime; tablet_width_inherit=\u00a0\u00bbdefault\u00a0\u00bb tablet_text_alignment=\u00a0\u00bbdefault\u00a0\u00bb phone_text_alignment=\u00a0\u00bbdefault\u00a0\u00bb column_border_width=\u00a0\u00bbnone\u00a0\u00bb column_border_style=\u00a0\u00bbsolid\u00a0\u00bb bg_image_animation=\u00a0\u00bbnone\u00a0\u00bb][vc_column_text]\n<\/div>\n[\/vc_column_text][\/vc_column][\/vc_row]\n","protected":false},"excerpt":{"rendered":"<p>[vc_row type=\u00a0\u00bbin_container\u00a0\u00bb full_screen_row_position=\u00a0\u00bbmiddle\u00a0\u00bb scene_position=\u00a0\u00bbcenter\u00a0\u00bb text_color=\u00a0\u00bbdark\u00a0\u00bb text_align=\u00a0\u00bbleft\u00a0\u00bb top_padding=\u00a0\u00bb5%\u00a0\u00bb overlay_strength=\u00a0\u00bb0.3&Prime; shape_divider_position=\u00a0\u00bbbottom\u00a0\u00bb bg_image_animation=\u00a0\u00bbnone\u00a0\u00bb shape_type=\u00a0\u00bb\u00a0\u00bb][vc_column column_padding=\u00a0\u00bbno-extra-padding\u00a0\u00bb column_padding_position=\u00a0\u00bball\u00a0\u00bb background_color_opacity=\u00a0\u00bb1&Prime; background_hover_color_opacity=\u00a0\u00bb1&Prime; column_link_target=\u00a0\u00bb_self\u00a0\u00bb column_shadow=\u00a0\u00bbnone\u00a0\u00bb column_border_radius=\u00a0\u00bbnone\u00a0\u00bb width=\u00a0\u00bb3\/4&Prime; tablet_width_inherit=\u00a0\u00bbdefault\u00a0\u00bb tablet_text_alignment=\u00a0\u00bbdefault\u00a0\u00bb phone_text_alignment=\u00a0\u00bbdefault\u00a0\u00bb column_border_width=\u00a0\u00bbnone\u00a0\u00bb column_border_style=\u00a0\u00bbsolid\u00a0\u00bb bg_image_animation=\u00a0\u00bbnone\u00a0\u00bb][vc_custom_heading text=\u00a0\u00bbCheffe et Chef de Marketing&#8230;<\/p>\n","protected":false},"author":5,"featured_media":0,"parent":0,"menu_order":0,"comment_status":"closed","ping_status":"closed","template":"","meta":[],"_links":{"self":[{"href":"https:\/\/kairos-academy.ch\/fr\/wp-json\/wp\/v2\/pages\/2107"}],"collection":[{"href":"https:\/\/kairos-academy.ch\/fr\/wp-json\/wp\/v2\/pages"}],"about":[{"href":"https:\/\/kairos-academy.ch\/fr\/wp-json\/wp\/v2\/types\/page"}],"author":[{"embeddable":true,"href":"https:\/\/kairos-academy.ch\/fr\/wp-json\/wp\/v2\/users\/5"}],"replies":[{"embeddable":true,"href":"https:\/\/kairos-academy.ch\/fr\/wp-json\/wp\/v2\/comments?post=2107"}],"version-history":[{"count":3,"href":"https:\/\/kairos-academy.ch\/fr\/wp-json\/wp\/v2\/pages\/2107\/revisions"}],"predecessor-version":[{"id":2981,"href":"https:\/\/kairos-academy.ch\/fr\/wp-json\/wp\/v2\/pages\/2107\/revisions\/2981"}],"wp:attachment":[{"href":"https:\/\/kairos-academy.ch\/fr\/wp-json\/wp\/v2\/media?parent=2107"}],"curies":[{"name":"wp","href":"https:\/\/api.w.org\/{rel}","templated":true}]}}