{"id":2546,"date":"2022-08-28T11:03:07","date_gmt":"2022-08-28T11:03:07","guid":{"rendered":"https:\/\/seeland.dev.mxm.agency\/?page_id=2546"},"modified":"2022-11-25T19:40:23","modified_gmt":"2022-11-25T17:40:23","slug":"manager-du-commerce-en-detail-avec-diplome-federal","status":"publish","type":"page","link":"https:\/\/kairos-academy.ch\/fr\/manager-du-commerce-en-detail-avec-diplome-federal\/","title":{"rendered":"Manager du commerce en d\u00e9tail avec dipl\u00f4me f\u00e9d\u00e9ral"},"content":{"rendered":"[vc_row type=\u00a0\u00bbin_container\u00a0\u00bb full_screen_row_position=\u00a0\u00bbmiddle\u00a0\u00bb column_margin=\u00a0\u00bbdefault\u00a0\u00bb column_direction=\u00a0\u00bbdefault\u00a0\u00bb column_direction_tablet=\u00a0\u00bbdefault\u00a0\u00bb column_direction_phone=\u00a0\u00bbdefault\u00a0\u00bb scene_position=\u00a0\u00bbcenter\u00a0\u00bb top_padding=\u00a0\u00bb5%\u00a0\u00bb text_color=\u00a0\u00bbdark\u00a0\u00bb text_align=\u00a0\u00bbleft\u00a0\u00bb row_border_radius=\u00a0\u00bbnone\u00a0\u00bb row_border_radius_applies=\u00a0\u00bbbg\u00a0\u00bb overflow=\u00a0\u00bbvisible\u00a0\u00bb overlay_strength=\u00a0\u00bb0.3&Prime; gradient_direction=\u00a0\u00bbleft_to_right\u00a0\u00bb shape_divider_position=\u00a0\u00bbbottom\u00a0\u00bb bg_image_animation=\u00a0\u00bbnone\u00a0\u00bb shape_type=\u00a0\u00bb\u00a0\u00bb][vc_column column_padding=\u00a0\u00bbno-extra-padding\u00a0\u00bb column_padding_tablet=\u00a0\u00bbinherit\u00a0\u00bb column_padding_phone=\u00a0\u00bbinherit\u00a0\u00bb column_padding_position=\u00a0\u00bball\u00a0\u00bb column_element_spacing=\u00a0\u00bbdefault\u00a0\u00bb background_color_opacity=\u00a0\u00bb1&Prime; background_hover_color_opacity=\u00a0\u00bb1&Prime; column_shadow=\u00a0\u00bbnone\u00a0\u00bb column_border_radius=\u00a0\u00bbnone\u00a0\u00bb column_link_target=\u00a0\u00bb_self\u00a0\u00bb column_position=\u00a0\u00bbdefault\u00a0\u00bb gradient_direction=\u00a0\u00bbleft_to_right\u00a0\u00bb overlay_strength=\u00a0\u00bb0.3&Prime; width=\u00a0\u00bb3\/4&Prime; tablet_width_inherit=\u00a0\u00bbdefault\u00a0\u00bb tablet_text_alignment=\u00a0\u00bbdefault\u00a0\u00bb phone_text_alignment=\u00a0\u00bbdefault\u00a0\u00bb animation_type=\u00a0\u00bbdefault\u00a0\u00bb bg_image_animation=\u00a0\u00bbnone\u00a0\u00bb border_type=\u00a0\u00bbsimple\u00a0\u00bb column_border_width=\u00a0\u00bbnone\u00a0\u00bb column_border_style=\u00a0\u00bbsolid\u00a0\u00bb][vc_custom_heading text=\u00a0\u00bbManager du commerce en d\u00e9tail avec dipl\u00f4me f\u00e9d\u00e9ral\u00a0\u00bb font_container=\u00a0\u00bbtag:h2|font_size:42|text_align:left|line_height:52px\u00a0\u00bb use_theme_fonts=\u00a0\u00bbyes\u00a0\u00bb][vc_column_text css=\u00a0\u00bb.vc_custom_1591134790435{margin-top: 30px !important;margin-bottom: 30px !important;}\u00a0\u00bb]Formation continue en vue de la qualification de professionnels du commerce en d\u00e9tail. La formation pr\u00e9pare aux examens f\u00e9d\u00e9raux.[\/vc_column_text][\/vc_column][vc_column column_padding=\u00a0\u00bbno-extra-padding\u00a0\u00bb column_padding_tablet=\u00a0\u00bbinherit\u00a0\u00bb column_padding_phone=\u00a0\u00bbinherit\u00a0\u00bb column_padding_position=\u00a0\u00bball\u00a0\u00bb column_element_spacing=\u00a0\u00bbdefault\u00a0\u00bb background_color_opacity=\u00a0\u00bb1&Prime; background_hover_color_opacity=\u00a0\u00bb1&Prime; column_shadow=\u00a0\u00bbnone\u00a0\u00bb column_border_radius=\u00a0\u00bbnone\u00a0\u00bb column_link_target=\u00a0\u00bb_self\u00a0\u00bb column_position=\u00a0\u00bbdefault\u00a0\u00bb gradient_direction=\u00a0\u00bbleft_to_right\u00a0\u00bb overlay_strength=\u00a0\u00bb0.3&Prime; width=\u00a0\u00bb1\/4&Prime; tablet_width_inherit=\u00a0\u00bbdefault\u00a0\u00bb tablet_text_alignment=\u00a0\u00bbdefault\u00a0\u00bb phone_text_alignment=\u00a0\u00bbdefault\u00a0\u00bb animation_type=\u00a0\u00bbdefault\u00a0\u00bb bg_image_animation=\u00a0\u00bbnone\u00a0\u00bb border_type=\u00a0\u00bbsimple\u00a0\u00bb column_border_width=\u00a0\u00bbnone\u00a0\u00bb column_border_style=\u00a0\u00bbsolid\u00a0\u00bb offset=\u00a0\u00bbvc_hidden-sm vc_hidden-xs\u00a0\u00bb][\/vc_column][\/vc_row][vc_row type=\u00a0\u00bbfull_width_background\u00a0\u00bb full_screen_row_position=\u00a0\u00bbmiddle\u00a0\u00bb column_margin=\u00a0\u00bbdefault\u00a0\u00bb column_direction=\u00a0\u00bbdefault\u00a0\u00bb column_direction_tablet=\u00a0\u00bbdefault\u00a0\u00bb column_direction_phone=\u00a0\u00bbdefault\u00a0\u00bb bg_color=\u00a0\u00bb#ffffff\u00a0\u00bb scene_position=\u00a0\u00bbcenter\u00a0\u00bb bottom_padding=\u00a0\u00bb3%\u00a0\u00bb text_color=\u00a0\u00bbdark\u00a0\u00bb text_align=\u00a0\u00bbleft\u00a0\u00bb row_border_radius=\u00a0\u00bbnone\u00a0\u00bb row_border_radius_applies=\u00a0\u00bbbg\u00a0\u00bb overflow=\u00a0\u00bbvisible\u00a0\u00bb id=\u00a0\u00bbcore-features\u00a0\u00bb row_name=\u00a0\u00bbCore Features\u00a0\u00bb overlay_strength=\u00a0\u00bb0.3&Prime; gradient_direction=\u00a0\u00bbleft_to_right\u00a0\u00bb shape_divider_position=\u00a0\u00bbbottom\u00a0\u00bb bg_image_animation=\u00a0\u00bbnone\u00a0\u00bb shape_type=\u00a0\u00bb\u00a0\u00bb][vc_column column_padding=\u00a0\u00bbno-extra-padding\u00a0\u00bb column_padding_tablet=\u00a0\u00bbinherit\u00a0\u00bb column_padding_phone=\u00a0\u00bbinherit\u00a0\u00bb column_padding_position=\u00a0\u00bball\u00a0\u00bb column_element_spacing=\u00a0\u00bbdefault\u00a0\u00bb centered_text=\u00a0\u00bbtrue\u00a0\u00bb background_color_opacity=\u00a0\u00bb1&Prime; background_hover_color_opacity=\u00a0\u00bb1&Prime; column_shadow=\u00a0\u00bbnone\u00a0\u00bb column_border_radius=\u00a0\u00bbnone\u00a0\u00bb column_link_target=\u00a0\u00bb_self\u00a0\u00bb column_position=\u00a0\u00bbdefault\u00a0\u00bb gradient_direction=\u00a0\u00bbleft_to_right\u00a0\u00bb overlay_strength=\u00a0\u00bb0.3&Prime; width=\u00a0\u00bb1\/1&Prime; tablet_width_inherit=\u00a0\u00bbdefault\u00a0\u00bb tablet_text_alignment=\u00a0\u00bbdefault\u00a0\u00bb phone_text_alignment=\u00a0\u00bbdefault\u00a0\u00bb animation_type=\u00a0\u00bbdefault\u00a0\u00bb bg_image_animation=\u00a0\u00bbnone\u00a0\u00bb border_type=\u00a0\u00bbsimple\u00a0\u00bb column_border_width=\u00a0\u00bbnone\u00a0\u00bb column_border_style=\u00a0\u00bbsolid\u00a0\u00bb][vc_row_inner column_margin=\u00a0\u00bbdefault\u00a0\u00bb column_direction=\u00a0\u00bbdefault\u00a0\u00bb column_direction_tablet=\u00a0\u00bbdefault\u00a0\u00bb column_direction_phone=\u00a0\u00bbdefault\u00a0\u00bb text_align=\u00a0\u00bbleft\u00a0\u00bb row_position=\u00a0\u00bbdefault\u00a0\u00bb row_position_tablet=\u00a0\u00bbinherit\u00a0\u00bb row_position_phone=\u00a0\u00bbinherit\u00a0\u00bb overflow=\u00a0\u00bbvisible\u00a0\u00bb pointer_events=\u00a0\u00bball\u00a0\u00bb][vc_column_inner column_padding=\u00a0\u00bbno-extra-padding\u00a0\u00bb column_padding_tablet=\u00a0\u00bbinherit\u00a0\u00bb column_padding_phone=\u00a0\u00bbinherit\u00a0\u00bb column_padding_position=\u00a0\u00bball\u00a0\u00bb column_element_spacing=\u00a0\u00bbdefault\u00a0\u00bb background_color_opacity=\u00a0\u00bb1&Prime; background_hover_color_opacity=\u00a0\u00bb1&Prime; column_shadow=\u00a0\u00bbnone\u00a0\u00bb column_border_radius=\u00a0\u00bbnone\u00a0\u00bb column_link_target=\u00a0\u00bb_self\u00a0\u00bb gradient_direction=\u00a0\u00bbleft_to_right\u00a0\u00bb overlay_strength=\u00a0\u00bb0.3&Prime; width=\u00a0\u00bb3\/4&Prime; tablet_width_inherit=\u00a0\u00bbdefault\u00a0\u00bb animation_type=\u00a0\u00bbdefault\u00a0\u00bb enable_animation=\u00a0\u00bbtrue\u00a0\u00bb animation=\u00a0\u00bbfade-in\u00a0\u00bb bg_image_animation=\u00a0\u00bbnone\u00a0\u00bb border_type=\u00a0\u00bbsimple\u00a0\u00bb column_border_width=\u00a0\u00bbnone\u00a0\u00bb column_border_style=\u00a0\u00bbsolid\u00a0\u00bb][vc_column_text css=\u00a0\u00bb.vc_custom_1663771553777{padding-bottom: 10px !important;}\u00a0\u00bb]\n<h2 style=\"text-align: left;\">Description de la formation<\/h2>\n[\/vc_column_text][vc_column_text css=\u00a0\u00bb.vc_custom_1663945387029{margin-top: 30px !important;margin-bottom: 30px !important;}\u00a0\u00bb]\n<div class=\"boxContent\">\n<div>\n<p style=\"text-align: left;\">En tant que Manager du commerce de d\u00e9tail, vous \u00eates charg\u00e9s de la direction strat\u00e9gique et op\u00e9rationnelle d\u2019un commerce sp\u00e9cialis\u00e9, d\u2019un supermarch\u00e9 ou d\u2019un d\u00e9partement commercial. Vous dirigez le personnel et l\u2019accompagnez dans la r\u00e9alisation des objectifs. Vous analysez des chiffres-cl\u00e9s dans le cadre de la gestion financi\u00e8re et mettez en place des mesures de Marketing afin d\u2019optimiser les ventes et le chiffre d\u2019affaire. Vous organisez et supervisez la gestion du stock, l\u2019approvisionnement et la logistique.<\/p>\n<p style=\"text-align: left;\"><span dir=\"ltr\" role=\"presentation\">Vous \u00eates une personne de r\u00e9f\u00e9rence des diff\u00e9rents interlocuteurs du commerce de <\/span><span dir=\"ltr\" role=\"presentation\">d\u00e9tail : les clients et les clientes, collaborateurs et collaboratrices, fournisseurs, autorit\u00e9s politiques et publiques. Votre do<\/span><span dir=\"ltr\" role=\"presentation\">maine de travail s\u2019\u00e9tend sur toutes les disciplines classiques de gestion telles que <\/span><span dir=\"ltr\" role=\"presentation\">la direction d\u2019entreprise, la structuration de l\u2019offre et de l\u2019organisation, la gestion financi\u00e8re et du personnel ainsi que la <\/span><span dir=\"ltr\" role=\"presentation\">gestion de l\u2019information et de la communication.<\/span><\/p>\n<\/div>\n<p style=\"text-align: left;\">Dans votre qualit\u00e9 de cadre sup\u00e9rieur ou directeur d\u2019un commerce de d\u00e9tail vous mettez au centre la r\u00e9flexion et l\u2019action d\u2019entrepreneur. Outre vos comp\u00e9tences professionnelles, vous affrontez avec aisance les d\u00e9fis d\u2019actualit\u00e9 de la branche du commerce de d\u00e9tail. Dans votre fonction, de Manager du commerce en d\u00e9tail, vous dirigez un grand point de vente, une PME ou vous vous occupez un poste \u00e0 responsabilit\u00e9s dans l\u2019administration ou une entreprise de sous-traitance du commerce de d\u00e9tail.<\/p>\n<div>\n<p style=\"text-align: left;\">Vos principales activit\u00e9s consistent \u00e0:<\/p>\n<h3 style=\"text-align: left;\">Gestion op\u00e9rationnelle et marketing<\/h3>\n<ul>\n<li style=\"text-align: left;\">\u00e9tablir et surveiller les budgets et analyser des chiffres-cl\u00e9s relatifs au bilan ou au stock;<\/li>\n<li style=\"text-align: left;\">calculer les prix d&rsquo;achat et de vente;<\/li>\n<li style=\"text-align: left;\">v\u00e9rifier la rentabilit\u00e9 des activit\u00e9s et \u00e9laborer des comptes rendus financiers;<\/li>\n<li style=\"text-align: left;\">veiller au respect des bases normatives et strat\u00e9giques d\u00e9finies par le conseil d&rsquo;administration ou la direction;<\/li>\n<li style=\"text-align: left;\">faire \u00e9voluer les prestations de service (garanties, offres sp\u00e9ciales, etc.), les processus et l&rsquo;assortiment;<\/li>\n<li style=\"text-align: left;\">le cas \u00e9ch\u00e9ant, d\u00e9l\u00e9guer les t\u00e2ches et accompagner l&rsquo;\u00e9quipe dans son travail;<\/li>\n<\/ul>\n<h3 style=\"text-align: left;\">Approvisionnement et logistique<\/h3>\n<ul style=\"text-align: left;\">\n<li>analyser et optimiser les processus d&rsquo;achat, de logistique, de fourniture et de stock;<\/li>\n<li>commander la marchandise, en contr\u00f4ler la livraison et effectuer les modifications de fourniture et de logistique appropri\u00e9es;<\/li>\n<li>contr\u00f4ler les mesures de s\u00e9curit\u00e9 relatives aux personnes, aux marchandises et aux installations techniques;<\/li>\n<li>organiser la gestion du stock;<\/li>\n<\/ul>\n<h3 style=\"text-align: left;\">Vente et marketing<\/h3>\n<ul style=\"text-align: left;\">\n<li>analyser les objectifs strat\u00e9giques et planifier la vente;<\/li>\n<li>structurer l\u2019assortiment et concevoir une pr\u00e9sentation attractive de la marchandise;<\/li>\n<li>d\u00e9velopper des mesures de promotion de vente sur la base d&rsquo;\u00e9tudes de march\u00e9 ou de sondages aupr\u00e8s de la client\u00e8le;<\/li>\n<li>traiter les r\u00e9clamations des clients;<\/li>\n<\/ul>\n<h3 style=\"text-align: left;\">Gestion du personnel<\/h3>\n<ul style=\"text-align: left;\">\n<li>recruter le personnel et favoriser son d\u00e9veloppement;<\/li>\n<li>accompagner les nouveaux collaborateurs durant leur phase d&rsquo;introduction et former les apprenti-e-s;<\/li>\n<li>diriger les entretiens personnels d&rsquo;\u00e9valuation;<\/li>\n<li>organiser les formations continues sur la place de travail;<\/li>\n<li>g\u00e9rer les conflits.<\/li>\n<\/ul>\n<h3 style=\"text-align: left;\">Environnement de travail<\/h3>\n<p style=\"text-align: left;\">La palette d&rsquo;activit\u00e9s d\u00e9pend notamment de la taille de la structure de l&rsquo;entreprise dans laquelle vous travaillez. Dans un petit commerce, vous \u00eates en contact direct avec la client\u00e8le, avec votre \u00e9quipe ainsi qu&rsquo;avec les fournisseurs. Dans une organisation de plus grande taille, vous endossez davantage de t\u00e2ches de supervision et d\u2019administration et travaillez donc r\u00e9guli\u00e8rement dans un bureau. Vos horaires de travail co\u00efncident avec ceux des commerces mais peuvent avoir un caract\u00e8re irr\u00e9gulier, par exemple en cas de s\u00e9ances avec la direction.<\/p>\n<\/div>\n<\/div>\n<p style=\"text-align: left;\"><strong>Modules :<\/strong><\/p>\n<p style=\"text-align: left;\"><span dir=\"ltr\" role=\"presentation\">Pour l\u2019admission \u00e0 l\u2019examen final, les modules suivants doivent \u00eatre valid\u00e9s avec suc<\/span><span dir=\"ltr\" role=\"presentation\">c\u00e8s :<\/span><\/p>\n<p style=\"text-align: left;\"><br role=\"presentation\" \/><span dir=\"ltr\" role=\"presentation\">\u2022<\/span> <span dir=\"ltr\" role=\"presentation\">Module de base 1 :<\/span> <span dir=\"ltr\" role=\"presentation\">Direction normative et strat\u00e9gique<\/span><br role=\"presentation\" \/><span dir=\"ltr\" role=\"presentation\">\u2022<\/span> <span dir=\"ltr\" role=\"presentation\">Module de base 2 :<\/span> <span dir=\"ltr\" role=\"presentation\">Cha\u00eene de valeur du commerce de d\u00e9tail<\/span><br role=\"presentation\" \/><span dir=\"ltr\" role=\"presentation\">\u2022<\/span> <span dir=\"ltr\" role=\"presentation\">Module de base 3 :<\/span> <span dir=\"ltr\" role=\"presentation\">S\u2019occuper des processus clients<\/span><br role=\"presentation\" \/><span dir=\"ltr\" role=\"presentation\">\u2022<\/span> <span dir=\"ltr\" role=\"presentation\">Module de base 4 :<\/span> <span dir=\"ltr\" role=\"presentation\">Structure et d\u00e9veloppement de l\u2019organisation<\/span><br role=\"presentation\" \/><span dir=\"ltr\" role=\"presentation\">\u2022<\/span> <span dir=\"ltr\" role=\"presentation\">Module de base 5 :<\/span> <span dir=\"ltr\" role=\"presentation\">Syst\u00e8mes et processus de gestion<\/span><br role=\"presentation\" \/><span dir=\"ltr\" role=\"presentation\">\u2022<\/span> <span dir=\"ltr\" role=\"presentation\">Module de base 6 :<\/span> <span dir=\"ltr\" role=\"presentation\">Gestion financi\u00e8re<br \/>\n\u2022 Module de base 7 : Gestion de l\u2019information et de la communication<br role=\"presentation\" \/>\u2022 Module de base 8 : Processus de soutien du commerce de d\u00e9tail<br \/>\n<\/span><\/p>\n<p style=\"text-align: left;\"><span id=\"page45R_mcid43\" class=\"markedContent\"><span dir=\"ltr\" role=\"presentation\">Chacun des huit modules est valid\u00e9<\/span> <span dir=\"ltr\" role=\"presentation\">par un examen final. Afin d\u2019\u00eatre admis \u00e0 <\/span><span dir=\"ltr\" role=\"presentation\">l\u2019examen professi<\/span><span dir=\"ltr\" role=\"presentation\">onnel sup\u00e9rieur, la r\u00e9ussite des huit modules est imp\u00e9rative. <span id=\"page48R_mcid1\" class=\"markedContent\">Les modules, crit\u00e8re d\u2019admission \u00e0 l\u2019examen final sont valables pour une dur\u00e9e de 5 ans. <span id=\"page48R_mcid10\" class=\"markedContent\">Les candidats peuvent se pr\u00e9senter \u00e0 l\u2019examen final lorsqu\u2019ils ont r\u00e9ussi les 8 modules de base.<\/span><\/span><br \/>\n<\/span><\/span><\/p>\n<p style=\"text-align: left;\">Module 1: Direction normative et strat\u00e9gique<br \/>\n<span id=\"page38R_mcid48\" class=\"markedContent\"><span dir=\"ltr\" role=\"presentation\">Vous formulez les principes normatifs et les<\/span> <span dir=\"ltr\" role=\"presentation\">mettez en pratique dans votre quotidien de travail. Vous inspectez r\u00e9guli\u00e8rement et<\/span> <span dir=\"ltr\" role=\"presentation\">de<\/span> <span dir=\"ltr\" role=\"presentation\">fa\u00e7on<\/span> <span dir=\"ltr\" role=\"presentation\">syst\u00e9matique<\/span> <span dir=\"ltr\" role=\"presentation\">le<\/span> <span dir=\"ltr\" role=\"presentation\">quotidien de l&rsquo;entreprise quant au maintien des <span id=\"page43R_mcid0\" class=\"markedContent\">valeurs et y prenez des mesures d\u2019optimisation. Dans le cadre des discussions professionnelles concernant les rapports politico-\u00e9conomiques, vous formulez les contributions de votre domaine d\u2019activit\u00e9s et \u00e9valuez les aspects politico-\u00e9conomiques y relatifs.<\/span><\/span><\/span><\/p>\n<p style=\"text-align: left;\">Module 2: Cha\u00eene de valeur du commerce de d\u00e9tail<br \/>\n<span id=\"page43R_mcid3\" class=\"markedContent\"><span dir=\"ltr\" role=\"presentation\">Vous structurez de fa\u00e7on optimale vos activites<\/span> <span dir=\"ltr\" role=\"presentation\">dans les domaines de l\u2019achat, la fourniture, le Warehousing et la distribution,<\/span> <span dir=\"ltr\" role=\"presentation\">tout en tenant compte des d\u00e9pendances de la cha\u00eene de valeur. Vous organise<\/span>z <span dir=\"ltr\" role=\"presentation\">les processus de vente et de logistique du magasin (\u00ab Instore \u00bb) des divers<\/span> <span dir=\"ltr\" role=\"presentation\">domaines<\/span> <span dir=\"ltr\" role=\"presentation\">ainsi<\/span> <span dir=\"ltr\" role=\"presentation\">que<\/span> <span dir=\"ltr\" role=\"presentation\">le<\/span> <span dir=\"ltr\" role=\"presentation\">planning<\/span> <span dir=\"ltr\" role=\"presentation\">du<\/span> <span dir=\"ltr\" role=\"presentation\">personnel<\/span> <span dir=\"ltr\" role=\"presentation\">et<\/span> <span dir=\"ltr\" role=\"presentation\">le<\/span> <span dir=\"ltr\" role=\"presentation\">contr\u00f4le<\/span> <span dir=\"ltr\" role=\"presentation\">des entr\u00e9es<\/span> <span dir=\"ltr\" role=\"presentation\">de<\/span> <span dir=\"ltr\" role=\"presentation\">marchandise.<\/span> Vous <span dir=\"ltr\" role=\"presentation\">planifiez<\/span> <span dir=\"ltr\" role=\"presentation\">les<\/span> <span dir=\"ltr\" role=\"presentation\">actions<\/span> <span dir=\"ltr\" role=\"presentation\">et<\/span> <span dir=\"ltr\" role=\"presentation\">les<\/span> <span dir=\"ltr\" role=\"presentation\">promotions<\/span> <span dir=\"ltr\" role=\"presentation\">et<\/span> <span dir=\"ltr\" role=\"presentation\">organise<\/span>z <span dir=\"ltr\" role=\"presentation\">l\u2019emplacement des caisses. Vous fixez les r\u00e9ductions de prix sous consid\u00e9ration<\/span> <span dir=\"ltr\" role=\"presentation\">des aspects \u00e9cologiques et assurez le traitement correct des retours.<\/span><\/span><\/p>\n<p style=\"text-align: left;\">Module 3: Processus clients<br \/>\n<span id=\"page43R_mcid6\" class=\"markedContent\"><span dir=\"ltr\" role=\"presentation\">Vous <\/span><span dir=\"ltr\" role=\"presentation\">analysez le comportement d\u2019achat des<\/span> <span dir=\"ltr\" role=\"presentation\">clients et<\/span> <span dir=\"ltr\" role=\"presentation\">prenez les mesures ad\u00e9quates pour la strat\u00e9gie<\/span> <span dir=\"ltr\" role=\"presentation\">d\u2019entreprise et de<\/span> <span dir=\"ltr\" role=\"presentation\">vente ainsi que, en particulier, le point de vente (\u00ab Point of Purchase \u00bb POP).<\/span><br role=\"presentation\" \/><span dir=\"ltr\" role=\"presentation\">Vous planifiez et organisez, de votre propre chef, la structure du POP en fonction <\/span><span dir=\"ltr\" role=\"presentation\">de la saison ou d\u2019un th\u00e8me particulier. Dans votre r\u00f4le d\u2019interface entre le client <\/span><span dir=\"ltr\" role=\"presentation\">et l\u2019assortiment, resp. le marketing\/l\u2019achat, vous <\/span><span dir=\"ltr\" role=\"presentation\">dirigez vos collaborateurs de<\/span> <span dir=\"ltr\" role=\"presentation\">fa\u00e7on professionnelle<\/span> <span dir=\"ltr\" role=\"presentation\">pour ce qui concerne l\u2019orientation des prestations et des<\/span> <span dir=\"ltr\" role=\"presentation\">clients. Avec leur collaboration, vous planifiez et mettez en place les mesures de<\/span> <span dir=\"ltr\" role=\"presentation\">promotion de vente.<\/span><\/span><\/p>\n<p style=\"text-align: left;\">Module 4: Structure et d\u00e9veloppement de l&rsquo;organisation<br \/>\n<span id=\"page43R_mcid9\" class=\"markedContent\"><span dir=\"ltr\" role=\"presentation\">Vous <\/span> <span dir=\"ltr\" role=\"presentation\">implante<\/span>z <span dir=\"ltr\" role=\"presentation\">les<\/span> <span dir=\"ltr\" role=\"presentation\">changements<\/span> <span dir=\"ltr\" role=\"presentation\">de<\/span> <span dir=\"ltr\" role=\"presentation\">votre <\/span><span dir=\"ltr\" role=\"presentation\">domaine d\u2019activit\u00e9s de fa\u00e7on professionnelle et \u00e0 l\u2019aide des diverses m\u00e9thodes<\/span> <span dir=\"ltr\" role=\"presentation\">et techniques de la gestion de changements. Vous disposez d\u2019un savoir<\/span><span dir=\"ltr\" role=\"presentation\">-faire<\/span><br role=\"presentation\" \/><span dir=\"ltr\" role=\"presentation\">psychologique pour faire face aux craintes et oppositions des collaborateurs<\/span> <span dir=\"ltr\" role=\"presentation\">dans le<\/span> <span dir=\"ltr\" role=\"presentation\">cadre<\/span> <span dir=\"ltr\" role=\"presentation\">d\u2019une<\/span> <span dir=\"ltr\" role=\"presentation\">mise en place<\/span> <span dir=\"ltr\" role=\"presentation\">d\u2019une<\/span> <span dir=\"ltr\" role=\"presentation\">nouvelle strat\u00e9gie. Vous<\/span> <span dir=\"ltr\" role=\"presentation\">\u00e9laborez,<\/span> <span dir=\"ltr\" role=\"presentation\">entre<\/span> <span dir=\"ltr\" role=\"presentation\">autres,<\/span> <span dir=\"ltr\" role=\"presentation\">un<\/span> <span dir=\"ltr\" role=\"presentation\">concept<\/span> <span dir=\"ltr\" role=\"presentation\">de<\/span> <span dir=\"ltr\" role=\"presentation\">communication<\/span> <span dir=\"ltr\" role=\"presentation\">pour<\/span> <span dir=\"ltr\" role=\"presentation\">l\u2019introduction<\/span> <span dir=\"ltr\" role=\"presentation\">d\u2019un<\/span> <span dir=\"ltr\" role=\"presentation\">changement et r\u00e9fl\u00e9chissez de fa\u00e7on fond\u00e9e aux questions du quand, comment et<\/span> <span dir=\"ltr\" role=\"presentation\">\u00e0 qui les informations doivent \u00eatre communiqu\u00e9es.<\/span><\/span><\/p>\n<p style=\"text-align: left;\">Module 5: <span dir=\"ltr\" role=\"presentation\">Syst\u00e8mes et processus de gestion<\/span><br \/>\n<span id=\"page43R_mcid12\" class=\"markedContent\"><span dir=\"ltr\" role=\"presentation\">Vous d\u00e9veloppez des standards de gestion dans<\/span> votre <span dir=\"ltr\" role=\"presentation\">domaine et les mettez en pratique. Vous en effectuez une analyse approfondie et<\/span> <span dir=\"ltr\" role=\"presentation\">parez<\/span> <span dir=\"ltr\" role=\"presentation\">\u00e0<\/span> <span dir=\"ltr\" role=\"presentation\">toute<\/span> <span dir=\"ltr\" role=\"presentation\">faiblesse<\/span> <span dir=\"ltr\" role=\"presentation\">de<\/span> <span dir=\"ltr\" role=\"presentation\">fa\u00e7on<\/span> <span dir=\"ltr\" role=\"presentation\">cibl\u00e9e.<\/span> <span dir=\"ltr\" role=\"presentation\">De<\/span> <span dir=\"ltr\" role=\"presentation\">fa\u00e7on<\/span> <span dir=\"ltr\" role=\"presentation\">g\u00e9n\u00e9rale,<\/span> vous <span dir=\"ltr\" role=\"presentation\">g\u00e9n\u00e9rez<\/span> <span dir=\"ltr\" role=\"presentation\">les<\/span> <span dir=\"ltr\" role=\"presentation\">conditions cadres pour cr\u00e9er un climat de travail productif et pour faire \u00e9voluer les<\/span> <span dir=\"ltr\" role=\"presentation\">collaborateurs. Vous g\u00e9rez <\/span>l<span dir=\"ltr\" role=\"presentation\">eurs<\/span> <span dir=\"ltr\" role=\"presentation\">pr\u00e9sences<\/span> <span dir=\"ltr\" role=\"presentation\">et<\/span> <span dir=\"ltr\" role=\"presentation\">absences et<\/span> a<span dir=\"ltr\" role=\"presentation\">ccompagnez et r\u00e9soluez souverainement toutes situations<\/span><\/span> conflictuelles.<\/p>\n<p style=\"text-align: left;\">Module 6: <span dir=\"ltr\" role=\"presentation\">Gestion financi\u00e8re<\/span><br \/>\n<span id=\"page44R_mcid2\" class=\"markedContent\"><span dir=\"ltr\" role=\"presentation\">Vous prenez <\/span><span dir=\"ltr\" role=\"presentation\">des d\u00e9cisions d\u2019investissement \u00e0<\/span> <span dir=\"ltr\" role=\"presentation\">long et \u00e0 court terme pour votre entreprise, resp. votre organisation. Vous structurez <\/span><span dir=\"ltr\" role=\"presentation\">de fa\u00e7on professionnelle le processus budg\u00e9taire et mettez en place efficacement<\/span> <span dir=\"ltr\" role=\"presentation\">les<\/span> <span dir=\"ltr\" role=\"presentation\">instructions<\/span> <span dir=\"ltr\" role=\"presentation\">de<\/span> vo<span dir=\"ltr\" role=\"presentation\">s<\/span> <span dir=\"ltr\" role=\"presentation\">sup\u00e9rieurs<\/span> <span dir=\"ltr\" role=\"presentation\">hi\u00e9rarchiques<\/span> <span dir=\"ltr\" role=\"presentation\">concernant<\/span> <span dir=\"ltr\" role=\"presentation\">la<\/span> <span dir=\"ltr\" role=\"presentation\">gestion<\/span> <span dir=\"ltr\" role=\"presentation\">des<\/span> <span dir=\"ltr\" role=\"presentation\">co\u00fbts. Vous g\u00e9rez le processus de Controlling pour votre entreprise, resp. votre <\/span><span dir=\"ltr\" role=\"presentation\">unit\u00e9<\/span> <span dir=\"ltr\" role=\"presentation\">d\u2019organisation<\/span> <span dir=\"ltr\" role=\"presentation\">ainsi<\/span> <span dir=\"ltr\" role=\"presentation\">que<\/span> <span dir=\"ltr\" role=\"presentation\">pour<\/span> <span dir=\"ltr\" role=\"presentation\">l\u2019exploitation<\/span> <span dir=\"ltr\" role=\"presentation\">de<\/span> <span dir=\"ltr\" role=\"presentation\">la<\/span> <span dir=\"ltr\" role=\"presentation\">marchandise.<\/span> Vous o<span dir=\"ltr\" role=\"presentation\">rganisez un planning efficace du personnel et veillez au respect de celui-ci.<\/span><\/span><\/p>\n<p style=\"text-align: left;\">Module 7: <span dir=\"ltr\" role=\"presentation\">Gestion de l\u2019information et de la communication<\/span><br \/>\n<span id=\"page44R_mcid5\" class=\"markedContent\"><span dir=\"ltr\" role=\"presentation\">Vous <\/span><span dir=\"ltr\" role=\"presentation\">organisez <\/span><span dir=\"ltr\" role=\"presentation\">la<\/span> <span dir=\"ltr\" role=\"presentation\">communication<\/span> <span dir=\"ltr\" role=\"presentation\">avec<\/span> <span dir=\"ltr\" role=\"presentation\">les <\/span><span dir=\"ltr\" role=\"presentation\">interlocuteurs<\/span> <span dir=\"ltr\" role=\"presentation\">externes<\/span> <span dir=\"ltr\" role=\"presentation\">ainsi<\/span> <span dir=\"ltr\" role=\"presentation\">que<\/span> <span dir=\"ltr\" role=\"presentation\">la<\/span> <span dir=\"ltr\" role=\"presentation\">communication<\/span> <span dir=\"ltr\" role=\"presentation\">interne<\/span> <span dir=\"ltr\" role=\"presentation\">avec<\/span> <span dir=\"ltr\" role=\"presentation\">les<\/span> <span dir=\"ltr\" role=\"presentation\">collaborateurs. A ce titre, vous appliquez les diverses techniques de communication<\/span><br role=\"presentation\" \/><span dir=\"ltr\" role=\"presentation\">et choisissez de fa\u00e7on cibl\u00e9e les m\u00e9dias de communication. Vous \u00e9valuez r\u00e9guli\u00e8rement<\/span> <span dir=\"ltr\" role=\"presentation\">les informations et les pr\u00e9parez en fonction des groupes cibles. En particulier<\/span> <span dir=\"ltr\" role=\"presentation\">dans des situations difficiles, vous communiquez de fa\u00e7on souveraine et assurez une<\/span> <span dir=\"ltr\" role=\"presentation\">communication (de crise) professionnelle.<\/span><\/span><\/p>\n<p style=\"text-align: left;\">Module 7: <span dir=\"ltr\" role=\"presentation\">Processus de soutien du commerce de d\u00e9tail<\/span><br \/>\n<span id=\"page44R_mcid5\" class=\"markedContent\"><span dir=\"ltr\" role=\"presentation\"><span id=\"page44R_mcid8\" class=\"markedContent\">Vous participez activement au fonctionnement des processus commerciaux et veillez \u00e0 un d\u00e9roulement parfait et \u00e0 une mise en place cons\u00e9quente des processus de soutien.<\/span><\/span><\/span>[\/vc_column_text][\/vc_column_inner][vc_column_inner column_padding=\u00a0\u00bbno-extra-padding\u00a0\u00bb column_padding_tablet=\u00a0\u00bbinherit\u00a0\u00bb column_padding_phone=\u00a0\u00bbinherit\u00a0\u00bb column_padding_position=\u00a0\u00bball\u00a0\u00bb column_element_spacing=\u00a0\u00bbdefault\u00a0\u00bb background_color_opacity=\u00a0\u00bb1&Prime; background_hover_color_opacity=\u00a0\u00bb1&Prime; column_shadow=\u00a0\u00bbnone\u00a0\u00bb column_border_radius=\u00a0\u00bbnone\u00a0\u00bb column_link_target=\u00a0\u00bb_self\u00a0\u00bb gradient_direction=\u00a0\u00bbleft_to_right\u00a0\u00bb overlay_strength=\u00a0\u00bb0.3&Prime; width=\u00a0\u00bb1\/4&Prime; tablet_width_inherit=\u00a0\u00bbdefault\u00a0\u00bb animation_type=\u00a0\u00bbdefault\u00a0\u00bb bg_image_animation=\u00a0\u00bbnone\u00a0\u00bb border_type=\u00a0\u00bbsimple\u00a0\u00bb column_border_width=\u00a0\u00bbnone\u00a0\u00bb column_border_style=\u00a0\u00bbsolid\u00a0\u00bb offset=\u00a0\u00bbvc_hidden-sm vc_hidden-xs\u00a0\u00bb][\/vc_column_inner][\/vc_row_inner][\/vc_column][\/vc_row][vc_row type=\u00a0\u00bbfull_width_background\u00a0\u00bb full_screen_row_position=\u00a0\u00bbmiddle\u00a0\u00bb column_margin=\u00a0\u00bbdefault\u00a0\u00bb equal_height=\u00a0\u00bbyes\u00a0\u00bb content_placement=\u00a0\u00bbmiddle\u00a0\u00bb column_direction=\u00a0\u00bbdefault\u00a0\u00bb column_direction_tablet=\u00a0\u00bbdefault\u00a0\u00bb column_direction_phone=\u00a0\u00bbdefault\u00a0\u00bb bg_color=\u00a0\u00bb#ffffff\u00a0\u00bb scene_position=\u00a0\u00bbcenter\u00a0\u00bb top_padding=\u00a0\u00bb80&Prime; bottom_padding=\u00a0\u00bb80&Prime; text_color=\u00a0\u00bbcustom\u00a0\u00bb custom_text_color=\u00a0\u00bb#0a0a0a\u00a0\u00bb text_align=\u00a0\u00bbleft\u00a0\u00bb row_border_radius=\u00a0\u00bbnone\u00a0\u00bb row_border_radius_applies=\u00a0\u00bbbg\u00a0\u00bb overflow=\u00a0\u00bbvisible\u00a0\u00bb color_overlay=\u00a0\u00bb#f27515&Prime; overlay_strength=\u00a0\u00bb0.95&Prime; gradient_direction=\u00a0\u00bbleft_to_right\u00a0\u00bb shape_divider_position=\u00a0\u00bbbottom\u00a0\u00bb bg_image_animation=\u00a0\u00bbnone\u00a0\u00bb shape_type=\u00a0\u00bb\u00a0\u00bb][vc_column column_padding=\u00a0\u00bbno-extra-padding\u00a0\u00bb column_padding_tablet=\u00a0\u00bbinherit\u00a0\u00bb column_padding_phone=\u00a0\u00bbinherit\u00a0\u00bb column_padding_position=\u00a0\u00bball\u00a0\u00bb column_element_spacing=\u00a0\u00bbdefault\u00a0\u00bb background_color_opacity=\u00a0\u00bb1&Prime; background_hover_color_opacity=\u00a0\u00bb1&Prime; column_shadow=\u00a0\u00bbnone\u00a0\u00bb column_border_radius=\u00a0\u00bbnone\u00a0\u00bb column_link_target=\u00a0\u00bb_self\u00a0\u00bb column_position=\u00a0\u00bbdefault\u00a0\u00bb gradient_direction=\u00a0\u00bbleft_to_right\u00a0\u00bb overlay_strength=\u00a0\u00bb0.3&Prime; width=\u00a0\u00bb8\/12&Prime; tablet_width_inherit=\u00a0\u00bbdefault\u00a0\u00bb tablet_text_alignment=\u00a0\u00bbcenter\u00a0\u00bb phone_text_alignment=\u00a0\u00bbcenter\u00a0\u00bb animation_type=\u00a0\u00bbdefault\u00a0\u00bb bg_image_animation=\u00a0\u00bbnone\u00a0\u00bb border_type=\u00a0\u00bbsimple\u00a0\u00bb column_border_width=\u00a0\u00bbnone\u00a0\u00bb column_border_style=\u00a0\u00bbsolid\u00a0\u00bb][nectar_highlighted_text color_type=\u00a0\u00bbregular\u00a0\u00bb highlight_color=\u00a0\u00bb#ff1053&Prime; style=\u00a0\u00bbhalf_text\u00a0\u00bb]\n<h2>Pour passer \u00e0 l&rsquo;inscription<\/h2>\n[\/nectar_highlighted_text][vc_column_text]Inscrivez-vous maintenant aux cours pr\u00e9paratoires de Responsable du commerce de d\u00e9tail avec dipl\u00f4me f\u00e9d\u00e9ral.[\/vc_column_text][\/vc_column][vc_column column_padding=\u00a0\u00bbno-extra-padding\u00a0\u00bb column_padding_tablet=\u00a0\u00bbinherit\u00a0\u00bb column_padding_phone=\u00a0\u00bbinherit\u00a0\u00bb column_padding_position=\u00a0\u00bball\u00a0\u00bb column_element_spacing=\u00a0\u00bbdefault\u00a0\u00bb background_color_opacity=\u00a0\u00bb1&Prime; background_hover_color_opacity=\u00a0\u00bb1&Prime; column_shadow=\u00a0\u00bbnone\u00a0\u00bb column_border_radius=\u00a0\u00bbnone\u00a0\u00bb column_link_target=\u00a0\u00bb_self\u00a0\u00bb column_position=\u00a0\u00bbdefault\u00a0\u00bb gradient_direction=\u00a0\u00bbleft_to_right\u00a0\u00bb overlay_strength=\u00a0\u00bb0.3&Prime; width=\u00a0\u00bb4\/12&Prime; tablet_width_inherit=\u00a0\u00bbdefault\u00a0\u00bb tablet_text_alignment=\u00a0\u00bbcenter\u00a0\u00bb phone_text_alignment=\u00a0\u00bbcenter\u00a0\u00bb animation_type=\u00a0\u00bbdefault\u00a0\u00bb bg_image_animation=\u00a0\u00bbnone\u00a0\u00bb border_type=\u00a0\u00bbsimple\u00a0\u00bb column_border_width=\u00a0\u00bbnone\u00a0\u00bb column_border_style=\u00a0\u00bbsolid\u00a0\u00bb][vc_row_inner column_margin=\u00a0\u00bbdefault\u00a0\u00bb column_direction=\u00a0\u00bbdefault\u00a0\u00bb column_direction_tablet=\u00a0\u00bbdefault\u00a0\u00bb column_direction_phone=\u00a0\u00bbdefault\u00a0\u00bb text_align=\u00a0\u00bbright\u00a0\u00bb row_position=\u00a0\u00bbdefault\u00a0\u00bb row_position_tablet=\u00a0\u00bbinherit\u00a0\u00bb row_position_phone=\u00a0\u00bbinherit\u00a0\u00bb overflow=\u00a0\u00bbvisible\u00a0\u00bb pointer_events=\u00a0\u00bball\u00a0\u00bb][vc_column_inner column_padding=\u00a0\u00bbno-extra-padding\u00a0\u00bb column_padding_tablet=\u00a0\u00bbinherit\u00a0\u00bb column_padding_phone=\u00a0\u00bbinherit\u00a0\u00bb column_padding_position=\u00a0\u00bball\u00a0\u00bb column_element_spacing=\u00a0\u00bbdefault\u00a0\u00bb background_color_opacity=\u00a0\u00bb1&Prime; background_hover_color_opacity=\u00a0\u00bb1&Prime; column_shadow=\u00a0\u00bbnone\u00a0\u00bb column_border_radius=\u00a0\u00bbnone\u00a0\u00bb column_link_target=\u00a0\u00bb_self\u00a0\u00bb gradient_direction=\u00a0\u00bbleft_to_right\u00a0\u00bb overlay_strength=\u00a0\u00bb0.3&Prime; width=\u00a0\u00bb1\/1&Prime; tablet_width_inherit=\u00a0\u00bbdefault\u00a0\u00bb animation_type=\u00a0\u00bbdefault\u00a0\u00bb bg_image_animation=\u00a0\u00bbnone\u00a0\u00bb border_type=\u00a0\u00bbsimple\u00a0\u00bb column_border_width=\u00a0\u00bbnone\u00a0\u00bb column_border_style=\u00a0\u00bbsolid\u00a0\u00bb][nectar_btn size=\u00a0\u00bbjumbo\u00a0\u00bb button_style=\u00a0\u00bbregular\u00a0\u00bb button_color_2=\u00a0\u00bbAccent-Color\u00a0\u00bb color_override=\u00a0\u00bb#262626&Prime; solid_text_color_override=\u00a0\u00bb#ffffff\u00a0\u00bb icon_family=\u00a0\u00bbdefault_arrow\u00a0\u00bb url=\u00a0\u00bbhttps:\/\/kairos-academy.ch\/fr\/contact\/\u00a0\u00bb text=\u00a0\u00bbInscription\u00a0\u00bb][\/vc_column_inner][\/vc_row_inner][\/vc_column][\/vc_row][vc_row type=\u00a0\u00bbfull_width_background\u00a0\u00bb full_screen_row_position=\u00a0\u00bbmiddle\u00a0\u00bb column_margin=\u00a0\u00bbdefault\u00a0\u00bb column_direction=\u00a0\u00bbdefault\u00a0\u00bb column_direction_tablet=\u00a0\u00bbdefault\u00a0\u00bb column_direction_phone=\u00a0\u00bbdefault\u00a0\u00bb bg_color=\u00a0\u00bb#f7f7f7&Prime; scene_position=\u00a0\u00bbcenter\u00a0\u00bb top_padding=\u00a0\u00bb100&Prime; bottom_padding=\u00a0\u00bb100&Prime; text_color=\u00a0\u00bbdark\u00a0\u00bb text_align=\u00a0\u00bbleft\u00a0\u00bb row_border_radius=\u00a0\u00bbnone\u00a0\u00bb row_border_radius_applies=\u00a0\u00bbbg\u00a0\u00bb overflow=\u00a0\u00bbvisible\u00a0\u00bb overlay_strength=\u00a0\u00bb0.3&Prime; gradient_direction=\u00a0\u00bbleft_to_right\u00a0\u00bb shape_divider_position=\u00a0\u00bbbottom\u00a0\u00bb bg_image_animation=\u00a0\u00bbnone\u00a0\u00bb][vc_column column_padding=\u00a0\u00bbno-extra-padding\u00a0\u00bb column_padding_tablet=\u00a0\u00bbinherit\u00a0\u00bb column_padding_phone=\u00a0\u00bbinherit\u00a0\u00bb column_padding_position=\u00a0\u00bball\u00a0\u00bb column_element_spacing=\u00a0\u00bbdefault\u00a0\u00bb background_color_opacity=\u00a0\u00bb1&Prime; background_hover_color_opacity=\u00a0\u00bb1&Prime; column_shadow=\u00a0\u00bbnone\u00a0\u00bb column_border_radius=\u00a0\u00bbnone\u00a0\u00bb column_link_target=\u00a0\u00bb_self\u00a0\u00bb column_position=\u00a0\u00bbdefault\u00a0\u00bb gradient_direction=\u00a0\u00bbleft_to_right\u00a0\u00bb overlay_strength=\u00a0\u00bb0.3&Prime; width=\u00a0\u00bb3\/4&Prime; tablet_width_inherit=\u00a0\u00bbdefault\u00a0\u00bb tablet_text_alignment=\u00a0\u00bbdefault\u00a0\u00bb phone_text_alignment=\u00a0\u00bbdefault\u00a0\u00bb animation_type=\u00a0\u00bbdefault\u00a0\u00bb bg_image_animation=\u00a0\u00bbnone\u00a0\u00bb border_type=\u00a0\u00bbsimple\u00a0\u00bb column_border_width=\u00a0\u00bbnone\u00a0\u00bb column_border_style=\u00a0\u00bbsolid\u00a0\u00bb][vc_column_text]\n<h2>La formation<\/h2>\n[\/vc_column_text][toggles style=\u00a0\u00bbdefault\u00a0\u00bb][toggle color=\u00a0\u00bbDefault\u00a0\u00bb title=\u00a0\u00bbLa formation\u00a0\u00bb][vc_row_inner column_margin=\u00a0\u00bbdefault\u00a0\u00bb column_direction=\u00a0\u00bbdefault\u00a0\u00bb column_direction_tablet=\u00a0\u00bbdefault\u00a0\u00bb column_direction_phone=\u00a0\u00bbdefault\u00a0\u00bb text_align=\u00a0\u00bbleft\u00a0\u00bb row_position=\u00a0\u00bbdefault\u00a0\u00bb row_position_tablet=\u00a0\u00bbinherit\u00a0\u00bb row_position_phone=\u00a0\u00bbinherit\u00a0\u00bb overflow=\u00a0\u00bbvisible\u00a0\u00bb pointer_events=\u00a0\u00bball\u00a0\u00bb][vc_column_inner column_padding=\u00a0\u00bbno-extra-padding\u00a0\u00bb column_padding_tablet=\u00a0\u00bbinherit\u00a0\u00bb column_padding_phone=\u00a0\u00bbinherit\u00a0\u00bb column_padding_position=\u00a0\u00bball\u00a0\u00bb column_element_spacing=\u00a0\u00bbdefault\u00a0\u00bb background_color_opacity=\u00a0\u00bb1&Prime; background_hover_color_opacity=\u00a0\u00bb1&Prime; column_shadow=\u00a0\u00bbnone\u00a0\u00bb column_border_radius=\u00a0\u00bbnone\u00a0\u00bb column_link_target=\u00a0\u00bb_self\u00a0\u00bb gradient_direction=\u00a0\u00bbleft_to_right\u00a0\u00bb overlay_strength=\u00a0\u00bb0.3&Prime; width=\u00a0\u00bb1\/1&Prime; tablet_width_inherit=\u00a0\u00bbdefault\u00a0\u00bb animation_type=\u00a0\u00bbdefault\u00a0\u00bb bg_image_animation=\u00a0\u00bbnone\u00a0\u00bb border_type=\u00a0\u00bbsimple\u00a0\u00bb column_border_width=\u00a0\u00bbnone\u00a0\u00bb column_border_style=\u00a0\u00bbsolid\u00a0\u00bb]<div class=\"nectar-fancy-ul\" data-list-icon=\"icon-salient-thin-line\" data-animation=\"false\" data-animation-delay=\"0\" data-color=\"accent-color\" data-spacing=\"default\" data-alignment=\"left\"> \n<h2><strong>Champs d&rsquo;action et branches<br \/>\n<\/strong><\/h2>\n<p>&nbsp;<\/p>\n<ul>\n<li>Entreprise et environnement<\/li>\n<li>Direction d&rsquo;une \u00e9quipe et gestion du personnel<\/li>\n<li>Finances et comptabilit\u00e9<\/li>\n<li>Chaine de valeur, approvisionnement et logistique<\/li>\n<li>Gestion client\u00e8le<\/li>\n<li>Information et communication<\/li>\n<li>Diffusion, distribution et Marketing<\/li>\n<\/ul>\n<p><span dir=\"ltr\" role=\"presentation\">\u00a0<\/span> <\/div>[vc_column_text]\n<h2><strong>Etapes du programme<br \/>\n<\/strong><\/h2>\n[\/vc_column_text][\/vc_column_inner][\/vc_row_inner][vc_row_inner column_margin=\u00a0\u00bbdefault\u00a0\u00bb column_direction=\u00a0\u00bbdefault\u00a0\u00bb column_direction_tablet=\u00a0\u00bbdefault\u00a0\u00bb column_direction_phone=\u00a0\u00bbdefault\u00a0\u00bb text_align=\u00a0\u00bbleft\u00a0\u00bb row_position=\u00a0\u00bbdefault\u00a0\u00bb row_position_tablet=\u00a0\u00bbinherit\u00a0\u00bb row_position_phone=\u00a0\u00bbinherit\u00a0\u00bb overflow=\u00a0\u00bbvisible\u00a0\u00bb pointer_events=\u00a0\u00bball\u00a0\u00bb][vc_column_inner column_padding=\u00a0\u00bbno-extra-padding\u00a0\u00bb column_padding_tablet=\u00a0\u00bbinherit\u00a0\u00bb column_padding_phone=\u00a0\u00bbinherit\u00a0\u00bb column_padding_position=\u00a0\u00bball\u00a0\u00bb column_element_spacing=\u00a0\u00bbdefault\u00a0\u00bb background_color_opacity=\u00a0\u00bb1&Prime; background_hover_color_opacity=\u00a0\u00bb1&Prime; column_shadow=\u00a0\u00bbnone\u00a0\u00bb column_border_radius=\u00a0\u00bbnone\u00a0\u00bb column_link_target=\u00a0\u00bb_self\u00a0\u00bb gradient_direction=\u00a0\u00bbleft_to_right\u00a0\u00bb overlay_strength=\u00a0\u00bb0.3&Prime; width=\u00a0\u00bb1\/3&Prime; tablet_width_inherit=\u00a0\u00bbdefault\u00a0\u00bb animation_type=\u00a0\u00bbdefault\u00a0\u00bb bg_image_animation=\u00a0\u00bbnone\u00a0\u00bb border_type=\u00a0\u00bbsimple\u00a0\u00bb column_border_width=\u00a0\u00bbnone\u00a0\u00bb column_border_style=\u00a0\u00bbsolid\u00a0\u00bb]<div class=\"nectar-fancy-ul\" data-list-icon=\"icon-salient-thin-line\" data-animation=\"true\" data-animation-delay=\"0\" data-color=\"accent-color\" data-spacing=\"default\" data-alignment=\"left\"> \n<h5>BASES<\/h5>\n<p>&nbsp;<\/p>\n<ul>\n<li>Entreprise &amp; organisation<\/li>\n<li>Etude de march\u00e9<\/li>\n<li>Marketing et instruments<\/li>\n<li>Communication Marketing<\/li>\n<li>Diffusion, distribution<\/li>\n<li>Gestion de projets<\/li>\n<li>Comptabilit\u00e9<\/li>\n<li>Droit<\/li>\n<\/ul>\n <\/div>[\/vc_column_inner][vc_column_inner column_padding=\u00a0\u00bbno-extra-padding\u00a0\u00bb column_padding_tablet=\u00a0\u00bbinherit\u00a0\u00bb column_padding_phone=\u00a0\u00bbinherit\u00a0\u00bb column_padding_position=\u00a0\u00bball\u00a0\u00bb column_element_spacing=\u00a0\u00bbdefault\u00a0\u00bb background_color_opacity=\u00a0\u00bb1&Prime; background_hover_color_opacity=\u00a0\u00bb1&Prime; column_shadow=\u00a0\u00bbnone\u00a0\u00bb column_border_radius=\u00a0\u00bbnone\u00a0\u00bb column_link_target=\u00a0\u00bb_self\u00a0\u00bb gradient_direction=\u00a0\u00bbleft_to_right\u00a0\u00bb overlay_strength=\u00a0\u00bb0.3&Prime; width=\u00a0\u00bb1\/3&Prime; tablet_width_inherit=\u00a0\u00bbdefault\u00a0\u00bb animation_type=\u00a0\u00bbdefault\u00a0\u00bb bg_image_animation=\u00a0\u00bbnone\u00a0\u00bb border_type=\u00a0\u00bbsimple\u00a0\u00bb column_border_width=\u00a0\u00bbnone\u00a0\u00bb column_border_style=\u00a0\u00bbsolid\u00a0\u00bb]<div class=\"nectar-fancy-ul\" data-list-icon=\"icon-salient-thin-line\" data-animation=\"true\" data-animation-delay=\"0\" data-color=\"accent-color\" data-spacing=\"default\" data-alignment=\"left\"> \n<h5>DEVELOPPEMENT DES COMPETENCES<\/h5>\n<p>&nbsp;<\/p>\n<ul>\n<li>ICT et infrastructures<\/li>\n<li>Direction d&rsquo;une \u00e9quipe<\/li>\n<li>Marketing int\u00e9gr\u00e9<\/li>\n<li>Communication int\u00e9gr\u00e9e<\/li>\n<li>Analyse du march\u00e9<\/li>\n<li>Gestion de projets<\/li>\n<li>Gestion de r\u00e9unions<\/li>\n<\/ul>\n <\/div>[\/vc_column_inner][vc_column_inner column_padding=\u00a0\u00bbno-extra-padding\u00a0\u00bb column_padding_tablet=\u00a0\u00bbinherit\u00a0\u00bb column_padding_phone=\u00a0\u00bbinherit\u00a0\u00bb column_padding_position=\u00a0\u00bball\u00a0\u00bb column_element_spacing=\u00a0\u00bbdefault\u00a0\u00bb background_color_opacity=\u00a0\u00bb1&Prime; background_hover_color_opacity=\u00a0\u00bb1&Prime; column_shadow=\u00a0\u00bbnone\u00a0\u00bb column_border_radius=\u00a0\u00bbnone\u00a0\u00bb column_link_target=\u00a0\u00bb_self\u00a0\u00bb gradient_direction=\u00a0\u00bbleft_to_right\u00a0\u00bb overlay_strength=\u00a0\u00bb0.3&Prime; width=\u00a0\u00bb1\/3&Prime; tablet_width_inherit=\u00a0\u00bbdefault\u00a0\u00bb animation_type=\u00a0\u00bbdefault\u00a0\u00bb bg_image_animation=\u00a0\u00bbnone\u00a0\u00bb border_type=\u00a0\u00bbsimple\u00a0\u00bb column_border_width=\u00a0\u00bbnone\u00a0\u00bb column_border_style=\u00a0\u00bbsolid\u00a0\u00bb]<div class=\"nectar-fancy-ul\" data-list-icon=\"icon-salient-thin-line\" data-animation=\"true\" data-animation-delay=\"0\" data-color=\"accent-color\" data-spacing=\"default\" data-alignment=\"left\"> \n<h5>ENTRAINEMENT<\/h5>\n<p>&nbsp;<\/p>\n<ul>\n<li>Individu et groupe<\/li>\n<li>Animation de Meeting<\/li>\n<li>Techniques de travail<\/li>\n<li>Techniques de pr\u00e9sentation<\/li>\n<li>Entrainement des examens oraux<\/li>\n<li>Entrainement des examens \u00e9crits<\/li>\n<li>2-3 simulations de l&rsquo;examen final compl\u00e8ts<\/li>\n<li>Travail en groupes<\/li>\n<\/ul>\n <\/div>[\/vc_column_inner][\/vc_row_inner][vc_row_inner column_margin=\u00a0\u00bbdefault\u00a0\u00bb column_direction=\u00a0\u00bbdefault\u00a0\u00bb column_direction_tablet=\u00a0\u00bbdefault\u00a0\u00bb column_direction_phone=\u00a0\u00bbdefault\u00a0\u00bb text_align=\u00a0\u00bbleft\u00a0\u00bb row_position=\u00a0\u00bbdefault\u00a0\u00bb row_position_tablet=\u00a0\u00bbinherit\u00a0\u00bb row_position_phone=\u00a0\u00bbinherit\u00a0\u00bb overflow=\u00a0\u00bbvisible\u00a0\u00bb pointer_events=\u00a0\u00bball\u00a0\u00bb][vc_column_inner column_padding=\u00a0\u00bbno-extra-padding\u00a0\u00bb column_padding_tablet=\u00a0\u00bbinherit\u00a0\u00bb column_padding_phone=\u00a0\u00bbinherit\u00a0\u00bb column_padding_position=\u00a0\u00bball\u00a0\u00bb column_element_spacing=\u00a0\u00bbdefault\u00a0\u00bb background_color_opacity=\u00a0\u00bb1&Prime; background_hover_color_opacity=\u00a0\u00bb1&Prime; column_shadow=\u00a0\u00bbnone\u00a0\u00bb column_border_radius=\u00a0\u00bbnone\u00a0\u00bb column_link_target=\u00a0\u00bb_self\u00a0\u00bb gradient_direction=\u00a0\u00bbleft_to_right\u00a0\u00bb overlay_strength=\u00a0\u00bb0.3&Prime; width=\u00a0\u00bb1\/1&Prime; tablet_width_inherit=\u00a0\u00bbdefault\u00a0\u00bb animation_type=\u00a0\u00bbdefault\u00a0\u00bb bg_image_animation=\u00a0\u00bbnone\u00a0\u00bb border_type=\u00a0\u00bbsimple\u00a0\u00bb column_border_width=\u00a0\u00bbnone\u00a0\u00bb column_border_style=\u00a0\u00bbsolid\u00a0\u00bb][vc_column_text]<strong>Objectifs et mat\u00e9riel didactique<br \/>\n<\/strong><\/p>\n<p>A l\u2019issue de la formation, les participants ma\u00eetrisent la th\u00e9orie et la pratique pour agir avec comp\u00e9tence dans leur r\u00f4le. \u00a0Ils seront en mesure de r\u00e9pondre aux crit\u00e8res pr\u00e9cis\u00e9s dans les directives f\u00e9d\u00e9rales et capables de travailler au sein de la direction d\u2019un moyen ou grand commerce de d\u00e9tail. Ils comprendront l\u2019importance de leur fonction dans l\u2019entreprise agissant dans un contexte \u00e9conomique de plus en plus dynamique. En conclusion de leurs \u00e9tudes, ils auront atteint les comp\u00e9tences n\u00e9cessaires pour se pr\u00e9senter \u00e0 l\u2019examen sup\u00e9rieur dans le but d\u2019obtenir le dipl\u00f4me f\u00e9d\u00e9ral de Manager du commerce en d\u00e9tail qui se <span id=\"page48R_mcid14\" class=\"markedContent\"><span dir=\"ltr\" role=\"presentation\">d\u00e9roule<\/span> <span dir=\"ltr\" role=\"presentation\">sur<\/span> <span dir=\"ltr\" role=\"presentation\">une<\/span> <span dir=\"ltr\" role=\"presentation\">dur\u00e9e<\/span> <span dir=\"ltr\" role=\"presentation\">de<\/span> <span dir=\"ltr\" role=\"presentation\">2<\/span> <span dir=\"ltr\" role=\"presentation\">jours et qui <\/span><span dir=\"ltr\" role=\"presentation\">a<\/span> <span dir=\"ltr\" role=\"presentation\">un<\/span> <span dir=\"ltr\" role=\"presentation\">caract\u00e8re<\/span> <span dir=\"ltr\" role=\"presentation\">d\u2019assessment<\/span><span dir=\"ltr\" role=\"presentation\">.<\/span> <\/span>Un mat\u00e9riel copieux et bien structur\u00e9 est fourni en forme \u00e9lectronique (compris dans le co\u00fbt de votre formation).<\/p>\n<p>Remarque: l&rsquo;ordre des branches peut varier d&rsquo;une vol\u00e9e \u00e0 une autre.[\/vc_column_text][\/vc_column_inner][\/vc_row_inner][\/toggle][toggle color=\u00a0\u00bbDefault\u00a0\u00bb title=\u00a0\u00bbCrit\u00e8res d&rsquo;admission\u00a0\u00bb][vc_column_text]Lors de l&rsquo;examen f\u00e9d\u00e9ral, les candidats doivent disposer :<\/p>\n<p>&nbsp;<\/p>\n<ul>\n<li>d&rsquo;un brevet de Sp\u00e9cialiste en commerce de d\u00e9tail ou \u00e9quivalent, d&rsquo;une formation univiersitaire, d&rsquo;une formation achv\u00e9e au sein d&rsquo;une haute \u00e9cole,\u00a0 et 3 ans d&rsquo;exp\u00e9rience professionnelle de cadre dirigeant dans le domaine<\/li>\n<\/ul>\n<p>ou<\/p>\n<ul>\n<li>d&rsquo;un CFC de Gestionnaire du commerce de d\u00e9tail, d&rsquo;un autre CFC, d&rsquo;une maturit\u00e9 gymnasiale ou commerciale, ou \u00e9quivalent et 6 ans d&rsquo;exp\u00e9rience professionnelle dans le domaine, dont 3 ans en tant que cadre dirigeant<\/li>\n<\/ul>\n<ul>\n<li>dans tous les cas, l&rsquo;ensemble des certificats des modules de formation requis[\/vc_column_text][\/toggle][toggle color=\u00a0\u00bbDefault\u00a0\u00bb title=\u00a0\u00bbD\u00e9but des cours et d\u00e9tails\u00a0\u00bb][vc_column_text]<\/li>\n<\/ul>\n<p>&nbsp;<\/p>\n<p>&nbsp;<\/p>\n<h4><strong>MANAGER DU COMMERCE DE DETAIL AVEC DIPLOME FEDERAL<\/strong><\/h4>\n<p><strong>280 le\u00e7ons \u00e0 45 minutes<\/strong>, dont env. 1\/2 sont propos\u00e9s dans la perspective progressiste \u00ab Blended Learning \u00bb, avec diff\u00e9rents dispositifs en ligne, concepts et m\u00e9thodes d\u2019apprentissage mixte comprenant des projets multim\u00e9dias et nombreuses \u00e9tudes de cas &#8211; dur\u00e9e de la formation env. 2-3 semestres, co\u00fbt de la formation : <strong>13\u2019900 CHF <\/strong><u>(hors<\/u> frais d\u2019examen f\u00e9d\u00e9ral)<\/p>\n<ul>\n<li>Participants : la formation pr\u00e9paratoire au dipl\u00f4me f\u00e9d\u00e9ral de Manager du commerce en d\u00e9tail convient \u00e0 de cadres sup\u00e9rieurs, voire des dirigeants exp\u00e9riment\u00e9s, d\u00e9sireux et capables d\u2019assumer des postes de responsabilit\u00e9 dans la cha\u00eene de valeur du commerce de d\u00e9tail, et qui veulent suivre la formation pour se pr\u00e9senter \u00e0 l&rsquo;examen sup\u00e9rieur f\u00e9d\u00e9ral<em>. <\/em><\/li>\n<\/ul>\n<p>Avantage financier: avec des subventions f\u00e9d\u00e9rales de 50%, votre investissement dans la formation sera de CHF 5&rsquo;950, n\u2019h\u00e9sitez pas \u00e0 nous contacter pour plus d\u2019informations ou visitez la page SEFRI au lien www.sbfi.admin.ch\/contributions<\/p>\n<p>&nbsp;<\/p>\n<p><strong>Modules :<\/strong><\/p>\n<p>A la suite du premier ou deuxi\u00e8me semestre les huit examens des modules ont lieu \u00e0 Berne ou \u00e0 Lausanne. Par module, plusieures dates sont propos\u00e9es \u00e0 choix. Chaque module r\u00e9ussi est inscrit sur carte d&rsquo;attestations de chaque candidat. La valabilit\u00e9 est de cinq ans. Une fois tous les cinq modules r\u00e9ussis, il est possible de passer \u00e0 l&rsquo;inscription pour obtention du dipl\u00f4me f\u00e9d\u00e9ral.<\/p>\n<p><strong>Examen\u00a0 professionnel : <\/strong><\/p>\n<p>Les inscriptions pour\u00a0 les examens f\u00e9d\u00e9raux se font habituellement en avril ou en mai, chaque ann\u00e9e. L&rsquo;examen se compose de divers \u00e9l\u00e9ments. Une partie importante est l&rsquo;\u00e9tude de cas. En juin, les candidats recoivent l&rsquo;\u00e9nonc\u00e9\/ la t\u00e2che. La commission leur accorde 8 semaines pour r\u00e9diger un travail \u00e9crit\/ m\u00e9moire d&rsquo;environ 15 \u2013 20 pages A4. En lien avec l&rsquo;\u00e9ononc\u00e9\/ la t\u00e2che, les candidats effectuent une analyse au sein de leur entreprise et proposent un plan d&rsquo;action concret. En ao\u00fbt, le travail \u00e9crit est remis. Les pr\u00e9sentations aux experts se font en septembre. En conclusion de l&rsquo;examen, un Assessment (deux journ\u00e9es) combin\u00e9 avec un entretien personnel, des t\u00e2ches de planification, des travaux en groupe et des pr\u00e9sentations aura lieu.<\/p>\n<p>Pour plus de d\u00e9tails sur le d\u00e9roulement de l&rsquo;examen, lisez les directives de l&rsquo;examen f\u00e9d\u00e9ral.<\/p>\n<p>&nbsp;<\/p>\n<h4><strong>DEBUT DES COURS EN PRINTEMPS ET EN AUTOMNE<\/strong><\/h4>\n<p><strong>Un plus attractif :<\/strong> KAIROS vous offre la possibilit\u00e9 de choisir librement la langue de votre formation et la langue dans laquelle vous passerez les examens (trois langues nationales + anglais pour le travail de dipl\u00f4me)[\/vc_column_text][\/toggle][toggle color=\u00a0\u00bbDefault\u00a0\u00bb title=\u00a0\u00bbTitre obtenu\u00a0\u00bb][vc_column_text]\n<div class=\"text-block__text\">\n<p><strong>TITRE<\/strong><\/p>\n<p>Les personnes ayant r\u00e9ussi l&rsquo;examen pourront porter le titre prot\u00e9g\u00e9 suivant :<\/p>\n<p><strong>Manager du commerce en d\u00e9tail avec dipl\u00f4me f\u00e9d\u00e9ral<br \/>\n<\/strong><\/p>\n<p>Pour la traduction anglaise, le titre recommand\u00e9 correspond \u00e0 \u00ab\u00a0Retail Manager, Federal Diploma of Higher Education\u00a0\u00bb.<\/p>\n<p>Les examens \u00e9crits et oraux ont lieu chaque ann\u00e9e en juin (Berne et Lausanne). Pour tous les d\u00e9tails visitez le site Web de l&rsquo;association professionnelle qui organise les examens bds-fcs.ch.[\/vc_column_text][\/toggle][\/toggles][\/vc_column][vc_column column_padding=\u00a0\u00bbno-extra-padding\u00a0\u00bb column_padding_tablet=\u00a0\u00bbinherit\u00a0\u00bb column_padding_phone=\u00a0\u00bbinherit\u00a0\u00bb column_padding_position=\u00a0\u00bball\u00a0\u00bb column_element_spacing=\u00a0\u00bbdefault\u00a0\u00bb background_color_opacity=\u00a0\u00bb1&Prime; background_hover_color_opacity=\u00a0\u00bb1&Prime; column_shadow=\u00a0\u00bbnone\u00a0\u00bb column_border_radius=\u00a0\u00bbnone\u00a0\u00bb column_link_target=\u00a0\u00bb_self\u00a0\u00bb column_position=\u00a0\u00bbdefault\u00a0\u00bb gradient_direction=\u00a0\u00bbleft_to_right\u00a0\u00bb overlay_strength=\u00a0\u00bb0.3&Prime; width=\u00a0\u00bb1\/4&Prime; tablet_width_inherit=\u00a0\u00bbdefault\u00a0\u00bb tablet_text_alignment=\u00a0\u00bbdefault\u00a0\u00bb phone_text_alignment=\u00a0\u00bbdefault\u00a0\u00bb animation_type=\u00a0\u00bbdefault\u00a0\u00bb bg_image_animation=\u00a0\u00bbnone\u00a0\u00bb border_type=\u00a0\u00bbsimple\u00a0\u00bb column_border_width=\u00a0\u00bbnone\u00a0\u00bb column_border_style=\u00a0\u00bbsolid\u00a0\u00bb offset=\u00a0\u00bbvc_hidden-sm vc_hidden-xs\u00a0\u00bb][\/vc_column][\/vc_row][vc_row type=\u00a0\u00bbin_container\u00a0\u00bb full_screen_row_position=\u00a0\u00bbmiddle\u00a0\u00bb column_margin=\u00a0\u00bbdefault\u00a0\u00bb column_direction=\u00a0\u00bbdefault\u00a0\u00bb column_direction_tablet=\u00a0\u00bbdefault\u00a0\u00bb column_direction_phone=\u00a0\u00bbdefault\u00a0\u00bb scene_position=\u00a0\u00bbcenter\u00a0\u00bb text_color=\u00a0\u00bbdark\u00a0\u00bb text_align=\u00a0\u00bbleft\u00a0\u00bb row_border_radius=\u00a0\u00bbnone\u00a0\u00bb row_border_radius_applies=\u00a0\u00bbbg\u00a0\u00bb overflow=\u00a0\u00bbvisible\u00a0\u00bb overlay_strength=\u00a0\u00bb0.3&Prime; gradient_direction=\u00a0\u00bbleft_to_right\u00a0\u00bb shape_divider_position=\u00a0\u00bbbottom\u00a0\u00bb bg_image_animation=\u00a0\u00bbnone\u00a0\u00bb][vc_column column_padding=\u00a0\u00bbno-extra-padding\u00a0\u00bb column_padding_tablet=\u00a0\u00bbinherit\u00a0\u00bb column_padding_phone=\u00a0\u00bbinherit\u00a0\u00bb column_padding_position=\u00a0\u00bball\u00a0\u00bb column_element_spacing=\u00a0\u00bbdefault\u00a0\u00bb background_color_opacity=\u00a0\u00bb1&Prime; background_hover_color_opacity=\u00a0\u00bb1&Prime; column_shadow=\u00a0\u00bbnone\u00a0\u00bb column_border_radius=\u00a0\u00bbnone\u00a0\u00bb column_link_target=\u00a0\u00bb_self\u00a0\u00bb column_position=\u00a0\u00bbdefault\u00a0\u00bb gradient_direction=\u00a0\u00bbleft_to_right\u00a0\u00bb overlay_strength=\u00a0\u00bb0.3&Prime; width=\u00a0\u00bb1\/1&Prime; tablet_width_inherit=\u00a0\u00bbdefault\u00a0\u00bb tablet_text_alignment=\u00a0\u00bbdefault\u00a0\u00bb phone_text_alignment=\u00a0\u00bbdefault\u00a0\u00bb animation_type=\u00a0\u00bbdefault\u00a0\u00bb bg_image_animation=\u00a0\u00bbnone\u00a0\u00bb border_type=\u00a0\u00bbsimple\u00a0\u00bb column_border_width=\u00a0\u00bbnone\u00a0\u00bb column_border_style=\u00a0\u00bbsolid\u00a0\u00bb][vc_column_text]<\/div>\n[\/vc_column_text][\/vc_column][\/vc_row]\n","protected":false},"excerpt":{"rendered":"<p>[vc_row type=\u00a0\u00bbin_container\u00a0\u00bb full_screen_row_position=\u00a0\u00bbmiddle\u00a0\u00bb column_margin=\u00a0\u00bbdefault\u00a0\u00bb column_direction=\u00a0\u00bbdefault\u00a0\u00bb column_direction_tablet=\u00a0\u00bbdefault\u00a0\u00bb column_direction_phone=\u00a0\u00bbdefault\u00a0\u00bb scene_position=\u00a0\u00bbcenter\u00a0\u00bb top_padding=\u00a0\u00bb5%\u00a0\u00bb text_color=\u00a0\u00bbdark\u00a0\u00bb text_align=\u00a0\u00bbleft\u00a0\u00bb row_border_radius=\u00a0\u00bbnone\u00a0\u00bb row_border_radius_applies=\u00a0\u00bbbg\u00a0\u00bb overflow=\u00a0\u00bbvisible\u00a0\u00bb overlay_strength=\u00a0\u00bb0.3&Prime; gradient_direction=\u00a0\u00bbleft_to_right\u00a0\u00bb shape_divider_position=\u00a0\u00bbbottom\u00a0\u00bb bg_image_animation=\u00a0\u00bbnone\u00a0\u00bb shape_type=\u00a0\u00bb\u00a0\u00bb][vc_column column_padding=\u00a0\u00bbno-extra-padding\u00a0\u00bb column_padding_tablet=\u00a0\u00bbinherit\u00a0\u00bb column_padding_phone=\u00a0\u00bbinherit\u00a0\u00bb column_padding_position=\u00a0\u00bball\u00a0\u00bb column_element_spacing=\u00a0\u00bbdefault\u00a0\u00bb background_color_opacity=\u00a0\u00bb1&Prime; background_hover_color_opacity=\u00a0\u00bb1&Prime; column_shadow=\u00a0\u00bbnone\u00a0\u00bb column_border_radius=\u00a0\u00bbnone\u00a0\u00bb column_link_target=\u00a0\u00bb_self\u00a0\u00bb column_position=\u00a0\u00bbdefault\u00a0\u00bb&#8230;<\/p>\n","protected":false},"author":5,"featured_media":0,"parent":0,"menu_order":0,"comment_status":"closed","ping_status":"closed","template":"","meta":[],"_links":{"self":[{"href":"https:\/\/kairos-academy.ch\/fr\/wp-json\/wp\/v2\/pages\/2546"}],"collection":[{"href":"https:\/\/kairos-academy.ch\/fr\/wp-json\/wp\/v2\/pages"}],"about":[{"href":"https:\/\/kairos-academy.ch\/fr\/wp-json\/wp\/v2\/types\/page"}],"author":[{"embeddable":true,"href":"https:\/\/kairos-academy.ch\/fr\/wp-json\/wp\/v2\/users\/5"}],"replies":[{"embeddable":true,"href":"https:\/\/kairos-academy.ch\/fr\/wp-json\/wp\/v2\/comments?post=2546"}],"version-history":[{"count":8,"href":"https:\/\/kairos-academy.ch\/fr\/wp-json\/wp\/v2\/pages\/2546\/revisions"}],"predecessor-version":[{"id":3547,"href":"https:\/\/kairos-academy.ch\/fr\/wp-json\/wp\/v2\/pages\/2546\/revisions\/3547"}],"wp:attachment":[{"href":"https:\/\/kairos-academy.ch\/fr\/wp-json\/wp\/v2\/media?parent=2546"}],"curies":[{"name":"wp","href":"https:\/\/api.w.org\/{rel}","templated":true}]}}