{"id":2572,"date":"2022-08-28T22:12:10","date_gmt":"2022-08-28T22:12:10","guid":{"rendered":"https:\/\/seeland.dev.mxm.agency\/?page_id=2572"},"modified":"2022-09-23T11:00:41","modified_gmt":"2022-09-23T11:00:41","slug":"specialistes-en-communication-avec-brevet-federal","status":"publish","type":"page","link":"https:\/\/kairos-academy.ch\/fr\/specialistes-en-communication-avec-brevet-federal\/","title":{"rendered":"Sp\u00e9cialistes en communication avec brevet f\u00e9d\u00e9ral"},"content":{"rendered":"[vc_row type=\u00a0\u00bbin_container\u00a0\u00bb full_screen_row_position=\u00a0\u00bbmiddle\u00a0\u00bb scene_position=\u00a0\u00bbcenter\u00a0\u00bb text_color=\u00a0\u00bbdark\u00a0\u00bb text_align=\u00a0\u00bbleft\u00a0\u00bb top_padding=\u00a0\u00bb5%\u00a0\u00bb overlay_strength=\u00a0\u00bb0.3&Prime; shape_divider_position=\u00a0\u00bbbottom\u00a0\u00bb bg_image_animation=\u00a0\u00bbnone\u00a0\u00bb shape_type=\u00a0\u00bb\u00a0\u00bb][vc_column column_padding=\u00a0\u00bbno-extra-padding\u00a0\u00bb column_padding_position=\u00a0\u00bball\u00a0\u00bb background_color_opacity=\u00a0\u00bb1&Prime; background_hover_color_opacity=\u00a0\u00bb1&Prime; column_link_target=\u00a0\u00bb_self\u00a0\u00bb column_shadow=\u00a0\u00bbnone\u00a0\u00bb column_border_radius=\u00a0\u00bbnone\u00a0\u00bb width=\u00a0\u00bb3\/4&Prime; tablet_width_inherit=\u00a0\u00bbdefault\u00a0\u00bb tablet_text_alignment=\u00a0\u00bbdefault\u00a0\u00bb phone_text_alignment=\u00a0\u00bbdefault\u00a0\u00bb column_border_width=\u00a0\u00bbnone\u00a0\u00bb column_border_style=\u00a0\u00bbsolid\u00a0\u00bb bg_image_animation=\u00a0\u00bbnone\u00a0\u00bb][vc_custom_heading text=\u00a0\u00bbSp\u00e9cialistes en communication avec brevet f\u00e9d\u00e9ral\u00a0\u00bb font_container=\u00a0\u00bbtag:h2|font_size:42|text_align:left|line_height:52px\u00a0\u00bb use_theme_fonts=\u00a0\u00bbyes\u00a0\u00bb][vc_column_text css=\u00a0\u00bb.vc_custom_1590853094272{margin-top: 30px !important;margin-bottom: 30px !important;}\u00a0\u00bb]Formation pour la sp\u00e9cialisation dans la planification de campagnes publicitaires. Formation pr\u00e9paratoire aux examens professionnels f\u00e9d\u00e9raux.[\/vc_column_text][\/vc_column][vc_column column_padding=\u00a0\u00bbno-extra-padding\u00a0\u00bb column_padding_position=\u00a0\u00bball\u00a0\u00bb background_color_opacity=\u00a0\u00bb1&Prime; background_hover_color_opacity=\u00a0\u00bb1&Prime; column_link_target=\u00a0\u00bb_self\u00a0\u00bb column_shadow=\u00a0\u00bbnone\u00a0\u00bb column_border_radius=\u00a0\u00bbnone\u00a0\u00bb width=\u00a0\u00bb1\/4&Prime; tablet_width_inherit=\u00a0\u00bbdefault\u00a0\u00bb tablet_text_alignment=\u00a0\u00bbdefault\u00a0\u00bb phone_text_alignment=\u00a0\u00bbdefault\u00a0\u00bb column_border_width=\u00a0\u00bbnone\u00a0\u00bb column_border_style=\u00a0\u00bbsolid\u00a0\u00bb bg_image_animation=\u00a0\u00bbnone\u00a0\u00bb offset=\u00a0\u00bbvc_hidden-sm vc_hidden-xs\u00a0\u00bb][\/vc_column][\/vc_row][vc_row type=\u00a0\u00bbfull_width_background\u00a0\u00bb full_screen_row_position=\u00a0\u00bbmiddle\u00a0\u00bb bg_color=\u00a0\u00bb#ffffff\u00a0\u00bb scene_position=\u00a0\u00bbcenter\u00a0\u00bb text_color=\u00a0\u00bbdark\u00a0\u00bb text_align=\u00a0\u00bbleft\u00a0\u00bb bottom_padding=\u00a0\u00bb3%\u00a0\u00bb id=\u00a0\u00bbcore-features\u00a0\u00bb row_name=\u00a0\u00bbCore Features\u00a0\u00bb overlay_strength=\u00a0\u00bb0.3&Prime; shape_divider_position=\u00a0\u00bbbottom\u00a0\u00bb bg_image_animation=\u00a0\u00bbnone\u00a0\u00bb shape_type=\u00a0\u00bb\u00a0\u00bb][vc_column centered_text=\u00a0\u00bbtrue\u00a0\u00bb column_padding=\u00a0\u00bbno-extra-padding\u00a0\u00bb column_padding_position=\u00a0\u00bball\u00a0\u00bb background_color_opacity=\u00a0\u00bb1&Prime; background_hover_color_opacity=\u00a0\u00bb1&Prime; column_link_target=\u00a0\u00bb_self\u00a0\u00bb column_shadow=\u00a0\u00bbnone\u00a0\u00bb column_border_radius=\u00a0\u00bbnone\u00a0\u00bb width=\u00a0\u00bb1\/1&Prime; tablet_width_inherit=\u00a0\u00bbdefault\u00a0\u00bb tablet_text_alignment=\u00a0\u00bbdefault\u00a0\u00bb phone_text_alignment=\u00a0\u00bbdefault\u00a0\u00bb column_border_width=\u00a0\u00bbnone\u00a0\u00bb column_border_style=\u00a0\u00bbsolid\u00a0\u00bb bg_image_animation=\u00a0\u00bbnone\u00a0\u00bb][vc_row_inner column_margin=\u00a0\u00bbdefault\u00a0\u00bb text_align=\u00a0\u00bbleft\u00a0\u00bb][vc_column_inner column_padding=\u00a0\u00bbno-extra-padding\u00a0\u00bb column_padding_position=\u00a0\u00bball\u00a0\u00bb background_color_opacity=\u00a0\u00bb1&Prime; background_hover_color_opacity=\u00a0\u00bb1&Prime; column_shadow=\u00a0\u00bbnone\u00a0\u00bb column_border_radius=\u00a0\u00bbnone\u00a0\u00bb column_link_target=\u00a0\u00bb_self\u00a0\u00bb width=\u00a0\u00bb3\/4&Prime; tablet_width_inherit=\u00a0\u00bbdefault\u00a0\u00bb column_border_width=\u00a0\u00bbnone\u00a0\u00bb column_border_style=\u00a0\u00bbsolid\u00a0\u00bb bg_image_animation=\u00a0\u00bbnone\u00a0\u00bb enable_animation=\u00a0\u00bbtrue\u00a0\u00bb animation=\u00a0\u00bbfade-in\u00a0\u00bb][vc_column_text css=\u00a0\u00bb.vc_custom_1563267436246{padding-bottom: 10px !important;}\u00a0\u00bb]\n<h2 style=\"text-align: left;\">Description de la formation<\/h2>\n[\/vc_column_text][vc_column_text css=\u00a0\u00bb.vc_custom_1590863302934{margin-top: 30px !important;margin-bottom: 30px !important;}\u00a0\u00bb]\n<div class=\"boxContent\">\n<div>\n<p style=\"text-align: left;\">En tant que Sp\u00e9cialiste en communication, vous assurez la r\u00e9alisation d\u2019une campagne de promotion et de mise en valeur de produits et de services telle que d\u00e9cid\u00e9e par vos sup\u00e9rieurs. Vous planifiez les diff\u00e9rentes \u00e9tapes de production du mat\u00e9riel promotionnel (choix du mat\u00e9riel, graphisme, impression, emballage, etc.), choisissez les meilleurs espaces publicitaires (affiches, journaux, autres m\u00e9dias, r\u00e9seaux sociaux, etc.) et tirez le meilleur usage du budget qui vous est octroy\u00e9.<\/p>\n<p style=\"text-align: left;\">Dans votre r\u00f4le, vous agissez dans des entreprises commerciales (banques, assurances, transports, tourisme, etc.), industrielles (m\u00e9canique, horlogerie, chimie, agroalimentaire, \u00e9quipement, etc.), de services ou dans des bureaux ind\u00e9pendants de conseil en Marketing, au sein d&rsquo;une agence de communication, qui offrent leus deux aux entreprises des \u00e9tudes ponctuelles, voire la r\u00e9alisation compl\u00e8te d\u2019une action commerciale.<\/p>\n<p style=\"text-align: left;\">Selon la grandeur de l\u2019entreprise, vous occupez d\u2019autres fonctions dans la vente, la publicit\u00e9 ou le Marketing.<\/p>\n<\/div>\n<\/div>\n[\/vc_column_text][\/vc_column_inner][vc_column_inner column_padding=\u00a0\u00bbno-extra-padding\u00a0\u00bb column_padding_position=\u00a0\u00bball\u00a0\u00bb background_color_opacity=\u00a0\u00bb1&Prime; background_hover_color_opacity=\u00a0\u00bb1&Prime; column_shadow=\u00a0\u00bbnone\u00a0\u00bb column_border_radius=\u00a0\u00bbnone\u00a0\u00bb column_link_target=\u00a0\u00bb_self\u00a0\u00bb width=\u00a0\u00bb1\/4&Prime; tablet_width_inherit=\u00a0\u00bbdefault\u00a0\u00bb column_border_width=\u00a0\u00bbnone\u00a0\u00bb column_border_style=\u00a0\u00bbsolid\u00a0\u00bb bg_image_animation=\u00a0\u00bbnone\u00a0\u00bb offset=\u00a0\u00bbvc_hidden-sm vc_hidden-xs\u00a0\u00bb][\/vc_column_inner][\/vc_row_inner][\/vc_column][\/vc_row][vc_row type=\u00a0\u00bbfull_width_background\u00a0\u00bb full_screen_row_position=\u00a0\u00bbmiddle\u00a0\u00bb equal_height=\u00a0\u00bbyes\u00a0\u00bb content_placement=\u00a0\u00bbmiddle\u00a0\u00bb bg_color=\u00a0\u00bb#ffffff\u00a0\u00bb scene_position=\u00a0\u00bbcenter\u00a0\u00bb text_color=\u00a0\u00bbcustom\u00a0\u00bb custom_text_color=\u00a0\u00bb#0a0a0a\u00a0\u00bb text_align=\u00a0\u00bbleft\u00a0\u00bb top_padding=\u00a0\u00bb80&Prime; bottom_padding=\u00a0\u00bb80&Prime; color_overlay=\u00a0\u00bb#f27515&Prime; overlay_strength=\u00a0\u00bb0.95&Prime; shape_divider_position=\u00a0\u00bbbottom\u00a0\u00bb bg_image_animation=\u00a0\u00bbnone\u00a0\u00bb shape_type=\u00a0\u00bb\u00a0\u00bb][vc_column column_padding=\u00a0\u00bbno-extra-padding\u00a0\u00bb column_padding_position=\u00a0\u00bball\u00a0\u00bb background_color_opacity=\u00a0\u00bb1&Prime; background_hover_color_opacity=\u00a0\u00bb1&Prime; column_link_target=\u00a0\u00bb_self\u00a0\u00bb column_shadow=\u00a0\u00bbnone\u00a0\u00bb column_border_radius=\u00a0\u00bbnone\u00a0\u00bb width=\u00a0\u00bb8\/12&Prime; tablet_width_inherit=\u00a0\u00bbdefault\u00a0\u00bb tablet_text_alignment=\u00a0\u00bbcenter\u00a0\u00bb phone_text_alignment=\u00a0\u00bbcenter\u00a0\u00bb column_border_width=\u00a0\u00bbnone\u00a0\u00bb column_border_style=\u00a0\u00bbsolid\u00a0\u00bb bg_image_animation=\u00a0\u00bbnone\u00a0\u00bb][nectar_highlighted_text highlight_color=\u00a0\u00bb#ff1053&Prime; style=\u00a0\u00bbhalf_text\u00a0\u00bb]\n<h2 style=\"text-align: left;\">Pour passer \u00e0 l&rsquo;inscription<\/h2>\n[\/nectar_highlighted_text][vc_column_text]Inscrivez-vous maintenant pour Sp\u00e9cialiste en communication avec brevet f\u00e9d\u00e9ral[\/vc_column_text][\/vc_column][vc_column column_padding=\u00a0\u00bbno-extra-padding\u00a0\u00bb column_padding_position=\u00a0\u00bball\u00a0\u00bb background_color_opacity=\u00a0\u00bb1&Prime; background_hover_color_opacity=\u00a0\u00bb1&Prime; column_link_target=\u00a0\u00bb_self\u00a0\u00bb column_shadow=\u00a0\u00bbnone\u00a0\u00bb column_border_radius=\u00a0\u00bbnone\u00a0\u00bb width=\u00a0\u00bb4\/12&Prime; tablet_width_inherit=\u00a0\u00bbdefault\u00a0\u00bb tablet_text_alignment=\u00a0\u00bbcenter\u00a0\u00bb phone_text_alignment=\u00a0\u00bbcenter\u00a0\u00bb column_border_width=\u00a0\u00bbnone\u00a0\u00bb column_border_style=\u00a0\u00bbsolid\u00a0\u00bb bg_image_animation=\u00a0\u00bbnone\u00a0\u00bb][vc_row_inner column_margin=\u00a0\u00bbdefault\u00a0\u00bb text_align=\u00a0\u00bbright\u00a0\u00bb][vc_column_inner column_padding=\u00a0\u00bbno-extra-padding\u00a0\u00bb column_padding_position=\u00a0\u00bball\u00a0\u00bb background_color_opacity=\u00a0\u00bb1&Prime; background_hover_color_opacity=\u00a0\u00bb1&Prime; column_shadow=\u00a0\u00bbnone\u00a0\u00bb column_border_radius=\u00a0\u00bbnone\u00a0\u00bb column_link_target=\u00a0\u00bb_self\u00a0\u00bb width=\u00a0\u00bb1\/1&Prime; tablet_width_inherit=\u00a0\u00bbdefault\u00a0\u00bb column_border_width=\u00a0\u00bbnone\u00a0\u00bb column_border_style=\u00a0\u00bbsolid\u00a0\u00bb bg_image_animation=\u00a0\u00bbnone\u00a0\u00bb][nectar_btn size=\u00a0\u00bbjumbo\u00a0\u00bb button_style=\u00a0\u00bbregular\u00a0\u00bb button_color_2=\u00a0\u00bbAccent-Color\u00a0\u00bb color_override=\u00a0\u00bb#262626&Prime; solid_text_color_override=\u00a0\u00bb#ffffff\u00a0\u00bb icon_family=\u00a0\u00bbdefault_arrow\u00a0\u00bb url=\u00a0\u00bbhttps:\/\/seeland.dev.mxm.agency\/kontakt\/\u00a0\u00bb text=\u00a0\u00bbInscription\u00a0\u00bb][\/vc_column_inner][\/vc_row_inner][\/vc_column][\/vc_row][vc_row type=\u00a0\u00bbfull_width_background\u00a0\u00bb full_screen_row_position=\u00a0\u00bbmiddle\u00a0\u00bb bg_color=\u00a0\u00bb#f7f7f7&Prime; scene_position=\u00a0\u00bbcenter\u00a0\u00bb text_color=\u00a0\u00bbdark\u00a0\u00bb text_align=\u00a0\u00bbleft\u00a0\u00bb top_padding=\u00a0\u00bb100&Prime; bottom_padding=\u00a0\u00bb100&Prime; overlay_strength=\u00a0\u00bb0.3&Prime; shape_divider_position=\u00a0\u00bbbottom\u00a0\u00bb bg_image_animation=\u00a0\u00bbnone\u00a0\u00bb][vc_column column_padding=\u00a0\u00bbno-extra-padding\u00a0\u00bb column_padding_position=\u00a0\u00bball\u00a0\u00bb background_color_opacity=\u00a0\u00bb1&Prime; background_hover_color_opacity=\u00a0\u00bb1&Prime; column_link_target=\u00a0\u00bb_self\u00a0\u00bb column_shadow=\u00a0\u00bbnone\u00a0\u00bb column_border_radius=\u00a0\u00bbnone\u00a0\u00bb width=\u00a0\u00bb3\/4&Prime; tablet_width_inherit=\u00a0\u00bbdefault\u00a0\u00bb tablet_text_alignment=\u00a0\u00bbdefault\u00a0\u00bb phone_text_alignment=\u00a0\u00bbdefault\u00a0\u00bb column_border_width=\u00a0\u00bbnone\u00a0\u00bb column_border_style=\u00a0\u00bbsolid\u00a0\u00bb bg_image_animation=\u00a0\u00bbnone\u00a0\u00bb][vc_column_text]\n<h2 style=\"text-align: left;\">La formation<\/h2>\n[\/vc_column_text][toggles style=\u00a0\u00bbdefault\u00a0\u00bb][toggle color=\u00a0\u00bbDefault\u00a0\u00bb title=\u00a0\u00bbLa formation\u00a0\u00bb][vc_row_inner column_margin=\u00a0\u00bbdefault\u00a0\u00bb text_align=\u00a0\u00bbleft\u00a0\u00bb][vc_column_inner column_padding=\u00a0\u00bbno-extra-padding\u00a0\u00bb column_padding_position=\u00a0\u00bball\u00a0\u00bb background_color_opacity=\u00a0\u00bb1&Prime; background_hover_color_opacity=\u00a0\u00bb1&Prime; column_shadow=\u00a0\u00bbnone\u00a0\u00bb column_border_radius=\u00a0\u00bbnone\u00a0\u00bb column_link_target=\u00a0\u00bb_self\u00a0\u00bb width=\u00a0\u00bb1\/1&Prime; tablet_width_inherit=\u00a0\u00bbdefault\u00a0\u00bb column_border_width=\u00a0\u00bbnone\u00a0\u00bb column_border_style=\u00a0\u00bbsolid\u00a0\u00bb bg_image_animation=\u00a0\u00bbnone\u00a0\u00bb]<div class=\"nectar-fancy-ul\" data-list-icon=\"icon-salient-thin-line\" data-animation=\"false\" data-animation-delay=\"0\" data-color=\"accent-color\" data-spacing=\"default\" data-alignment=\"left\"> \n<h2 style=\"text-align: left;\"><strong>Champs d&rsquo;action et branches de l&rsquo;examen<br \/>\n<\/strong><\/h2>\n<p>&nbsp;<\/p>\n<ul>\n<li style=\"text-align: left;\">Communication int\u00e9gr\u00e9e<\/li>\n<li style=\"text-align: left;\">Concept de la communication int\u00e9gr\u00e9e<\/li>\n<li style=\"text-align: left;\">Instruments de la communcation Marketing<\/li>\n<li style=\"text-align: left;\">Etude de march\u00e9<\/li>\n<li style=\"text-align: left;\">Medias<\/li>\n<li style=\"text-align: left;\">Production<\/li>\n<li style=\"text-align: left;\">Droit de la communication et aspects \u00e9conomiques de la branche publicitaire<\/li>\n<\/ul>\n <\/div>[vc_column_text]\n<h2 style=\"text-align: left;\"><strong>Etapes du programme<\/strong><\/h2>\n[\/vc_column_text][\/vc_column_inner][\/vc_row_inner][vc_row_inner column_margin=\u00a0\u00bbdefault\u00a0\u00bb text_align=\u00a0\u00bbleft\u00a0\u00bb][vc_column_inner column_padding=\u00a0\u00bbno-extra-padding\u00a0\u00bb column_padding_position=\u00a0\u00bball\u00a0\u00bb background_color_opacity=\u00a0\u00bb1&Prime; background_hover_color_opacity=\u00a0\u00bb1&Prime; column_shadow=\u00a0\u00bbnone\u00a0\u00bb column_border_radius=\u00a0\u00bbnone\u00a0\u00bb column_link_target=\u00a0\u00bb_self\u00a0\u00bb width=\u00a0\u00bb1\/3&Prime; tablet_width_inherit=\u00a0\u00bbdefault\u00a0\u00bb column_border_width=\u00a0\u00bbnone\u00a0\u00bb column_border_style=\u00a0\u00bbsolid\u00a0\u00bb bg_image_animation=\u00a0\u00bbnone\u00a0\u00bb]<div class=\"nectar-fancy-ul\" data-list-icon=\"icon-salient-thin-line\" data-animation=\"true\" data-animation-delay=\"0\" data-color=\"accent-color\" data-spacing=\"default\" data-alignment=\"left\"> \n<h5 style=\"text-align: left;\">BASES<\/h5>\n<p>&nbsp;<\/p>\n<ul>\n<li style=\"text-align: left;\">Entreprise et organisation<\/li>\n<li style=\"text-align: left;\">Structure du march\u00e9 de la publicit\u00e9 et de la communication en Suisse<\/li>\n<li style=\"text-align: left;\">Gestion d&rsquo;une agence<\/li>\n<li style=\"text-align: left;\">Interfaces<\/li>\n<li style=\"text-align: left;\">Gestion des offres et des factures<\/li>\n<li style=\"text-align: left;\">Paysage m\u00e9dias en Suisse<\/li>\n<li style=\"text-align: left;\">Aspects du droit<\/li>\n<li style=\"text-align: left;\">Processus de la production<\/li>\n<li style=\"text-align: left;\">Gestion de projets<\/li>\n<li style=\"text-align: left;\">Gestion de campagnes<\/li>\n<li style=\"text-align: left;\">Communication int\u00e9gr\u00e9e<\/li>\n<li style=\"text-align: left;\">Marketing et instruments<\/li>\n<\/ul>\n <\/div>[\/vc_column_inner][vc_column_inner column_padding=\u00a0\u00bbno-extra-padding\u00a0\u00bb column_padding_position=\u00a0\u00bball\u00a0\u00bb background_color_opacity=\u00a0\u00bb1&Prime; background_hover_color_opacity=\u00a0\u00bb1&Prime; column_shadow=\u00a0\u00bbnone\u00a0\u00bb column_border_radius=\u00a0\u00bbnone\u00a0\u00bb column_link_target=\u00a0\u00bb_self\u00a0\u00bb width=\u00a0\u00bb1\/3&Prime; tablet_width_inherit=\u00a0\u00bbdefault\u00a0\u00bb column_border_width=\u00a0\u00bbnone\u00a0\u00bb column_border_style=\u00a0\u00bbsolid\u00a0\u00bb bg_image_animation=\u00a0\u00bbnone\u00a0\u00bb]<div class=\"nectar-fancy-ul\" data-list-icon=\"icon-salient-thin-line\" data-animation=\"true\" data-animation-delay=\"0\" data-color=\"accent-color\" data-spacing=\"default\" data-alignment=\"left\"> \n<h5 style=\"text-align: left;\">DEVELOPPEMENT DES COMPETENCES<\/h5>\n<p>&nbsp;<\/p>\n<ul>\n<li style=\"text-align: left;\">Approfondissement communication int\u00e9gr\u00e9e<\/li>\n<li style=\"text-align: left;\">Approfondissement paysage m\u00e9dia suisse<\/li>\n<li style=\"text-align: left;\">Approfondissement analyse des m\u00e9dias<\/li>\n<li style=\"text-align: left;\">Approfondissement \u00e9tude de l&rsquo;efficacit\u00e9 publicitaire<\/li>\n<li style=\"text-align: left;\">Approfondissement aspects du droit<\/li>\n<li style=\"text-align: left;\">Approfondissement production<\/li>\n<\/ul>\n <\/div>[\/vc_column_inner][vc_column_inner column_padding=\u00a0\u00bbno-extra-padding\u00a0\u00bb column_padding_position=\u00a0\u00bball\u00a0\u00bb background_color_opacity=\u00a0\u00bb1&Prime; background_hover_color_opacity=\u00a0\u00bb1&Prime; column_shadow=\u00a0\u00bbnone\u00a0\u00bb column_border_radius=\u00a0\u00bbnone\u00a0\u00bb column_link_target=\u00a0\u00bb_self\u00a0\u00bb width=\u00a0\u00bb1\/3&Prime; tablet_width_inherit=\u00a0\u00bbdefault\u00a0\u00bb column_border_width=\u00a0\u00bbnone\u00a0\u00bb column_border_style=\u00a0\u00bbsolid\u00a0\u00bb bg_image_animation=\u00a0\u00bbnone\u00a0\u00bb]<div class=\"nectar-fancy-ul\" data-list-icon=\"icon-salient-thin-line\" data-animation=\"true\" data-animation-delay=\"0\" data-color=\"accent-color\" data-spacing=\"default\" data-alignment=\"left\"> \n<h5 style=\"text-align: left;\">ENTRAINEMENT<\/h5>\n<p>&nbsp;<\/p>\n<ul>\n<li style=\"text-align: left;\">Individu et groupe<\/li>\n<li style=\"text-align: left;\">Animation de Meetings<\/li>\n<li style=\"text-align: left;\">Techniques de travail<\/li>\n<li style=\"text-align: left;\">Techniques de pr\u00e9sentation<\/li>\n<li style=\"text-align: left;\">Entrainement aux examens oraux<\/li>\n<li style=\"text-align: left;\">Entrainement aux examens \u00e9crits<\/li>\n<li style=\"text-align: left;\">Min. 2-3 simulations compl\u00e8tes de l&rsquo;examen final<\/li>\n<li style=\"text-align: left;\">Travail en groupes<\/li>\n<\/ul>\n <\/div>[\/vc_column_inner][\/vc_row_inner][vc_row_inner column_margin=\u00a0\u00bbdefault\u00a0\u00bb text_align=\u00a0\u00bbleft\u00a0\u00bb][vc_column_inner column_padding=\u00a0\u00bbno-extra-padding\u00a0\u00bb column_padding_position=\u00a0\u00bball\u00a0\u00bb background_color_opacity=\u00a0\u00bb1&Prime; background_hover_color_opacity=\u00a0\u00bb1&Prime; column_shadow=\u00a0\u00bbnone\u00a0\u00bb column_border_radius=\u00a0\u00bbnone\u00a0\u00bb column_link_target=\u00a0\u00bb_self\u00a0\u00bb width=\u00a0\u00bb1\/1&Prime; tablet_width_inherit=\u00a0\u00bbdefault\u00a0\u00bb column_border_width=\u00a0\u00bbnone\u00a0\u00bb column_border_style=\u00a0\u00bbsolid\u00a0\u00bb bg_image_animation=\u00a0\u00bbnone\u00a0\u00bb][vc_column_text]\n<p style=\"text-align: left;\"><strong>Objectifs et mat\u00e9riel didactique<br \/>\n<\/strong><\/p>\n<p style=\"text-align: left;\">A l\u2019issue de la formation, les participants ma\u00eetrisent la th\u00e9orie et la pratique pour agir avec comp\u00e9tence dans leur r\u00f4le. \u00a0Ils seront en mesure de r\u00e9pondre aux crit\u00e8res pr\u00e9cis\u00e9s dans les directives f\u00e9d\u00e9rales et capables de travailler au sein d&rsquo;un d\u00e9partement de communication d\u2019une moyenne ou grande entreprise ou au sein d&rsquo;une agence. Ils comprendront l\u2019importance de leur fonction agissant dans un contexte \u00e9conomique de plus en plus dynamique. En conclusion de leurs \u00e9tudes, ils auront atteint les comp\u00e9tences n\u00e9cessaires pour se pr\u00e9senter \u00e0 l\u2019examen professionnel final dans le but d\u2019obtenir le brevet f\u00e9d\u00e9ral de Sp\u00e9cialiste en communication. Un mat\u00e9riel copieux et bien structur\u00e9 est fourni en forme \u00e9lectronique (compris dans le co\u00fbt de votre formation).<\/p>\n<p style=\"text-align: left;\">Remarque: l&rsquo;ordre des branches peut varier d&rsquo;une vol\u00e9e \u00e0 une autre.[\/vc_column_text][\/vc_column_inner][\/vc_row_inner][\/toggle][toggle color=\u00a0\u00bbDefault\u00a0\u00bb title=\u00a0\u00bbCrit\u00e8res d&rsquo;admission\u00a0\u00bb][vc_column_text]\n<p style=\"text-align: left;\">Sont admis \u00e0 l\u2019examen les candidates et candidats qui :<\/p>\n<p>&nbsp;<\/p>\n<p style=\"text-align: left;\">peuvent justifier de l\u2019une des formations mentionn\u00e9es ci-apr\u00e8s ou d\u2019une qualification \u00e9quivalente :<\/p>\n<ul>\n<li style=\"text-align: left;\">Formation initiale d&rsquo;une dur\u00e9e de 3 ans effectu\u00e9 dans une profession du domaine commercial, graphique ou dans le commerce en d\u00e9tail<\/li>\n<li style=\"text-align: left;\">Dipl\u00f4me d&rsquo;une \u00e9cole de commerce reconnue, maturit\u00e9 gymnasiale ou professionnelle, un dipl\u00f4me d&rsquo;une \u00e9cole sup\u00e9rieure, une formation universitaire<\/li>\n<li style=\"text-align: left;\">Brevet f\u00e9d\u00e9ral de Sp\u00e9cialiste RP, Marketing, de Sp\u00e9cialiste de la vente, ou dans le domaine du Marketing du dialogue<\/li>\n<li style=\"text-align: left;\">2 ans de pratique professionnelle dans les domaines de la publicit\u00e9, des RP, du Marketing, du commerce en d\u00e9tail, du Marketing du dialogue<\/li>\n<li style=\"text-align: left;\">les personnes ne disposant pas des \u00e9l\u00e9ments ci-dessus doivent prouver d&rsquo;une exp\u00e9rience professionnelle de 3 ans dans les domaines cit\u00e9s.[\/vc_column_text][\/toggle][toggle color=\u00a0\u00bbDefault\u00a0\u00bb title=\u00a0\u00bbD\u00e9but des cours et d\u00e9tails\u00a0\u00bb][vc_column_text]\n<ul>\n<li>\n<h4><strong>SPECIALISTES EN COMMUNICATION AVEC BREVET FEDERAL &#8211; Variante A)<br \/>\n<\/strong><\/h4>\n<p><strong>340 le\u00e7ons \u00e0 45 min.<\/strong>, dont env. 1\/2 sont propos\u00e9s dans la perspective progressiste \u00ab\u00a0Blended Learning\u00a0\u00bb, avec diff\u00e9rents dispositifs en ligne, concepts et m\u00e9thodes d\u2019apprentissage mixte comprenant des projets multim\u00e9dias et nombreuses \u00e9tudes de cas &#8211; dur\u00e9e de la formation env.\u00a02-3 semestres, co\u00fbt de la formation<strong> 11&rsquo;970 CHF<\/strong> <u>(hors<\/u> frais d\u2019examen f\u00e9d\u00e9ral).<\/p>\n<p>Participants : la formation convient \u00e0 des personnes venant de tout les professions commerciales, id\u00e9alement avec une exp\u00e9rience professionnelle de quelques ann\u00e9es dans les domaines de la publicit\u00e9, des RP, du Marketing, du commerce en d\u00e9tail, du Marketing du dialogue, et qui veulent se pr\u00e9senter \u00e0 l&rsquo;examen professionnel de Sp\u00e9cialiste en communication avec brevet\u00a0 f\u00e9d\u00e9ral<em>.<\/em><\/p>\n<p>Avantage financier: avec des subventions f\u00e9d\u00e9rales de 50%, votre investissement dans la formation sera de CHF 5\u2019985, n\u2019h\u00e9sitez pas \u00e0 nous contacter pour plus d\u2019informations ou visitez la page SEFRI au lien www.sbfi.admin.ch\/contributions<\/p>\n<p>&nbsp;<\/li>\n<\/ul>\n<p>&nbsp;<\/p>\n<ul>\n<li>\n<h4><strong>SPECIALISTES EN COMMUNICATION AVEC BREVET FEDERAL &#8211; Variante B)<\/strong><\/h4>\n<p><strong>250 le\u00e7ons \u00e0 45 min.<\/strong>, dont env. 1\/2 sont propos\u00e9s dans la perspective progressiste \u00ab\u00a0Blended Learning\u00a0\u00bb, avec diff\u00e9rents dispositifs en ligne, concepts et m\u00e9thodes d\u2019apprentissage mixte comprenant des projets multim\u00e9dias et nombreuses \u00e9tudes de cas &#8211; dur\u00e9e de la formation env.\u00a02-3 semestres, co\u00fbt de la formation<strong> 8&rsquo;900 CHF<\/strong> <u>(hors<\/u> frais d\u2019examen f\u00e9d\u00e9ral).<\/p>\n<p>Participants : la formation convient \u00e0 des personnes venant de tout les professions commerciales, id\u00e9alement avec une tr\u00e8s bonne exp\u00e9rience professionnelle dans les domaines de la publicit\u00e9, des RP, du Marketing, du commerce en d\u00e9tail, du Marketing du dialogue, et qui veulent se pr\u00e9senter \u00e0 l&rsquo;examen professionnel de Sp\u00e9cialiste en communication avec brevet\u00a0 f\u00e9d\u00e9ral<em>.<\/em><\/p>\n<p>Avantage financier: avec des subventions f\u00e9d\u00e9rales de 50%, votre investissement dans la formation sera de CHF 4\u2019450, n\u2019h\u00e9sitez pas \u00e0 nous contacter pour plus d\u2019informations ou visitez la page SEFRI au lien www.sbfi.admin.ch\/contributions<\/li>\n<\/ul>\n<p>&nbsp;<\/p>\n<h4><strong>DEBUT DES COURS EN PRINTEMPS ET EN AUTOMNE<\/strong><\/h4>\n<p><strong>Un plus attractif :<\/strong> KAIROS vous offre la possibilit\u00e9 de choisir librement la langue de votre formation et la langue dans laquelle vous passerez les examens (trois langues nationales + anglais pour le travail de dipl\u00f4me).[\/vc_column_text][\/toggle][toggle color=\u00a0\u00bbDefault\u00a0\u00bb title=\u00a0\u00bbTitre obtenu\u00a0\u00bb][vc_column_text]\n<div class=\"text-block__text\">\n<h5><strong>TITRE<\/strong><\/h5>\n<p>Les personnes ayant r\u00e9ussi l&rsquo;examen pourront porter le titre prot\u00e9g\u00e9 suivant :<\/p>\n<p><strong>Sp\u00e9cialiste en communication avec brevet f\u00e9d\u00e9ral<\/strong><\/p>\n<p>Pour la traduction anglaise, le titre recommand\u00e9 correspond \u00e0 \u00ab\u00a0Executive Communication Specialist, Federal Diploma of Higher Education\u00a0\u00bb .<\/p>\n<p>Les examens \u00e9crits et oraux ont lieu chaque ann\u00e9e en mars et en juin (Zurich et Bienne).[\/vc_column_text][\/toggle][\/toggles][\/vc_column][vc_column column_padding=\u00a0\u00bbno-extra-padding\u00a0\u00bb column_padding_position=\u00a0\u00bball\u00a0\u00bb background_color_opacity=\u00a0\u00bb1&Prime; background_hover_color_opacity=\u00a0\u00bb1&Prime; column_link_target=\u00a0\u00bb_self\u00a0\u00bb column_shadow=\u00a0\u00bbnone\u00a0\u00bb column_border_radius=\u00a0\u00bbnone\u00a0\u00bb width=\u00a0\u00bb1\/4&Prime; tablet_width_inherit=\u00a0\u00bbdefault\u00a0\u00bb tablet_text_alignment=\u00a0\u00bbdefault\u00a0\u00bb phone_text_alignment=\u00a0\u00bbdefault\u00a0\u00bb column_border_width=\u00a0\u00bbnone\u00a0\u00bb column_border_style=\u00a0\u00bbsolid\u00a0\u00bb bg_image_animation=\u00a0\u00bbnone\u00a0\u00bb offset=\u00a0\u00bbvc_hidden-sm vc_hidden-xs\u00a0\u00bb][\/vc_column][\/vc_row][vc_row type=\u00a0\u00bbin_container\u00a0\u00bb full_screen_row_position=\u00a0\u00bbmiddle\u00a0\u00bb scene_position=\u00a0\u00bbcenter\u00a0\u00bb text_color=\u00a0\u00bbdark\u00a0\u00bb text_align=\u00a0\u00bbleft\u00a0\u00bb overlay_strength=\u00a0\u00bb0.3&Prime; shape_divider_position=\u00a0\u00bbbottom\u00a0\u00bb bg_image_animation=\u00a0\u00bbnone\u00a0\u00bb][vc_column column_padding=\u00a0\u00bbno-extra-padding\u00a0\u00bb column_padding_position=\u00a0\u00bball\u00a0\u00bb background_color_opacity=\u00a0\u00bb1&Prime; background_hover_color_opacity=\u00a0\u00bb1&Prime; column_link_target=\u00a0\u00bb_self\u00a0\u00bb column_shadow=\u00a0\u00bbnone\u00a0\u00bb column_border_radius=\u00a0\u00bbnone\u00a0\u00bb width=\u00a0\u00bb1\/1&Prime; tablet_width_inherit=\u00a0\u00bbdefault\u00a0\u00bb tablet_text_alignment=\u00a0\u00bbdefault\u00a0\u00bb phone_text_alignment=\u00a0\u00bbdefault\u00a0\u00bb column_border_width=\u00a0\u00bbnone\u00a0\u00bb column_border_style=\u00a0\u00bbsolid\u00a0\u00bb bg_image_animation=\u00a0\u00bbnone\u00a0\u00bb][vc_column_text]\n<\/div>\n[\/vc_column_text][\/vc_column][\/vc_row]<\/li>\n<\/ul>\n","protected":false},"excerpt":{"rendered":"<p>[vc_row type=\u00a0\u00bbin_container\u00a0\u00bb full_screen_row_position=\u00a0\u00bbmiddle\u00a0\u00bb scene_position=\u00a0\u00bbcenter\u00a0\u00bb text_color=\u00a0\u00bbdark\u00a0\u00bb text_align=\u00a0\u00bbleft\u00a0\u00bb top_padding=\u00a0\u00bb5%\u00a0\u00bb overlay_strength=\u00a0\u00bb0.3&Prime; shape_divider_position=\u00a0\u00bbbottom\u00a0\u00bb bg_image_animation=\u00a0\u00bbnone\u00a0\u00bb shape_type=\u00a0\u00bb\u00a0\u00bb][vc_column column_padding=\u00a0\u00bbno-extra-padding\u00a0\u00bb column_padding_position=\u00a0\u00bball\u00a0\u00bb background_color_opacity=\u00a0\u00bb1&Prime; background_hover_color_opacity=\u00a0\u00bb1&Prime; column_link_target=\u00a0\u00bb_self\u00a0\u00bb column_shadow=\u00a0\u00bbnone\u00a0\u00bb column_border_radius=\u00a0\u00bbnone\u00a0\u00bb width=\u00a0\u00bb3\/4&Prime; tablet_width_inherit=\u00a0\u00bbdefault\u00a0\u00bb tablet_text_alignment=\u00a0\u00bbdefault\u00a0\u00bb phone_text_alignment=\u00a0\u00bbdefault\u00a0\u00bb column_border_width=\u00a0\u00bbnone\u00a0\u00bb column_border_style=\u00a0\u00bbsolid\u00a0\u00bb bg_image_animation=\u00a0\u00bbnone\u00a0\u00bb][vc_custom_heading text=\u00a0\u00bbSp\u00e9cialistes en communication avec brevet&#8230;<\/p>\n","protected":false},"author":5,"featured_media":0,"parent":0,"menu_order":0,"comment_status":"closed","ping_status":"closed","template":"","meta":[],"_links":{"self":[{"href":"https:\/\/kairos-academy.ch\/fr\/wp-json\/wp\/v2\/pages\/2572"}],"collection":[{"href":"https:\/\/kairos-academy.ch\/fr\/wp-json\/wp\/v2\/pages"}],"about":[{"href":"https:\/\/kairos-academy.ch\/fr\/wp-json\/wp\/v2\/types\/page"}],"author":[{"embeddable":true,"href":"https:\/\/kairos-academy.ch\/fr\/wp-json\/wp\/v2\/users\/5"}],"replies":[{"embeddable":true,"href":"https:\/\/kairos-academy.ch\/fr\/wp-json\/wp\/v2\/comments?post=2572"}],"version-history":[{"count":10,"href":"https:\/\/kairos-academy.ch\/fr\/wp-json\/wp\/v2\/pages\/2572\/revisions"}],"predecessor-version":[{"id":3104,"href":"https:\/\/kairos-academy.ch\/fr\/wp-json\/wp\/v2\/pages\/2572\/revisions\/3104"}],"wp:attachment":[{"href":"https:\/\/kairos-academy.ch\/fr\/wp-json\/wp\/v2\/media?parent=2572"}],"curies":[{"name":"wp","href":"https:\/\/api.w.org\/{rel}","templated":true}]}}