{"id":1997,"date":"2022-08-01T03:41:41","date_gmt":"2022-08-01T03:41:41","guid":{"rendered":"https:\/\/seeland.dev.mxm.agency\/?page_id=1997"},"modified":"2022-11-25T18:28:20","modified_gmt":"2022-11-25T16:28:20","slug":"capa-o-capo-delle-vendite-con-diploma-superiore-federale","status":"publish","type":"page","link":"https:\/\/kairos-academy.ch\/it\/capa-o-capo-delle-vendite-con-diploma-superiore-federale\/","title":{"rendered":"Capo e Capa delle vendite con diploma superiore federale"},"content":{"rendered":"[vc_row type=&#8221;in_container&#8221; full_screen_row_position=&#8221;middle&#8221; column_margin=&#8221;default&#8221; column_direction=&#8221;default&#8221; column_direction_tablet=&#8221;default&#8221; column_direction_phone=&#8221;default&#8221; scene_position=&#8221;center&#8221; top_padding=&#8221;5%&#8221; text_color=&#8221;dark&#8221; text_align=&#8221;left&#8221; row_border_radius=&#8221;none&#8221; row_border_radius_applies=&#8221;bg&#8221; overflow=&#8221;visible&#8221; overlay_strength=&#8221;0.3&#8243; gradient_direction=&#8221;left_to_right&#8221; shape_divider_position=&#8221;bottom&#8221; bg_image_animation=&#8221;none&#8221; shape_type=&#8221;&#8221;][vc_column column_padding=&#8221;no-extra-padding&#8221; column_padding_tablet=&#8221;inherit&#8221; column_padding_phone=&#8221;inherit&#8221; column_padding_position=&#8221;all&#8221; column_element_spacing=&#8221;default&#8221; background_color_opacity=&#8221;1&#8243; background_hover_color_opacity=&#8221;1&#8243; column_shadow=&#8221;none&#8221; column_border_radius=&#8221;none&#8221; column_link_target=&#8221;_self&#8221; column_position=&#8221;default&#8221; gradient_direction=&#8221;left_to_right&#8221; overlay_strength=&#8221;0.3&#8243; width=&#8221;3\/4&#8243; tablet_width_inherit=&#8221;default&#8221; tablet_text_alignment=&#8221;default&#8221; phone_text_alignment=&#8221;default&#8221; animation_type=&#8221;default&#8221; bg_image_animation=&#8221;none&#8221; border_type=&#8221;simple&#8221; column_border_width=&#8221;none&#8221; column_border_style=&#8221;solid&#8221;][vc_custom_heading text=&#8221;Capo e Capa delle vendite con diploma superiore federale&#8221; font_container=&#8221;tag:h2|font_size:42|text_align:left|line_height:52px&#8221; use_theme_fonts=&#8221;yes&#8221;][vc_column_text css=&#8221;.vc_custom_1662472661294{margin-top: 30px !important;margin-bottom: 30px !important;}&#8221;]Formazione continua in vista della qualifica nell&#8217;ambito del management delle vendite. La formazione prepara agli esami superiori federali.[\/vc_column_text][\/vc_column][vc_column column_padding=&#8221;no-extra-padding&#8221; column_padding_tablet=&#8221;inherit&#8221; column_padding_phone=&#8221;inherit&#8221; column_padding_position=&#8221;all&#8221; column_element_spacing=&#8221;default&#8221; background_color_opacity=&#8221;1&#8243; background_hover_color_opacity=&#8221;1&#8243; column_shadow=&#8221;none&#8221; column_border_radius=&#8221;none&#8221; column_link_target=&#8221;_self&#8221; column_position=&#8221;default&#8221; gradient_direction=&#8221;left_to_right&#8221; overlay_strength=&#8221;0.3&#8243; width=&#8221;1\/4&#8243; tablet_width_inherit=&#8221;default&#8221; tablet_text_alignment=&#8221;default&#8221; phone_text_alignment=&#8221;default&#8221; animation_type=&#8221;default&#8221; bg_image_animation=&#8221;none&#8221; border_type=&#8221;simple&#8221; column_border_width=&#8221;none&#8221; column_border_style=&#8221;solid&#8221; offset=&#8221;vc_hidden-sm vc_hidden-xs&#8221;][\/vc_column][\/vc_row][vc_row type=&#8221;full_width_background&#8221; full_screen_row_position=&#8221;middle&#8221; column_margin=&#8221;default&#8221; column_direction=&#8221;default&#8221; column_direction_tablet=&#8221;default&#8221; column_direction_phone=&#8221;default&#8221; bg_color=&#8221;#ffffff&#8221; scene_position=&#8221;center&#8221; bottom_padding=&#8221;3%&#8221; text_color=&#8221;dark&#8221; text_align=&#8221;left&#8221; row_border_radius=&#8221;none&#8221; row_border_radius_applies=&#8221;bg&#8221; overflow=&#8221;visible&#8221; id=&#8221;core-features&#8221; row_name=&#8221;Core Features&#8221; overlay_strength=&#8221;0.3&#8243; gradient_direction=&#8221;left_to_right&#8221; shape_divider_position=&#8221;bottom&#8221; bg_image_animation=&#8221;none&#8221; shape_type=&#8221;&#8221;][vc_column column_padding=&#8221;no-extra-padding&#8221; column_padding_tablet=&#8221;inherit&#8221; column_padding_phone=&#8221;inherit&#8221; column_padding_position=&#8221;all&#8221; column_element_spacing=&#8221;default&#8221; centered_text=&#8221;true&#8221; background_color_opacity=&#8221;1&#8243; background_hover_color_opacity=&#8221;1&#8243; column_shadow=&#8221;none&#8221; column_border_radius=&#8221;none&#8221; column_link_target=&#8221;_self&#8221; column_position=&#8221;default&#8221; gradient_direction=&#8221;left_to_right&#8221; overlay_strength=&#8221;0.3&#8243; width=&#8221;1\/1&#8243; tablet_width_inherit=&#8221;default&#8221; tablet_text_alignment=&#8221;default&#8221; phone_text_alignment=&#8221;default&#8221; animation_type=&#8221;default&#8221; bg_image_animation=&#8221;none&#8221; border_type=&#8221;simple&#8221; column_border_width=&#8221;none&#8221; column_border_style=&#8221;solid&#8221;][vc_row_inner column_margin=&#8221;default&#8221; column_direction=&#8221;default&#8221; column_direction_tablet=&#8221;default&#8221; column_direction_phone=&#8221;default&#8221; text_align=&#8221;left&#8221; row_position=&#8221;default&#8221; row_position_tablet=&#8221;inherit&#8221; row_position_phone=&#8221;inherit&#8221; overflow=&#8221;visible&#8221; pointer_events=&#8221;all&#8221;][vc_column_inner column_padding=&#8221;no-extra-padding&#8221; column_padding_tablet=&#8221;inherit&#8221; column_padding_phone=&#8221;inherit&#8221; column_padding_position=&#8221;all&#8221; column_element_spacing=&#8221;default&#8221; background_color_opacity=&#8221;1&#8243; background_hover_color_opacity=&#8221;1&#8243; column_shadow=&#8221;none&#8221; column_border_radius=&#8221;none&#8221; column_link_target=&#8221;_self&#8221; gradient_direction=&#8221;left_to_right&#8221; overlay_strength=&#8221;0.3&#8243; width=&#8221;3\/4&#8243; tablet_width_inherit=&#8221;default&#8221; animation_type=&#8221;default&#8221; enable_animation=&#8221;true&#8221; animation=&#8221;fade-in&#8221; bg_image_animation=&#8221;none&#8221; border_type=&#8221;simple&#8221; column_border_width=&#8221;none&#8221; column_border_style=&#8221;solid&#8221;][vc_column_text css=&#8221;.vc_custom_1662472677622{padding-bottom: 10px !important;}&#8221;]\n<h2 style=\"text-align: left;\">Descrizione della formazione<\/h2>\n[\/vc_column_text][vc_column_text css=&#8221;.vc_custom_1664193109809{margin-top: 30px !important;margin-bottom: 30px !important;}&#8221;]\n<p style=\"text-align: left;\">In qualit\u00e0 di Capo o Capa delle vendite sei responsabile delle attivit\u00e0 di vendita da svolgere sulla base degli obiettivi definiti dalla direzione e controlli le attivit\u00e0 di vendita sulla base di statistiche e ricerche di mercato. Stabilisci le strategie di vendita e attui regolarmente programmi di formazione e motivazione per il personale di vendita che gestisci. Sei responsabile della promozione delle vendite e della distribuzione dei prodotti e servizi. Per raggiungere gli obiettivi aziendali e garantire la redditivit\u00e0, presti molta attenzione al fatturato realizzato.<\/p>\n<p style=\"text-align: left;\">Sei in grado di sviluppare un concetto e un programma di distribuzione dei prodotti in linea con le aspettative dell&#8217;azienda, di specificare gli obiettivi di vendita in base alle linee guida definite dal datore di lavoro e di attuare tecniche di controllo delle vendite. Sei in grado di redigere un budget di vendita determinando il fatturato da raggiungere, di stabilire il ruolo di ciascun membro del team di vendita nelle campagne pubblicitarie e di stabilire il calendario delle attivit\u00e0 di promozione delle vendite.<\/p>\n<p style=\"text-align: left;\">Nella funzione di Capo o Capa delle vendite sei responsabile dell&#8217;attuazione delle strategie di marketing dell&#8217;azienda per cui lavori. Inoltre, per posizionare bene l&#8217;azienda sul mercato, effettui regolarmente ricerche di mercato. Osservi i mercati, rilevi le nuove tendenze e cerchi di sviluppare il pi\u00f9 possibile nuovi canali di vendita. Monitori la concorrenza e implementi gli strumenti di marketing per la vendita, la promozione delle vendite e il merchandising.<\/p>\n<div class=\"boxContent\">\n<p style=\"text-align: left;\">Sviluppi i concetti di marketing e i sistemi di monitoraggio e controllo delle vendite. Conosci i punti di forza e le aree di miglioramento della tua impresa e ottimizzi le procedure e i processi. Gestisci i budget assegnati dall&#8217;azienda e ti assicuri di valutare la situazione in collaborazione con il Marketing e il Controlling. Le informazioni ottenute ti permettono di conoscere il successo delle varie attivit\u00e0 di vendita. All&#8217;interno della tua azienda, collabori con la produzione, la logistica, la contabilit\u00e0, ecc. e comunichi le informazioni rilevanti e le tue conclusioni ai tuoi collaboratori. In aggiunta, sei in grado di trovare risposte a questioni legali che si presentano quotidianamente.<\/p>\n<p style=\"text-align: left;\"><strong>Due percorsi secondo la specializzazione scelta<br \/>\n<\/strong><\/p>\n<p style=\"text-align: left;\">Secondo la specializzazione scelta, metterai il focus su KAM Key-Account-Management o sulla gestione delle vendite:<\/p>\n<p style=\"text-align: left;\"><strong>I Capi di vendita della specializzazione KAM Key-Account-Management<\/strong> lavorano a stretto contatto con i clienti pi\u00f9 importanti dell&#8217;azienda (clienti A). L&#8217;attenzione che si pone in questo rapporto determiner\u00e0 lo sviluppo della collaborazione e, in ultima analisi, avr\u00e0 un impatto significativo sulle vendite e persino sul fatturato.<\/p>\n<p style=\"text-align: left;\"><strong>I Capi di vendita che si specializzano nella gestione delle vendite<\/strong>, pianificano, realizzano e controllano le attivit\u00e0 operative della vendita. Essi organizzano e gestiscono il dipartimento delle vendite.<\/p>\n<\/div>\n[\/vc_column_text][\/vc_column_inner][vc_column_inner column_padding=&#8221;no-extra-padding&#8221; column_padding_tablet=&#8221;inherit&#8221; column_padding_phone=&#8221;inherit&#8221; column_padding_position=&#8221;all&#8221; column_element_spacing=&#8221;default&#8221; background_color_opacity=&#8221;1&#8243; background_hover_color_opacity=&#8221;1&#8243; column_shadow=&#8221;none&#8221; column_border_radius=&#8221;none&#8221; column_link_target=&#8221;_self&#8221; gradient_direction=&#8221;left_to_right&#8221; overlay_strength=&#8221;0.3&#8243; width=&#8221;1\/4&#8243; tablet_width_inherit=&#8221;default&#8221; animation_type=&#8221;default&#8221; bg_image_animation=&#8221;none&#8221; border_type=&#8221;simple&#8221; column_border_width=&#8221;none&#8221; column_border_style=&#8221;solid&#8221; offset=&#8221;vc_hidden-sm vc_hidden-xs&#8221;][\/vc_column_inner][\/vc_row_inner][\/vc_column][\/vc_row][vc_row type=&#8221;full_width_background&#8221; full_screen_row_position=&#8221;middle&#8221; column_margin=&#8221;default&#8221; equal_height=&#8221;yes&#8221; content_placement=&#8221;middle&#8221; column_direction=&#8221;default&#8221; column_direction_tablet=&#8221;default&#8221; column_direction_phone=&#8221;default&#8221; bg_color=&#8221;#ffffff&#8221; scene_position=&#8221;center&#8221; top_padding=&#8221;80&#8243; bottom_padding=&#8221;80&#8243; text_color=&#8221;custom&#8221; custom_text_color=&#8221;#0a0a0a&#8221; text_align=&#8221;left&#8221; row_border_radius=&#8221;none&#8221; row_border_radius_applies=&#8221;bg&#8221; overflow=&#8221;visible&#8221; color_overlay=&#8221;#f27515&#8243; overlay_strength=&#8221;0.95&#8243; gradient_direction=&#8221;left_to_right&#8221; shape_divider_position=&#8221;bottom&#8221; bg_image_animation=&#8221;none&#8221; shape_type=&#8221;&#8221;][vc_column column_padding=&#8221;no-extra-padding&#8221; column_padding_tablet=&#8221;inherit&#8221; column_padding_phone=&#8221;inherit&#8221; column_padding_position=&#8221;all&#8221; column_element_spacing=&#8221;default&#8221; background_color_opacity=&#8221;1&#8243; background_hover_color_opacity=&#8221;1&#8243; column_shadow=&#8221;none&#8221; column_border_radius=&#8221;none&#8221; column_link_target=&#8221;_self&#8221; column_position=&#8221;default&#8221; gradient_direction=&#8221;left_to_right&#8221; overlay_strength=&#8221;0.3&#8243; width=&#8221;8\/12&#8243; tablet_width_inherit=&#8221;default&#8221; tablet_text_alignment=&#8221;center&#8221; phone_text_alignment=&#8221;center&#8221; animation_type=&#8221;default&#8221; bg_image_animation=&#8221;none&#8221; border_type=&#8221;simple&#8221; column_border_width=&#8221;none&#8221; column_border_style=&#8221;solid&#8221;][nectar_highlighted_text color_type=&#8221;regular&#8221; highlight_color=&#8221;#ff1053&#8243; style=&#8221;half_text&#8221;]\n<h2>Per passare all&#8217;iscrizione<\/h2>\n[\/nectar_highlighted_text][vc_column_text]Iscriviti adesso ai corsi preparatori di Capo e Capa delle vendite con diploma superiore federale.[\/vc_column_text][\/vc_column][vc_column column_padding=&#8221;no-extra-padding&#8221; column_padding_tablet=&#8221;inherit&#8221; column_padding_phone=&#8221;inherit&#8221; column_padding_position=&#8221;all&#8221; column_element_spacing=&#8221;default&#8221; background_color_opacity=&#8221;1&#8243; background_hover_color_opacity=&#8221;1&#8243; column_shadow=&#8221;none&#8221; column_border_radius=&#8221;none&#8221; column_link_target=&#8221;_self&#8221; column_position=&#8221;default&#8221; gradient_direction=&#8221;left_to_right&#8221; overlay_strength=&#8221;0.3&#8243; width=&#8221;4\/12&#8243; tablet_width_inherit=&#8221;default&#8221; tablet_text_alignment=&#8221;center&#8221; phone_text_alignment=&#8221;center&#8221; animation_type=&#8221;default&#8221; bg_image_animation=&#8221;none&#8221; border_type=&#8221;simple&#8221; column_border_width=&#8221;none&#8221; column_border_style=&#8221;solid&#8221;][vc_row_inner column_margin=&#8221;default&#8221; column_direction=&#8221;default&#8221; column_direction_tablet=&#8221;default&#8221; column_direction_phone=&#8221;default&#8221; text_align=&#8221;right&#8221; row_position=&#8221;default&#8221; row_position_tablet=&#8221;inherit&#8221; row_position_phone=&#8221;inherit&#8221; overflow=&#8221;visible&#8221; pointer_events=&#8221;all&#8221;][vc_column_inner column_padding=&#8221;no-extra-padding&#8221; column_padding_tablet=&#8221;inherit&#8221; column_padding_phone=&#8221;inherit&#8221; column_padding_position=&#8221;all&#8221; column_element_spacing=&#8221;default&#8221; background_color_opacity=&#8221;1&#8243; background_hover_color_opacity=&#8221;1&#8243; column_shadow=&#8221;none&#8221; column_border_radius=&#8221;none&#8221; column_link_target=&#8221;_self&#8221; gradient_direction=&#8221;left_to_right&#8221; overlay_strength=&#8221;0.3&#8243; width=&#8221;1\/1&#8243; tablet_width_inherit=&#8221;default&#8221; animation_type=&#8221;default&#8221; bg_image_animation=&#8221;none&#8221; border_type=&#8221;simple&#8221; column_border_width=&#8221;none&#8221; column_border_style=&#8221;solid&#8221;][nectar_btn size=&#8221;jumbo&#8221; button_style=&#8221;regular&#8221; button_color_2=&#8221;Accent-Color&#8221; color_override=&#8221;#262626&#8243; solid_text_color_override=&#8221;#ffffff&#8221; icon_family=&#8221;default_arrow&#8221; url=&#8221;https:\/\/kairos-academy.ch\/it\/contatto\/&#8221; text=&#8221;Iscrizione&#8221;][\/vc_column_inner][\/vc_row_inner][\/vc_column][\/vc_row][vc_row type=&#8221;full_width_background&#8221; full_screen_row_position=&#8221;middle&#8221; column_margin=&#8221;default&#8221; column_direction=&#8221;default&#8221; column_direction_tablet=&#8221;default&#8221; column_direction_phone=&#8221;default&#8221; bg_color=&#8221;#f7f7f7&#8243; scene_position=&#8221;center&#8221; top_padding=&#8221;100&#8243; bottom_padding=&#8221;100&#8243; text_color=&#8221;dark&#8221; text_align=&#8221;left&#8221; row_border_radius=&#8221;none&#8221; row_border_radius_applies=&#8221;bg&#8221; overflow=&#8221;visible&#8221; overlay_strength=&#8221;0.3&#8243; gradient_direction=&#8221;left_to_right&#8221; shape_divider_position=&#8221;bottom&#8221; bg_image_animation=&#8221;none&#8221;][vc_column column_padding=&#8221;no-extra-padding&#8221; column_padding_tablet=&#8221;inherit&#8221; column_padding_phone=&#8221;inherit&#8221; column_padding_position=&#8221;all&#8221; column_element_spacing=&#8221;default&#8221; background_color_opacity=&#8221;1&#8243; background_hover_color_opacity=&#8221;1&#8243; column_shadow=&#8221;none&#8221; column_border_radius=&#8221;none&#8221; column_link_target=&#8221;_self&#8221; column_position=&#8221;default&#8221; gradient_direction=&#8221;left_to_right&#8221; overlay_strength=&#8221;0.3&#8243; width=&#8221;3\/4&#8243; tablet_width_inherit=&#8221;default&#8221; tablet_text_alignment=&#8221;default&#8221; phone_text_alignment=&#8221;default&#8221; animation_type=&#8221;default&#8221; bg_image_animation=&#8221;none&#8221; border_type=&#8221;simple&#8221; column_border_width=&#8221;none&#8221; column_border_style=&#8221;solid&#8221;][vc_column_text]\n<h2>La formazione<\/h2>\n[\/vc_column_text][toggles style=&#8221;default&#8221;][toggle color=&#8221;Default&#8221; title=&#8221;La formazione&#8221;][vc_row_inner column_margin=&#8221;default&#8221; column_direction=&#8221;default&#8221; column_direction_tablet=&#8221;default&#8221; column_direction_phone=&#8221;default&#8221; text_align=&#8221;left&#8221; row_position=&#8221;default&#8221; row_position_tablet=&#8221;inherit&#8221; row_position_phone=&#8221;inherit&#8221; overflow=&#8221;visible&#8221; pointer_events=&#8221;all&#8221;][vc_column_inner column_padding=&#8221;no-extra-padding&#8221; column_padding_tablet=&#8221;inherit&#8221; column_padding_phone=&#8221;inherit&#8221; column_padding_position=&#8221;all&#8221; column_element_spacing=&#8221;default&#8221; background_color_opacity=&#8221;1&#8243; background_hover_color_opacity=&#8221;1&#8243; column_shadow=&#8221;none&#8221; column_border_radius=&#8221;none&#8221; column_link_target=&#8221;_self&#8221; gradient_direction=&#8221;left_to_right&#8221; overlay_strength=&#8221;0.3&#8243; width=&#8221;1\/1&#8243; tablet_width_inherit=&#8221;default&#8221; animation_type=&#8221;default&#8221; bg_image_animation=&#8221;none&#8221; border_type=&#8221;simple&#8221; column_border_width=&#8221;none&#8221; column_border_style=&#8221;solid&#8221;]<div class=\"nectar-fancy-ul\" data-list-icon=\"icon-salient-thin-line\" data-animation=\"false\" data-animation-delay=\"0\" data-color=\"accent-color\" data-spacing=\"default\" data-alignment=\"left\"> \n<h2><strong>Campi d&#8217;azione e materie d&#8217;esame<\/strong><\/h2>\n<p>&nbsp;<\/p>\n<ul>\n<li>Messa in situazione Marketing e vendite (scritto)<\/li>\n<li>Studio di caso integrato 1 (scritto); studio di caso integrato 2 (scritto)<\/li>\n<li>Critical incident (orale)<\/li>\n<li>Presentazione (orale); colloquio con gli esperti (orale)<\/li>\n<\/ul>\n <\/div>[vc_column_text]\n<h2><strong>Programma<\/strong><\/h2>\n[\/vc_column_text][\/vc_column_inner][\/vc_row_inner][vc_row_inner column_margin=&#8221;default&#8221; column_direction=&#8221;default&#8221; column_direction_tablet=&#8221;default&#8221; column_direction_phone=&#8221;default&#8221; text_align=&#8221;left&#8221; row_position=&#8221;default&#8221; row_position_tablet=&#8221;inherit&#8221; row_position_phone=&#8221;inherit&#8221; overflow=&#8221;visible&#8221; pointer_events=&#8221;all&#8221;][vc_column_inner column_padding=&#8221;no-extra-padding&#8221; column_padding_tablet=&#8221;inherit&#8221; column_padding_phone=&#8221;inherit&#8221; column_padding_position=&#8221;all&#8221; column_element_spacing=&#8221;default&#8221; background_color_opacity=&#8221;1&#8243; background_hover_color_opacity=&#8221;1&#8243; column_shadow=&#8221;none&#8221; column_border_radius=&#8221;none&#8221; column_link_target=&#8221;_self&#8221; gradient_direction=&#8221;left_to_right&#8221; overlay_strength=&#8221;0.3&#8243; width=&#8221;1\/3&#8243; tablet_width_inherit=&#8221;default&#8221; animation_type=&#8221;default&#8221; bg_image_animation=&#8221;none&#8221; border_type=&#8221;simple&#8221; column_border_width=&#8221;none&#8221; column_border_style=&#8221;solid&#8221;]<div class=\"nectar-fancy-ul\" data-list-icon=\"icon-salient-thin-line\" data-animation=\"true\" data-animation-delay=\"0\" data-color=\"accent-color\" data-spacing=\"default\" data-alignment=\"left\"> \n<h5>BASI<\/h5>\n<p>&nbsp;<\/p>\n<ul>\n<li>Marketing: basi e strategie<\/li>\n<li>Gestione e organizzazione<\/li>\n<li>Contabilit\u00e0 finanziaria e contabilit\u00e0 operativa<\/li>\n<li>Diritto e EP<\/li>\n<li>Gestione delle vendite<\/li>\n<li>Pianificazione delle vendite, distribuzione e gestione della distribuzione<\/li>\n<li>Marketing e strumenti<\/li>\n<li>Informazioni sulle vendite e Controlling<\/li>\n<\/ul>\n <\/div>[\/vc_column_inner][vc_column_inner column_padding=&#8221;no-extra-padding&#8221; column_padding_tablet=&#8221;inherit&#8221; column_padding_phone=&#8221;inherit&#8221; column_padding_position=&#8221;all&#8221; column_element_spacing=&#8221;default&#8221; background_color_opacity=&#8221;1&#8243; background_hover_color_opacity=&#8221;1&#8243; column_shadow=&#8221;none&#8221; column_border_radius=&#8221;none&#8221; column_link_target=&#8221;_self&#8221; gradient_direction=&#8221;left_to_right&#8221; overlay_strength=&#8221;0.3&#8243; width=&#8221;1\/3&#8243; tablet_width_inherit=&#8221;default&#8221; animation_type=&#8221;default&#8221; bg_image_animation=&#8221;none&#8221; border_type=&#8221;simple&#8221; column_border_width=&#8221;none&#8221; column_border_style=&#8221;solid&#8221;]<div class=\"nectar-fancy-ul\" data-list-icon=\"icon-salient-thin-line\" data-animation=\"true\" data-animation-delay=\"0\" data-color=\"accent-color\" data-spacing=\"default\" data-alignment=\"left\"> \n<h5>SVILUPPO DELLE COMPETENZE<\/h5>\n<p>&nbsp;<\/p>\n<ul>\n<li>Approfondimento del management delle vendite e della distribuzione<\/li>\n<li>Studio del ruolo della Capa\/ del Capo delle vendite, del KAM Key Account Manager<\/li>\n<li>Sviluppo di concetti di vendita e implementazione (casi di studio, presentazione e colloquio con gli esperti)<\/li>\n<\/ul>\n <\/div>[\/vc_column_inner][vc_column_inner column_padding=&#8221;no-extra-padding&#8221; column_padding_tablet=&#8221;inherit&#8221; column_padding_phone=&#8221;inherit&#8221; column_padding_position=&#8221;all&#8221; column_element_spacing=&#8221;default&#8221; background_color_opacity=&#8221;1&#8243; background_hover_color_opacity=&#8221;1&#8243; column_shadow=&#8221;none&#8221; column_border_radius=&#8221;none&#8221; column_link_target=&#8221;_self&#8221; gradient_direction=&#8221;left_to_right&#8221; overlay_strength=&#8221;0.3&#8243; width=&#8221;1\/3&#8243; tablet_width_inherit=&#8221;default&#8221; animation_type=&#8221;default&#8221; bg_image_animation=&#8221;none&#8221; border_type=&#8221;simple&#8221; column_border_width=&#8221;none&#8221; column_border_style=&#8221;solid&#8221;]<div class=\"nectar-fancy-ul\" data-list-icon=\"icon-salient-thin-line\" data-animation=\"true\" data-animation-delay=\"0\" data-color=\"accent-color\" data-spacing=\"default\" data-alignment=\"left\"> \n<h5>PREPARAZIONE<\/h5>\n<p>&nbsp;<\/p>\n<ul>\n<li>Individuo e gruppo<\/li>\n<li>Animazione di meeting<\/li>\n<li>Tecniche di lavoro<\/li>\n<li>Tecniche di presentazione<\/li>\n<li>Preparazione agli esami orali<\/li>\n<li>Preparazione agli esami scritti<\/li>\n<li>Min. 2-3 simulazioni complete dell&#8217;esame finale<\/li>\n<li>Lavoro di gruppo<\/li>\n<\/ul>\n <\/div>[\/vc_column_inner][\/vc_row_inner][vc_row_inner column_margin=&#8221;default&#8221; column_direction=&#8221;default&#8221; column_direction_tablet=&#8221;default&#8221; column_direction_phone=&#8221;default&#8221; text_align=&#8221;left&#8221; row_position=&#8221;default&#8221; row_position_tablet=&#8221;inherit&#8221; row_position_phone=&#8221;inherit&#8221; overflow=&#8221;visible&#8221; pointer_events=&#8221;all&#8221;][vc_column_inner column_padding=&#8221;no-extra-padding&#8221; column_padding_tablet=&#8221;inherit&#8221; column_padding_phone=&#8221;inherit&#8221; column_padding_position=&#8221;all&#8221; column_element_spacing=&#8221;default&#8221; background_color_opacity=&#8221;1&#8243; background_hover_color_opacity=&#8221;1&#8243; column_shadow=&#8221;none&#8221; column_border_radius=&#8221;none&#8221; column_link_target=&#8221;_self&#8221; gradient_direction=&#8221;left_to_right&#8221; overlay_strength=&#8221;0.3&#8243; width=&#8221;1\/1&#8243; tablet_width_inherit=&#8221;default&#8221; animation_type=&#8221;default&#8221; bg_image_animation=&#8221;none&#8221; border_type=&#8221;simple&#8221; column_border_width=&#8221;none&#8221; column_border_style=&#8221;solid&#8221;][vc_column_text]<strong>Obiettivi e materiale didattico<br \/>\n<\/strong><\/p>\n<p>Alla fine del corso i partecipanti avranno acquisito la padronanza degli aspetti teorici e pratici per agire con competenza nel loro ruolo. Saranno in grado di soddisfare i criteri specificati nelle linee guida federali e potranno lavorare nella gestione di un&#8217;azienda di medie o grandi dimensioni. Comprenderanno l&#8217;importanza del loro ruolo nell&#8217;azienda che opera in un ambiente economico sempre pi\u00f9 dinamico. Al termine degli studi, i partecipanti avranno acquisito le competenze necessarie per sostenere l&#8217;esame professionale finale per il conseguimento del diploma federale di Capo o Capa delle vendite. Il materiale, ampio e ben strutturato, viene fornito in formato elettronico (incluso nel costo della formazione).<\/p>\n<p>Nota: l&#8217;ordine delle materie pu\u00f2 variare di volta in volta.[\/vc_column_text][\/vc_column_inner][\/vc_row_inner][\/toggle][toggle color=&#8221;Default&#8221; title=&#8221;Criteri d&#8217;ammissione&#8221;][vc_column_text]Sono ammessi all&#8217;esame i candidati che sono in possesso di una delle seguenti qualifiche o di una qualifica equivalente:<\/p>\n<p>a)<\/p>\n<ul>\n<li>attestato federale di specialista della vendita, diploma di un&#8217;altra disciplina, diploma di una scuola di commercio o di un&#8217;universit\u00e0, o diploma universitario<\/li>\n<li>min. 3 anni di esperienza professionale pratica in una funzione di gestione o come responsabile di un reparto vendite<\/li>\n<\/ul>\n<p>oppure<\/p>\n<p>b)<\/p>\n<ul>\n<li>une formazione di base di almeno 3 anni, un diploma di una scuola commerciale riconosciuta, un diploma di maturit\u00e0 professionale o di scuola secondaria o simili e<\/li>\n<li>min. 6 anni anni di esperienza lavorativa pratica, di cui almeno 3 anni in una posizione dirigenziale o come responsabile di un reparto vendite<\/li>\n<\/ul>\n<p>&nbsp;<\/p>\n<h3>Altri requisiti<\/h3>\n<p>&nbsp;<\/p>\n<ul>\n<li>capacit\u00e0 analitiche<\/li>\n<li>buone conoscenze contabili<\/li>\n<li>capacit\u00e0 organizzative<\/li>\n<li>attitudine comunicativa<\/li>\n<li>buone competenze linguistiche.<\/li>\n<\/ul>\n[\/vc_column_text][\/toggle][toggle color=&#8221;Default&#8221; title=&#8221;Inizio dei corsi e dettagli&#8221;][vc_column_text]<\/li>\n<\/ul>\n<p>&nbsp;<\/p>\n<h4><strong>CAPO E CAPA DELLE VENDITE CON DIPLOMA SUPERIORE FEDERALE<br \/>\n<\/strong><\/h4>\n<p><strong>400 lezioni di 45 minuti<\/strong>, di cui circa 1\/2 sono proposte nella prospettiva progressista del \u00ab Blended Learning \u00bb, con diversi dispositivi online, concetti e metodi di apprendimento misto, compresi progetti multimediali e numerosi casi di studio &#8211; durata della formazione 2-3 semestri, costo della formazione<strong>\u00a017&#8217;650 CHF<\/strong> <u>(escluse<\/u> tasse dell&#8217;esame federale).<\/p>\n<p>Partecipanti: il corso \u00e8 adatto a persone provenienti da tutti i settori dell&#8217;economia, idealmente in possesso di un diploma federale di specialista delle vendite o con una buona esperienza nel campo delle vendite, a manager responsabili di un&#8217;area commerciale, che guidano un team di collaboratori o che hanno precedentemente guidato un team di collaboratori nelle vendita e che desiderano sostenere l&#8217;esame superiore per Capo e Capa delle vendite con diploma federale.<\/p>\n<p>Vantaggio finanziario: con le sovvenzioni federali del 50% il tuo investimento nella formazione sar\u00e0 di CHF 8\u2019825, contattaci per maggiori informazioni o visita la pagina della SEFRI al link www.sbfi.admin.ch\/contributi<\/p>\n<p>&nbsp;<\/p>\n<p>&nbsp;<\/p>\n<h4><strong>INIZIO DEI CORSI IN PRIMAVERA E IN AUTUNNO<\/strong><\/h4>\n<p><strong>Un valore aggiunto interessante:<\/strong> KAIROS ti offre la possibilit\u00e0 di scegliere liberamente la lingua della tua formazione e la lingua in cui sostenere gli esami (tre lingue nazionali + inglese per il lavoro di diploma).[\/vc_column_text][\/toggle][toggle color=&#8221;Default&#8221; title=&#8221;Titolo ottenuto&#8221;][vc_column_text]\n<div class=\"text-block__text\">\n<p><strong>TITOLO<\/strong><\/p>\n<p>Le persone che superano l&#8217;esame possono avvalersi del seguente titolo riconosciuto:<\/p>\n<p><strong>Capo o Capa delle vendite con diploma federale<\/strong><\/p>\n<p>Per la traduzione inglese il titolo corrispondente \u00e8 &#8220;Head of Sales, Federal Diploma of Higher Education&#8221;.<\/p>\n<p>Gli esami scritti e orali hanno luogo ogni anno in agosto (Basilea e Lucerna).[\/vc_column_text][\/toggle][\/toggles][\/vc_column][vc_column column_padding=&#8221;no-extra-padding&#8221; column_padding_tablet=&#8221;inherit&#8221; column_padding_phone=&#8221;inherit&#8221; column_padding_position=&#8221;all&#8221; column_element_spacing=&#8221;default&#8221; background_color_opacity=&#8221;1&#8243; background_hover_color_opacity=&#8221;1&#8243; column_shadow=&#8221;none&#8221; column_border_radius=&#8221;none&#8221; column_link_target=&#8221;_self&#8221; column_position=&#8221;default&#8221; gradient_direction=&#8221;left_to_right&#8221; overlay_strength=&#8221;0.3&#8243; width=&#8221;1\/4&#8243; tablet_width_inherit=&#8221;default&#8221; tablet_text_alignment=&#8221;default&#8221; phone_text_alignment=&#8221;default&#8221; animation_type=&#8221;default&#8221; bg_image_animation=&#8221;none&#8221; border_type=&#8221;simple&#8221; column_border_width=&#8221;none&#8221; column_border_style=&#8221;solid&#8221; offset=&#8221;vc_hidden-sm vc_hidden-xs&#8221;][\/vc_column][\/vc_row][vc_row type=&#8221;in_container&#8221; full_screen_row_position=&#8221;middle&#8221; column_margin=&#8221;default&#8221; column_direction=&#8221;default&#8221; column_direction_tablet=&#8221;default&#8221; column_direction_phone=&#8221;default&#8221; scene_position=&#8221;center&#8221; text_color=&#8221;dark&#8221; text_align=&#8221;left&#8221; row_border_radius=&#8221;none&#8221; row_border_radius_applies=&#8221;bg&#8221; overflow=&#8221;visible&#8221; overlay_strength=&#8221;0.3&#8243; gradient_direction=&#8221;left_to_right&#8221; shape_divider_position=&#8221;bottom&#8221; bg_image_animation=&#8221;none&#8221;][vc_column column_padding=&#8221;no-extra-padding&#8221; column_padding_tablet=&#8221;inherit&#8221; column_padding_phone=&#8221;inherit&#8221; column_padding_position=&#8221;all&#8221; column_element_spacing=&#8221;default&#8221; background_color_opacity=&#8221;1&#8243; background_hover_color_opacity=&#8221;1&#8243; column_shadow=&#8221;none&#8221; column_border_radius=&#8221;none&#8221; column_link_target=&#8221;_self&#8221; column_position=&#8221;default&#8221; gradient_direction=&#8221;left_to_right&#8221; overlay_strength=&#8221;0.3&#8243; width=&#8221;1\/1&#8243; tablet_width_inherit=&#8221;default&#8221; tablet_text_alignment=&#8221;default&#8221; phone_text_alignment=&#8221;default&#8221; animation_type=&#8221;default&#8221; bg_image_animation=&#8221;none&#8221; border_type=&#8221;simple&#8221; column_border_width=&#8221;none&#8221; column_border_style=&#8221;solid&#8221;][vc_column_text]<\/div>\n[\/vc_column_text][\/vc_column][\/vc_row]\n","protected":false},"excerpt":{"rendered":"<p>[vc_row type=&#8221;in_container&#8221; full_screen_row_position=&#8221;middle&#8221; column_margin=&#8221;default&#8221; column_direction=&#8221;default&#8221; column_direction_tablet=&#8221;default&#8221; column_direction_phone=&#8221;default&#8221; scene_position=&#8221;center&#8221; top_padding=&#8221;5%&#8221; text_color=&#8221;dark&#8221; text_align=&#8221;left&#8221; row_border_radius=&#8221;none&#8221; row_border_radius_applies=&#8221;bg&#8221; overflow=&#8221;visible&#8221; overlay_strength=&#8221;0.3&#8243; gradient_direction=&#8221;left_to_right&#8221; shape_divider_position=&#8221;bottom&#8221; bg_image_animation=&#8221;none&#8221; shape_type=&#8221;&#8221;][vc_column column_padding=&#8221;no-extra-padding&#8221; column_padding_tablet=&#8221;inherit&#8221; column_padding_phone=&#8221;inherit&#8221; column_padding_position=&#8221;all&#8221; column_element_spacing=&#8221;default&#8221; background_color_opacity=&#8221;1&#8243; background_hover_color_opacity=&#8221;1&#8243; column_shadow=&#8221;none&#8221; column_border_radius=&#8221;none&#8221; column_link_target=&#8221;_self&#8221; column_position=&#8221;default&#8221;&#8230;<\/p>\n","protected":false},"author":5,"featured_media":0,"parent":0,"menu_order":0,"comment_status":"closed","ping_status":"closed","template":"","meta":[],"_links":{"self":[{"href":"https:\/\/kairos-academy.ch\/it\/wp-json\/wp\/v2\/pages\/1997"}],"collection":[{"href":"https:\/\/kairos-academy.ch\/it\/wp-json\/wp\/v2\/pages"}],"about":[{"href":"https:\/\/kairos-academy.ch\/it\/wp-json\/wp\/v2\/types\/page"}],"author":[{"embeddable":true,"href":"https:\/\/kairos-academy.ch\/it\/wp-json\/wp\/v2\/users\/5"}],"replies":[{"embeddable":true,"href":"https:\/\/kairos-academy.ch\/it\/wp-json\/wp\/v2\/comments?post=1997"}],"version-history":[{"count":13,"href":"https:\/\/kairos-academy.ch\/it\/wp-json\/wp\/v2\/pages\/1997\/revisions"}],"predecessor-version":[{"id":3522,"href":"https:\/\/kairos-academy.ch\/it\/wp-json\/wp\/v2\/pages\/1997\/revisions\/3522"}],"wp:attachment":[{"href":"https:\/\/kairos-academy.ch\/it\/wp-json\/wp\/v2\/media?parent=1997"}],"curies":[{"name":"wp","href":"https:\/\/api.w.org\/{rel}","templated":true}]}}