{"id":2165,"date":"2022-08-02T17:22:22","date_gmt":"2022-08-02T17:22:22","guid":{"rendered":"https:\/\/seeland.dev.mxm.agency\/?page_id=2165"},"modified":"2022-11-23T16:49:57","modified_gmt":"2022-11-23T14:49:57","slug":"specialista-in-organizazzione-di-impresa-con-attestato-federale","status":"publish","type":"page","link":"https:\/\/kairos-academy.ch\/it\/specialista-in-organizazzione-di-impresa-con-attestato-federale\/","title":{"rendered":"Specialista in organizzazione di impresa con attestato federale"},"content":{"rendered":"[vc_row type=&#8221;in_container&#8221; full_screen_row_position=&#8221;middle&#8221; column_margin=&#8221;default&#8221; column_direction=&#8221;default&#8221; column_direction_tablet=&#8221;default&#8221; column_direction_phone=&#8221;default&#8221; scene_position=&#8221;center&#8221; top_padding=&#8221;5%&#8221; text_color=&#8221;dark&#8221; text_align=&#8221;left&#8221; row_border_radius=&#8221;none&#8221; row_border_radius_applies=&#8221;bg&#8221; overflow=&#8221;visible&#8221; overlay_strength=&#8221;0.3&#8243; gradient_direction=&#8221;left_to_right&#8221; shape_divider_position=&#8221;bottom&#8221; bg_image_animation=&#8221;none&#8221; shape_type=&#8221;&#8221;][vc_column column_padding=&#8221;no-extra-padding&#8221; column_padding_tablet=&#8221;inherit&#8221; column_padding_phone=&#8221;inherit&#8221; column_padding_position=&#8221;all&#8221; column_element_spacing=&#8221;default&#8221; background_color_opacity=&#8221;1&#8243; background_hover_color_opacity=&#8221;1&#8243; column_shadow=&#8221;none&#8221; column_border_radius=&#8221;none&#8221; column_link_target=&#8221;_self&#8221; column_position=&#8221;default&#8221; gradient_direction=&#8221;left_to_right&#8221; overlay_strength=&#8221;0.3&#8243; width=&#8221;3\/4&#8243; tablet_width_inherit=&#8221;default&#8221; tablet_text_alignment=&#8221;default&#8221; phone_text_alignment=&#8221;default&#8221; animation_type=&#8221;default&#8221; bg_image_animation=&#8221;none&#8221; border_type=&#8221;simple&#8221; column_border_width=&#8221;none&#8221; column_border_style=&#8221;solid&#8221;][vc_custom_heading text=&#8221;Specialista in organizzazione d&#8217;impresa con attestato federale&#8221; font_container=&#8221;tag:h2|font_size:42|text_align:left|line_height:52px&#8221; use_theme_fonts=&#8221;yes&#8221;][vc_column_text css=&#8221;.vc_custom_1662468968291{margin-top: 30px !important;margin-bottom: 30px !important;}&#8221;]Formazione continua in vista della qualifica di quadri nell&#8217;ambito del management dell&#8217;organizzazione. La formazione prepara agli esami professionali federali.[\/vc_column_text][\/vc_column][vc_column column_padding=&#8221;no-extra-padding&#8221; column_padding_tablet=&#8221;inherit&#8221; column_padding_phone=&#8221;inherit&#8221; column_padding_position=&#8221;all&#8221; column_element_spacing=&#8221;default&#8221; background_color_opacity=&#8221;1&#8243; background_hover_color_opacity=&#8221;1&#8243; column_shadow=&#8221;none&#8221; column_border_radius=&#8221;none&#8221; column_link_target=&#8221;_self&#8221; column_position=&#8221;default&#8221; gradient_direction=&#8221;left_to_right&#8221; overlay_strength=&#8221;0.3&#8243; width=&#8221;1\/4&#8243; tablet_width_inherit=&#8221;default&#8221; tablet_text_alignment=&#8221;default&#8221; phone_text_alignment=&#8221;default&#8221; animation_type=&#8221;default&#8221; bg_image_animation=&#8221;none&#8221; border_type=&#8221;simple&#8221; column_border_width=&#8221;none&#8221; column_border_style=&#8221;solid&#8221; offset=&#8221;vc_hidden-sm vc_hidden-xs&#8221;][\/vc_column][\/vc_row][vc_row type=&#8221;full_width_background&#8221; full_screen_row_position=&#8221;middle&#8221; column_margin=&#8221;default&#8221; column_direction=&#8221;default&#8221; column_direction_tablet=&#8221;default&#8221; column_direction_phone=&#8221;default&#8221; bg_color=&#8221;#ffffff&#8221; scene_position=&#8221;center&#8221; bottom_padding=&#8221;3%&#8221; text_color=&#8221;dark&#8221; text_align=&#8221;left&#8221; row_border_radius=&#8221;none&#8221; row_border_radius_applies=&#8221;bg&#8221; overflow=&#8221;visible&#8221; id=&#8221;core-features&#8221; row_name=&#8221;Core Features&#8221; overlay_strength=&#8221;0.3&#8243; gradient_direction=&#8221;left_to_right&#8221; shape_divider_position=&#8221;bottom&#8221; bg_image_animation=&#8221;none&#8221; shape_type=&#8221;&#8221;][vc_column column_padding=&#8221;no-extra-padding&#8221; column_padding_tablet=&#8221;inherit&#8221; column_padding_phone=&#8221;inherit&#8221; column_padding_position=&#8221;all&#8221; column_element_spacing=&#8221;default&#8221; centered_text=&#8221;true&#8221; background_color_opacity=&#8221;1&#8243; background_hover_color_opacity=&#8221;1&#8243; column_shadow=&#8221;none&#8221; column_border_radius=&#8221;none&#8221; column_link_target=&#8221;_self&#8221; column_position=&#8221;default&#8221; gradient_direction=&#8221;left_to_right&#8221; overlay_strength=&#8221;0.3&#8243; width=&#8221;1\/1&#8243; tablet_width_inherit=&#8221;default&#8221; tablet_text_alignment=&#8221;default&#8221; phone_text_alignment=&#8221;default&#8221; animation_type=&#8221;default&#8221; bg_image_animation=&#8221;none&#8221; border_type=&#8221;simple&#8221; column_border_width=&#8221;none&#8221; column_border_style=&#8221;solid&#8221;][vc_row_inner column_margin=&#8221;default&#8221; column_direction=&#8221;default&#8221; column_direction_tablet=&#8221;default&#8221; column_direction_phone=&#8221;default&#8221; text_align=&#8221;left&#8221; row_position=&#8221;default&#8221; row_position_tablet=&#8221;inherit&#8221; row_position_phone=&#8221;inherit&#8221; overflow=&#8221;visible&#8221; pointer_events=&#8221;all&#8221;][vc_column_inner column_padding=&#8221;no-extra-padding&#8221; column_padding_tablet=&#8221;inherit&#8221; column_padding_phone=&#8221;inherit&#8221; column_padding_position=&#8221;all&#8221; column_element_spacing=&#8221;default&#8221; background_color_opacity=&#8221;1&#8243; background_hover_color_opacity=&#8221;1&#8243; column_shadow=&#8221;none&#8221; column_border_radius=&#8221;none&#8221; column_link_target=&#8221;_self&#8221; gradient_direction=&#8221;left_to_right&#8221; overlay_strength=&#8221;0.3&#8243; width=&#8221;3\/4&#8243; tablet_width_inherit=&#8221;default&#8221; animation_type=&#8221;default&#8221; enable_animation=&#8221;true&#8221; animation=&#8221;fade-in&#8221; bg_image_animation=&#8221;none&#8221; border_type=&#8221;simple&#8221; column_border_width=&#8221;none&#8221; column_border_style=&#8221;solid&#8221;][vc_column_text css=&#8221;.vc_custom_1662468985186{padding-bottom: 10px !important;}&#8221;]\n<h2 style=\"text-align: left;\">Descrizione della formazione<\/h2>\n[\/vc_column_text][vc_column_text css=&#8221;.vc_custom_1662469002160{margin-top: 30px !important;margin-bottom: 30px !important;}&#8221;]\n<p style=\"text-align: left;\">In qualit\u00e0 di Specialista in organizzazione d&#8217;impresa sei un professionista esperto o una professionista esperta nei settori della gestione strutturale, della gestione dei processi e della gestione dei progetti, nei quali conoscete un&#8217;ampia gamma di metodi e tecniche. Nei settori della gestione del cambiamento, della gestione della qualit\u00e0, della gestione delle tecnologie dell&#8217;informazione e della comunicazione (ICT), dell&#8217;economia aziendale e del diritto disponete di un know-how generalista. La tua competenza tematica ti permetter\u00e0 di lavorare in team interdisciplinari, dove sarai responsabile in particolare degli aspetti organizzativi e dei compiti di attuazione dei progetti.<\/p>\n<p style=\"text-align: left;\">Nell&#8217;ambito delle competenze personali, conosci le tecniche e gli strumenti che contribuiscono al successo di un progetto, in particolare nella fase di implementazione. Sei una persona di riferimento competente per aziende, amministrazioni e altre organizzazioni per tutte le questioni relative all&#8217;organizzazione. Nelle piccole e medie imprese si \u00e8 spesso coinvolti a livello dell&#8217;intera organizzazione, mentre nelle grandi organizzazioni a livello di unit\u00e0 o addirittura di divisioni. Collabori attivamente ai progetti e dai un contributo prezioso.<\/p>\n<p style=\"text-align: left;\">Nel tuo ruolo di Specialista dell&#8217;organizzazione aziendale, lavori in un contesto di interfaccia tra la direzione e i dipendenti, tra le unit\u00e0 aziendali e l&#8217;IT, tra la strategia e l&#8217;implementazione operativa, il che richiede flessibilit\u00e0 e resistenza allo stress. Il gusto per il cambiamento e l&#8217;imprevisto, anche nel proprio ambiente di lavoro, \u00e8 un prerequisito per svolgere con successo e soddisfazione questo ruolo impegnativo.<\/p>\n<p style=\"text-align: left;\">Con grande sensibilit\u00e0, comunichi regolarmente le tue esperienze, il tuo vissuto professionale, il comportamento degli attori nei progetti in cui sei coinvolto o coinvolta, ma anche la tua stessa performance. Nelle tue attivit\u00e0, naturalmente, affronti anche questioni etiche e ambientali.<\/p>\n[\/vc_column_text][\/vc_column_inner][vc_column_inner column_padding=&#8221;no-extra-padding&#8221; column_padding_tablet=&#8221;inherit&#8221; column_padding_phone=&#8221;inherit&#8221; column_padding_position=&#8221;all&#8221; column_element_spacing=&#8221;default&#8221; background_color_opacity=&#8221;1&#8243; background_hover_color_opacity=&#8221;1&#8243; column_shadow=&#8221;none&#8221; column_border_radius=&#8221;none&#8221; column_link_target=&#8221;_self&#8221; gradient_direction=&#8221;left_to_right&#8221; overlay_strength=&#8221;0.3&#8243; width=&#8221;1\/4&#8243; tablet_width_inherit=&#8221;default&#8221; animation_type=&#8221;default&#8221; bg_image_animation=&#8221;none&#8221; border_type=&#8221;simple&#8221; column_border_width=&#8221;none&#8221; column_border_style=&#8221;solid&#8221; offset=&#8221;vc_hidden-sm vc_hidden-xs&#8221;][\/vc_column_inner][\/vc_row_inner][\/vc_column][\/vc_row][vc_row type=&#8221;full_width_background&#8221; full_screen_row_position=&#8221;middle&#8221; column_margin=&#8221;default&#8221; equal_height=&#8221;yes&#8221; content_placement=&#8221;middle&#8221; column_direction=&#8221;default&#8221; column_direction_tablet=&#8221;default&#8221; column_direction_phone=&#8221;default&#8221; bg_color=&#8221;#ffffff&#8221; scene_position=&#8221;center&#8221; top_padding=&#8221;80&#8243; bottom_padding=&#8221;80&#8243; text_color=&#8221;custom&#8221; custom_text_color=&#8221;#0a0a0a&#8221; text_align=&#8221;left&#8221; row_border_radius=&#8221;none&#8221; row_border_radius_applies=&#8221;bg&#8221; overflow=&#8221;visible&#8221; color_overlay=&#8221;#f27515&#8243; overlay_strength=&#8221;0.95&#8243; gradient_direction=&#8221;left_to_right&#8221; shape_divider_position=&#8221;bottom&#8221; bg_image_animation=&#8221;none&#8221; shape_type=&#8221;&#8221;][vc_column column_padding=&#8221;no-extra-padding&#8221; column_padding_tablet=&#8221;inherit&#8221; column_padding_phone=&#8221;inherit&#8221; column_padding_position=&#8221;all&#8221; column_element_spacing=&#8221;default&#8221; background_color_opacity=&#8221;1&#8243; background_hover_color_opacity=&#8221;1&#8243; column_shadow=&#8221;none&#8221; column_border_radius=&#8221;none&#8221; column_link_target=&#8221;_self&#8221; column_position=&#8221;default&#8221; gradient_direction=&#8221;left_to_right&#8221; overlay_strength=&#8221;0.3&#8243; width=&#8221;8\/12&#8243; tablet_width_inherit=&#8221;default&#8221; tablet_text_alignment=&#8221;center&#8221; phone_text_alignment=&#8221;center&#8221; animation_type=&#8221;default&#8221; bg_image_animation=&#8221;none&#8221; border_type=&#8221;simple&#8221; column_border_width=&#8221;none&#8221; column_border_style=&#8221;solid&#8221;][nectar_highlighted_text color_type=&#8221;regular&#8221; highlight_color=&#8221;#ff1053&#8243; style=&#8221;half_text&#8221;]\n<h2>Per passare all&#8217;iscrizione<\/h2>\n[\/nectar_highlighted_text][vc_column_text]Inscriviti adesso ai corsi preparatori di Specialista in organizzazione d&#8217;impresa con attestato federale.[\/vc_column_text][\/vc_column][vc_column column_padding=&#8221;no-extra-padding&#8221; column_padding_tablet=&#8221;inherit&#8221; column_padding_phone=&#8221;inherit&#8221; column_padding_position=&#8221;all&#8221; column_element_spacing=&#8221;default&#8221; background_color_opacity=&#8221;1&#8243; background_hover_color_opacity=&#8221;1&#8243; column_shadow=&#8221;none&#8221; column_border_radius=&#8221;none&#8221; column_link_target=&#8221;_self&#8221; column_position=&#8221;default&#8221; gradient_direction=&#8221;left_to_right&#8221; overlay_strength=&#8221;0.3&#8243; width=&#8221;4\/12&#8243; tablet_width_inherit=&#8221;default&#8221; tablet_text_alignment=&#8221;center&#8221; phone_text_alignment=&#8221;center&#8221; animation_type=&#8221;default&#8221; bg_image_animation=&#8221;none&#8221; border_type=&#8221;simple&#8221; column_border_width=&#8221;none&#8221; column_border_style=&#8221;solid&#8221;][vc_row_inner column_margin=&#8221;default&#8221; column_direction=&#8221;default&#8221; column_direction_tablet=&#8221;default&#8221; column_direction_phone=&#8221;default&#8221; text_align=&#8221;right&#8221; row_position=&#8221;default&#8221; row_position_tablet=&#8221;inherit&#8221; row_position_phone=&#8221;inherit&#8221; overflow=&#8221;visible&#8221; pointer_events=&#8221;all&#8221;][vc_column_inner column_padding=&#8221;no-extra-padding&#8221; column_padding_tablet=&#8221;inherit&#8221; column_padding_phone=&#8221;inherit&#8221; column_padding_position=&#8221;all&#8221; column_element_spacing=&#8221;default&#8221; background_color_opacity=&#8221;1&#8243; background_hover_color_opacity=&#8221;1&#8243; column_shadow=&#8221;none&#8221; column_border_radius=&#8221;none&#8221; column_link_target=&#8221;_self&#8221; gradient_direction=&#8221;left_to_right&#8221; overlay_strength=&#8221;0.3&#8243; width=&#8221;1\/1&#8243; tablet_width_inherit=&#8221;default&#8221; animation_type=&#8221;default&#8221; bg_image_animation=&#8221;none&#8221; border_type=&#8221;simple&#8221; column_border_width=&#8221;none&#8221; column_border_style=&#8221;solid&#8221;][nectar_btn size=&#8221;jumbo&#8221; button_style=&#8221;regular&#8221; button_color_2=&#8221;Accent-Color&#8221; color_override=&#8221;#262626&#8243; solid_text_color_override=&#8221;#ffffff&#8221; icon_family=&#8221;default_arrow&#8221; url=&#8221;https:\/\/kairos-academy.ch\/it\/contatto\/&#8221; text=&#8221;Iscrizione&#8221;][\/vc_column_inner][\/vc_row_inner][\/vc_column][\/vc_row][vc_row type=&#8221;full_width_background&#8221; full_screen_row_position=&#8221;middle&#8221; column_margin=&#8221;default&#8221; column_direction=&#8221;default&#8221; column_direction_tablet=&#8221;default&#8221; column_direction_phone=&#8221;default&#8221; bg_color=&#8221;#f7f7f7&#8243; scene_position=&#8221;center&#8221; top_padding=&#8221;100&#8243; bottom_padding=&#8221;100&#8243; text_color=&#8221;dark&#8221; text_align=&#8221;left&#8221; row_border_radius=&#8221;none&#8221; row_border_radius_applies=&#8221;bg&#8221; overflow=&#8221;visible&#8221; overlay_strength=&#8221;0.3&#8243; gradient_direction=&#8221;left_to_right&#8221; shape_divider_position=&#8221;bottom&#8221; bg_image_animation=&#8221;none&#8221;][vc_column column_padding=&#8221;no-extra-padding&#8221; column_padding_tablet=&#8221;inherit&#8221; column_padding_phone=&#8221;inherit&#8221; column_padding_position=&#8221;all&#8221; column_element_spacing=&#8221;default&#8221; background_color_opacity=&#8221;1&#8243; background_hover_color_opacity=&#8221;1&#8243; column_shadow=&#8221;none&#8221; column_border_radius=&#8221;none&#8221; column_link_target=&#8221;_self&#8221; column_position=&#8221;default&#8221; gradient_direction=&#8221;left_to_right&#8221; overlay_strength=&#8221;0.3&#8243; width=&#8221;3\/4&#8243; tablet_width_inherit=&#8221;default&#8221; tablet_text_alignment=&#8221;default&#8221; phone_text_alignment=&#8221;default&#8221; animation_type=&#8221;default&#8221; bg_image_animation=&#8221;none&#8221; border_type=&#8221;simple&#8221; column_border_width=&#8221;none&#8221; column_border_style=&#8221;solid&#8221;][vc_column_text]\n<h2>La formazione<\/h2>\n[\/vc_column_text][toggles style=&#8221;default&#8221;][toggle color=&#8221;Default&#8221; title=&#8221;La formazione&#8221;][vc_row_inner column_margin=&#8221;default&#8221; column_direction=&#8221;default&#8221; column_direction_tablet=&#8221;default&#8221; column_direction_phone=&#8221;default&#8221; text_align=&#8221;left&#8221; row_position=&#8221;default&#8221; row_position_tablet=&#8221;inherit&#8221; row_position_phone=&#8221;inherit&#8221; overflow=&#8221;visible&#8221; pointer_events=&#8221;all&#8221;][vc_column_inner column_padding=&#8221;no-extra-padding&#8221; column_padding_tablet=&#8221;inherit&#8221; column_padding_phone=&#8221;inherit&#8221; column_padding_position=&#8221;all&#8221; column_element_spacing=&#8221;default&#8221; background_color_opacity=&#8221;1&#8243; background_hover_color_opacity=&#8221;1&#8243; column_shadow=&#8221;none&#8221; column_border_radius=&#8221;none&#8221; column_link_target=&#8221;_self&#8221; gradient_direction=&#8221;left_to_right&#8221; overlay_strength=&#8221;0.3&#8243; width=&#8221;1\/1&#8243; tablet_width_inherit=&#8221;default&#8221; animation_type=&#8221;default&#8221; bg_image_animation=&#8221;none&#8221; border_type=&#8221;simple&#8221; column_border_width=&#8221;none&#8221; column_border_style=&#8221;solid&#8221;]<div class=\"nectar-fancy-ul\" data-list-icon=\"icon-salient-thin-line\" data-animation=\"false\" data-animation-delay=\"0\" data-color=\"accent-color\" data-spacing=\"default\" data-alignment=\"left\"> \n<h2><strong>Campi d&#8217;azione e materie d&#8217;esame<\/strong><\/h2>\n<h3><strong>\u00a0<\/strong><\/h3>\n<ul>\n<li>Organizzazione e gestione dei progetti<\/li>\n<li>ICT Management<\/li>\n<li>Economia aziendale e diritto<\/li>\n<li>Individuo e gruppo<\/li>\n<li>Meeting e presentazione<\/li>\n<\/ul>\n <\/div>[vc_column_text]\n<h2><strong>Programma<\/strong><\/h2>\n[\/vc_column_text][\/vc_column_inner][\/vc_row_inner][vc_row_inner column_margin=&#8221;default&#8221; column_direction=&#8221;default&#8221; column_direction_tablet=&#8221;default&#8221; column_direction_phone=&#8221;default&#8221; text_align=&#8221;left&#8221; row_position=&#8221;default&#8221; row_position_tablet=&#8221;inherit&#8221; row_position_phone=&#8221;inherit&#8221; overflow=&#8221;visible&#8221; pointer_events=&#8221;all&#8221;][vc_column_inner column_padding=&#8221;no-extra-padding&#8221; column_padding_tablet=&#8221;inherit&#8221; column_padding_phone=&#8221;inherit&#8221; column_padding_position=&#8221;all&#8221; column_element_spacing=&#8221;default&#8221; background_color_opacity=&#8221;1&#8243; background_hover_color_opacity=&#8221;1&#8243; column_shadow=&#8221;none&#8221; column_border_radius=&#8221;none&#8221; column_link_target=&#8221;_self&#8221; gradient_direction=&#8221;left_to_right&#8221; overlay_strength=&#8221;0.3&#8243; width=&#8221;1\/3&#8243; tablet_width_inherit=&#8221;default&#8221; animation_type=&#8221;default&#8221; bg_image_animation=&#8221;none&#8221; border_type=&#8221;simple&#8221; column_border_width=&#8221;none&#8221; column_border_style=&#8221;solid&#8221;]<div class=\"nectar-fancy-ul\" data-list-icon=\"icon-salient-thin-line\" data-animation=\"true\" data-animation-delay=\"0\" data-color=\"accent-color\" data-spacing=\"default\" data-alignment=\"left\"> \n<h5>BASI<\/h5>\n<p>&nbsp;<\/p>\n<ul>\n<li>Impresa e organizzazione<\/li>\n<li>Gestione delle strutture<\/li>\n<li>Gestione del personale<\/li>\n<li>Gestione del progetto<\/li>\n<li>Gestione dei processi<\/li>\n<li>ICT-Management<\/li>\n<\/ul>\n <\/div>[\/vc_column_inner][vc_column_inner column_padding=&#8221;no-extra-padding&#8221; column_padding_tablet=&#8221;inherit&#8221; column_padding_phone=&#8221;inherit&#8221; column_padding_position=&#8221;all&#8221; column_element_spacing=&#8221;default&#8221; background_color_opacity=&#8221;1&#8243; background_hover_color_opacity=&#8221;1&#8243; column_shadow=&#8221;none&#8221; column_border_radius=&#8221;none&#8221; column_link_target=&#8221;_self&#8221; gradient_direction=&#8221;left_to_right&#8221; overlay_strength=&#8221;0.3&#8243; width=&#8221;1\/3&#8243; tablet_width_inherit=&#8221;default&#8221; animation_type=&#8221;default&#8221; bg_image_animation=&#8221;none&#8221; border_type=&#8221;simple&#8221; column_border_width=&#8221;none&#8221; column_border_style=&#8221;solid&#8221;]<div class=\"nectar-fancy-ul\" data-list-icon=\"icon-salient-thin-line\" data-animation=\"true\" data-animation-delay=\"0\" data-color=\"accent-color\" data-spacing=\"default\" data-alignment=\"left\"> \n<h5>SVILUPPO DELLE COMPETENZE<\/h5>\n<p>&nbsp;<\/p>\n<ul>\n<li>Gestione aziendale<\/li>\n<li>Finanze e contabilit\u00e0<\/li>\n<li>Marketing<\/li>\n<li>Logistica<\/li>\n<li>Diritto<\/li>\n<li>Gestione della qualit\u00e0<\/li>\n<li>Change Management<\/li>\n<\/ul>\n <\/div>[\/vc_column_inner][vc_column_inner column_padding=&#8221;no-extra-padding&#8221; column_padding_tablet=&#8221;inherit&#8221; column_padding_phone=&#8221;inherit&#8221; column_padding_position=&#8221;all&#8221; column_element_spacing=&#8221;default&#8221; background_color_opacity=&#8221;1&#8243; background_hover_color_opacity=&#8221;1&#8243; column_shadow=&#8221;none&#8221; column_border_radius=&#8221;none&#8221; column_link_target=&#8221;_self&#8221; gradient_direction=&#8221;left_to_right&#8221; overlay_strength=&#8221;0.3&#8243; width=&#8221;1\/3&#8243; tablet_width_inherit=&#8221;default&#8221; animation_type=&#8221;default&#8221; bg_image_animation=&#8221;none&#8221; border_type=&#8221;simple&#8221; column_border_width=&#8221;none&#8221; column_border_style=&#8221;solid&#8221;]<div class=\"nectar-fancy-ul\" data-list-icon=\"icon-salient-thin-line\" data-animation=\"true\" data-animation-delay=\"0\" data-color=\"accent-color\" data-spacing=\"default\" data-alignment=\"left\"> \n<h5>PREPARAZIONE<\/h5>\n<p>&nbsp;<\/p>\n<ul>\n<li>Individuo e gruppo<\/li>\n<li>Animazioni di riunioni e tecniche di presentazione<\/li>\n<li>Preparazione degli esami orali e scritti<\/li>\n<li>Esami interni<\/li>\n<li>Discussione dei risultati degli esami interni<\/li>\n<\/ul>\n <\/div>[\/vc_column_inner][\/vc_row_inner][vc_row_inner column_margin=&#8221;default&#8221; column_direction=&#8221;default&#8221; column_direction_tablet=&#8221;default&#8221; column_direction_phone=&#8221;default&#8221; text_align=&#8221;left&#8221; row_position=&#8221;default&#8221; row_position_tablet=&#8221;inherit&#8221; row_position_phone=&#8221;inherit&#8221; overflow=&#8221;visible&#8221; pointer_events=&#8221;all&#8221;][vc_column_inner column_padding=&#8221;no-extra-padding&#8221; column_padding_tablet=&#8221;inherit&#8221; column_padding_phone=&#8221;inherit&#8221; column_padding_position=&#8221;all&#8221; column_element_spacing=&#8221;default&#8221; background_color_opacity=&#8221;1&#8243; background_hover_color_opacity=&#8221;1&#8243; column_shadow=&#8221;none&#8221; column_border_radius=&#8221;none&#8221; column_link_target=&#8221;_self&#8221; gradient_direction=&#8221;left_to_right&#8221; overlay_strength=&#8221;0.3&#8243; width=&#8221;1\/1&#8243; tablet_width_inherit=&#8221;default&#8221; animation_type=&#8221;default&#8221; bg_image_animation=&#8221;none&#8221; border_type=&#8221;simple&#8221; column_border_width=&#8221;none&#8221; column_border_style=&#8221;solid&#8221;][vc_column_text]<strong>Obiettivi e materiale didattico<br \/>\n<\/strong><\/p>\n<p>Alla fine del corso, i partecipanti avranno acquisito la teoria e la pratica per agire con competenza nel loro ruolo. \u00a0Saranno in grado di soddisfare i criteri specificati nelle linee guida federali e potranno lavorare in seno alla direzione di un&#8217;azienda di medie o grandi dimensioni. Comprenderanno l&#8217;importanza del loro ruolo nell&#8217;azienda che opera in un ambiente economico sempre pi\u00f9 dinamico. Al termine degli studi, i partecipanti avranno acquisito le competenze necessarie per sostenere l&#8217;esame professionale finale per il conseguimento dell&#8217;attestato federale di Specialista in organizzazione aziendale. Il materiale, ampio e ben strutturato, viene fornito in formato elettronico (incluso nel costo della formazione).<\/p>\n<p>Nota: l&#8217;ordine delle materie pu\u00f2 variare di volta in volta.[\/vc_column_text][\/vc_column_inner][\/vc_row_inner][\/toggle][toggle color=&#8221;Default&#8221; title=&#8221;Criteri d&#8217;ammissione&#8221;][vc_column_text]Sono ammessi all&#8217;esame i candidati che possono dimostrare di aver seguito una delle seguenti formazioni o una qualifica equivalente:<\/p>\n<p>&nbsp;<\/p>\n<ul>\n<li style=\"list-style-type: none;\">\n<ul>\n<li>almeno 3 anni di formazione iniziale con attestato federale di capacit\u00e0 (CFC), diploma di scuola superiore (tutti i tipi), diploma di una scuola commerciale riconosciuta o simili<\/li>\n<li>2 anni di esperienza pratica di lavoro<\/li>\n<\/ul>\n<\/li>\n<\/ul>\n<h3>Altri requisiti<\/h3>\n<p>&nbsp;<\/p>\n<ul>\n<li>senso dell&#8217;organizzazione<\/li>\n<li>buone conoscenze in economia aziendale<\/li>\n<li>conoscenze e competenze informatiche.<\/li>\n<\/ul>\n[\/vc_column_text][\/toggle][toggle color=&#8221;Default&#8221; title=&#8221;Inizio dei corsi e dettagli&#8221;][vc_column_text]\n<ul>\n<li>\n<h4><strong>SPECIALISTA IN ORGANIZZAZIONE D&#8217;IMPRESA<\/strong><strong>\u00a0\u2013 Variante A)<\/strong><\/h4>\n<p><strong>340 lezioni di 45 minuti<\/strong>, di cui circa 1\/2 sono proposte nell&#8217;ottica progressista del \u00ab Blended Learning \u00bb, con diversi dispositivi online, concetti e metodi di apprendimento misto, compresi progetti multimediali e numerosi casi di studio &#8211; durata della formazione 3-4 semestri, costo della formazione: <strong>13\u2019900 CHF <\/strong><u>(escluse<\/u> le tasse dell&#8217;esame federale)<\/p>\n<p>Partecipanti: la formazione \u00e8 adatta a persone provenienti da tutte le professioni commerciali e tecniche, anche a giovani talenti, idealmente con una prima esperienza nell&#8217;organizzazione aziendale o nella gestione di progetti, o a persone con pi\u00f9 esperienza, o anche a dirigenti, che vogliono seguire la formazione per sostenere l&#8217;esame per il diploma federale di Specialista in organizzazione d&#8217;impresa.<\/p>\n<p>Vantaggio finanziario: con le sovvenzioni federali del 50% il tuo investimento nella formazione sar\u00e0 di CHF 6\u2019950, contattaci per maggiori informazioni o visita la pagina della SEFRI al link www.sbfi.admin.ch\/contributi<\/li>\n<\/ul>\n<p>&nbsp;<\/p>\n<ul>\n<li>\n<h4><strong>SPECIALISTA IN ORGANIZZAZIONE D&#8217;IMPRESA \u2013 Variante B)<\/strong><\/h4>\n<p><strong>260 lezioni di 45 minuti<\/strong>, di cui circa 1\/2 sono proposte nella prospettiva progressista del \u00ab Blended Learning \u00bb, con diversi dispositivi online, concetti e metodi di apprendimento misto, tra cui progetti multimediali e numerosi casi di studio &#8211; durata della formazione circa 2-3 semestri, costo della formazione: <strong>9\u2019790 CHF <\/strong><u>(escluse<\/u> le tasse dell&#8217;esame federale)<\/p>\n<p>Partecipanti: il corso \u00e8 adatto a persone con una buona esperienza, eventualmente anche a manager che sono responsabili di un&#8217;area aziendale o che guidano un team di dipendenti e che vogliono seguire il corso per sostenere l&#8217;esame per l&#8217;attestato federale di Specialista in organizzazione aziendale. L&#8217;ammissione si basa su dossier.<\/p>\n<p>Vantaggio finanziario: con le sovvenzioni federali del 50% il tuo investimento nella formazione sar\u00e0 di CHF 4\u2019895, contattaci per maggiori informazioni o visita la pagina della SEFRI al link www.sbfi.admin.ch\/contributi<\/li>\n<\/ul>\n<p>&nbsp;<\/p>\n<h4><strong>INIZIO DEI CORSI IN PRIMAVERA E IN AUTUNNO<\/strong><\/h4>\n<p><strong>Un valore aggiunto interessante:<\/strong> KAIROS ti offre la possibilit\u00e0 di scegliere liberamente la lingua della tua formazione e la lingua in cui sostenere gli esami (tre lingue nazionali + inglese per il lavoro di diploma).[\/vc_column_text][\/toggle][toggle color=&#8221;Default&#8221; title=&#8221;Titolo ottenuto&#8221;][vc_column_text]\n<div class=\"text-block__text\">\n<p><strong>TITOLO<\/strong><\/p>\n<p>Le persone che superano l&#8217;esame possono avvalersi del titolo riconosciuto seguente:<\/p>\n<p><strong>Specialista in organizzazione d&#8217;impresa con attestato federale<\/strong><\/p>\n<p>Per la traduzione inglese il titolo corrispondente \u00e8 &#8220;Executive Organisation Specialist, Federal Diploma of Higher Education&#8221;.<\/p>\n<p>Gli esami scritti e orali hanno luogo ogni anno a maggio (Sursee, Lucerna).[\/vc_column_text][\/toggle][\/toggles][\/vc_column][vc_column column_padding=&#8221;no-extra-padding&#8221; column_padding_tablet=&#8221;inherit&#8221; column_padding_phone=&#8221;inherit&#8221; column_padding_position=&#8221;all&#8221; column_element_spacing=&#8221;default&#8221; background_color_opacity=&#8221;1&#8243; background_hover_color_opacity=&#8221;1&#8243; column_shadow=&#8221;none&#8221; column_border_radius=&#8221;none&#8221; column_link_target=&#8221;_self&#8221; column_position=&#8221;default&#8221; gradient_direction=&#8221;left_to_right&#8221; overlay_strength=&#8221;0.3&#8243; width=&#8221;1\/4&#8243; tablet_width_inherit=&#8221;default&#8221; tablet_text_alignment=&#8221;default&#8221; phone_text_alignment=&#8221;default&#8221; animation_type=&#8221;default&#8221; bg_image_animation=&#8221;none&#8221; border_type=&#8221;simple&#8221; column_border_width=&#8221;none&#8221; column_border_style=&#8221;solid&#8221; offset=&#8221;vc_hidden-sm vc_hidden-xs&#8221;][\/vc_column][\/vc_row][vc_row type=&#8221;in_container&#8221; full_screen_row_position=&#8221;middle&#8221; column_margin=&#8221;default&#8221; column_direction=&#8221;default&#8221; column_direction_tablet=&#8221;default&#8221; column_direction_phone=&#8221;default&#8221; scene_position=&#8221;center&#8221; text_color=&#8221;dark&#8221; text_align=&#8221;left&#8221; row_border_radius=&#8221;none&#8221; row_border_radius_applies=&#8221;bg&#8221; overflow=&#8221;visible&#8221; overlay_strength=&#8221;0.3&#8243; gradient_direction=&#8221;left_to_right&#8221; shape_divider_position=&#8221;bottom&#8221; bg_image_animation=&#8221;none&#8221;][vc_column column_padding=&#8221;no-extra-padding&#8221; column_padding_tablet=&#8221;inherit&#8221; column_padding_phone=&#8221;inherit&#8221; column_padding_position=&#8221;all&#8221; column_element_spacing=&#8221;default&#8221; background_color_opacity=&#8221;1&#8243; background_hover_color_opacity=&#8221;1&#8243; column_shadow=&#8221;none&#8221; column_border_radius=&#8221;none&#8221; column_link_target=&#8221;_self&#8221; column_position=&#8221;default&#8221; gradient_direction=&#8221;left_to_right&#8221; overlay_strength=&#8221;0.3&#8243; width=&#8221;1\/1&#8243; tablet_width_inherit=&#8221;default&#8221; tablet_text_alignment=&#8221;default&#8221; phone_text_alignment=&#8221;default&#8221; animation_type=&#8221;default&#8221; bg_image_animation=&#8221;none&#8221; border_type=&#8221;simple&#8221; column_border_width=&#8221;none&#8221; column_border_style=&#8221;solid&#8221;][vc_column_text]<\/div>\n[\/vc_column_text][\/vc_column][\/vc_row]\n","protected":false},"excerpt":{"rendered":"<p>[vc_row type=&#8221;in_container&#8221; full_screen_row_position=&#8221;middle&#8221; column_margin=&#8221;default&#8221; column_direction=&#8221;default&#8221; column_direction_tablet=&#8221;default&#8221; column_direction_phone=&#8221;default&#8221; scene_position=&#8221;center&#8221; top_padding=&#8221;5%&#8221; text_color=&#8221;dark&#8221; text_align=&#8221;left&#8221; row_border_radius=&#8221;none&#8221; row_border_radius_applies=&#8221;bg&#8221; overflow=&#8221;visible&#8221; overlay_strength=&#8221;0.3&#8243; gradient_direction=&#8221;left_to_right&#8221; shape_divider_position=&#8221;bottom&#8221; bg_image_animation=&#8221;none&#8221; shape_type=&#8221;&#8221;][vc_column column_padding=&#8221;no-extra-padding&#8221; column_padding_tablet=&#8221;inherit&#8221; column_padding_phone=&#8221;inherit&#8221; column_padding_position=&#8221;all&#8221; column_element_spacing=&#8221;default&#8221; background_color_opacity=&#8221;1&#8243; background_hover_color_opacity=&#8221;1&#8243; column_shadow=&#8221;none&#8221; column_border_radius=&#8221;none&#8221; column_link_target=&#8221;_self&#8221; column_position=&#8221;default&#8221;&#8230;<\/p>\n","protected":false},"author":5,"featured_media":0,"parent":0,"menu_order":0,"comment_status":"closed","ping_status":"closed","template":"","meta":[],"_links":{"self":[{"href":"https:\/\/kairos-academy.ch\/it\/wp-json\/wp\/v2\/pages\/2165"}],"collection":[{"href":"https:\/\/kairos-academy.ch\/it\/wp-json\/wp\/v2\/pages"}],"about":[{"href":"https:\/\/kairos-academy.ch\/it\/wp-json\/wp\/v2\/types\/page"}],"author":[{"embeddable":true,"href":"https:\/\/kairos-academy.ch\/it\/wp-json\/wp\/v2\/users\/5"}],"replies":[{"embeddable":true,"href":"https:\/\/kairos-academy.ch\/it\/wp-json\/wp\/v2\/comments?post=2165"}],"version-history":[{"count":10,"href":"https:\/\/kairos-academy.ch\/it\/wp-json\/wp\/v2\/pages\/2165\/revisions"}],"predecessor-version":[{"id":3492,"href":"https:\/\/kairos-academy.ch\/it\/wp-json\/wp\/v2\/pages\/2165\/revisions\/3492"}],"wp:attachment":[{"href":"https:\/\/kairos-academy.ch\/it\/wp-json\/wp\/v2\/media?parent=2165"}],"curies":[{"name":"wp","href":"https:\/\/api.w.org\/{rel}","templated":true}]}}