{"id":2291,"date":"2022-08-07T16:40:08","date_gmt":"2022-08-07T16:40:08","guid":{"rendered":"https:\/\/seeland.dev.mxm.agency\/?page_id=2291"},"modified":"2022-09-26T11:11:19","modified_gmt":"2022-09-26T11:11:19","slug":"specialista-del-commercio-all-dettaglio-con-attestato-federale","status":"publish","type":"page","link":"https:\/\/kairos-academy.ch\/it\/specialista-del-commercio-all-dettaglio-con-attestato-federale\/","title":{"rendered":"Specialista del commercio al dettaglio con attestato federale"},"content":{"rendered":"[vc_row type=&#8221;in_container&#8221; full_screen_row_position=&#8221;middle&#8221; scene_position=&#8221;center&#8221; text_color=&#8221;dark&#8221; text_align=&#8221;left&#8221; top_padding=&#8221;5%&#8221; overlay_strength=&#8221;0.3&#8243; shape_divider_position=&#8221;bottom&#8221; bg_image_animation=&#8221;none&#8221; shape_type=&#8221;&#8221;][vc_column column_padding=&#8221;no-extra-padding&#8221; column_padding_position=&#8221;all&#8221; background_color_opacity=&#8221;1&#8243; background_hover_color_opacity=&#8221;1&#8243; column_link_target=&#8221;_self&#8221; column_shadow=&#8221;none&#8221; column_border_radius=&#8221;none&#8221; width=&#8221;3\/4&#8243; tablet_width_inherit=&#8221;default&#8221; tablet_text_alignment=&#8221;default&#8221; phone_text_alignment=&#8221;default&#8221; column_border_width=&#8221;none&#8221; column_border_style=&#8221;solid&#8221; bg_image_animation=&#8221;none&#8221;][vc_custom_heading text=&#8221; Specialista e la Specialista del commercio al dettaglio con attestato federale&#8221; font_container=&#8221;tag:h2|font_size:42|text_align:left|line_height:52px&#8221; use_theme_fonts=&#8221;yes&#8221;][vc_column_text css=&#8221;.vc_custom_1591134790435{margin-top: 30px !important;margin-bottom: 30px !important;}&#8221;]Formazione continua per la qualificazione di persone con una sperienza significante nel settore del commercio al dettaglio. La formazione prepara agli esami federali.[\/vc_column_text][\/vc_column][vc_column column_padding=&#8221;no-extra-padding&#8221; column_padding_position=&#8221;all&#8221; background_color_opacity=&#8221;1&#8243; background_hover_color_opacity=&#8221;1&#8243; column_link_target=&#8221;_self&#8221; column_shadow=&#8221;none&#8221; column_border_radius=&#8221;none&#8221; width=&#8221;1\/4&#8243; tablet_width_inherit=&#8221;default&#8221; tablet_text_alignment=&#8221;default&#8221; phone_text_alignment=&#8221;default&#8221; column_border_width=&#8221;none&#8221; column_border_style=&#8221;solid&#8221; bg_image_animation=&#8221;none&#8221; offset=&#8221;vc_hidden-sm vc_hidden-xs&#8221;][\/vc_column][\/vc_row][vc_row type=&#8221;full_width_background&#8221; full_screen_row_position=&#8221;middle&#8221; bg_color=&#8221;#ffffff&#8221; scene_position=&#8221;center&#8221; text_color=&#8221;dark&#8221; text_align=&#8221;left&#8221; bottom_padding=&#8221;3%&#8221; id=&#8221;core-features&#8221; row_name=&#8221;Core Features&#8221; overlay_strength=&#8221;0.3&#8243; shape_divider_position=&#8221;bottom&#8221; bg_image_animation=&#8221;none&#8221; shape_type=&#8221;&#8221;][vc_column centered_text=&#8221;true&#8221; column_padding=&#8221;no-extra-padding&#8221; column_padding_position=&#8221;all&#8221; background_color_opacity=&#8221;1&#8243; background_hover_color_opacity=&#8221;1&#8243; column_link_target=&#8221;_self&#8221; column_shadow=&#8221;none&#8221; column_border_radius=&#8221;none&#8221; width=&#8221;1\/1&#8243; tablet_width_inherit=&#8221;default&#8221; tablet_text_alignment=&#8221;default&#8221; phone_text_alignment=&#8221;default&#8221; column_border_width=&#8221;none&#8221; column_border_style=&#8221;solid&#8221; bg_image_animation=&#8221;none&#8221;][vc_row_inner column_margin=&#8221;default&#8221; text_align=&#8221;left&#8221;][vc_column_inner column_padding=&#8221;no-extra-padding&#8221; column_padding_position=&#8221;all&#8221; background_color_opacity=&#8221;1&#8243; background_hover_color_opacity=&#8221;1&#8243; column_shadow=&#8221;none&#8221; column_border_radius=&#8221;none&#8221; column_link_target=&#8221;_self&#8221; width=&#8221;3\/4&#8243; tablet_width_inherit=&#8221;default&#8221; column_border_width=&#8221;none&#8221; column_border_style=&#8221;solid&#8221; bg_image_animation=&#8221;none&#8221; enable_animation=&#8221;true&#8221; animation=&#8221;fade-in&#8221;][vc_column_text css=&#8221;.vc_custom_1563267436246{padding-bottom: 10px !important;}&#8221;]\n<h2 style=\"text-align: left;\">Descrizione della formazione<\/h2>\n[\/vc_column_text][vc_column_text css=&#8221;.vc_custom_1591134805259{margin-top: 30px !important;margin-bottom: 30px !important;}&#8221;]\n<div class=\"boxContent\">\n<div class=\"boxContent\">\n<p style=\"text-align: left;\">Lo Specialista e la Specialista del commercio al dettaglio con attestato federale sono persone con una solida conoscenza nel campo commerciale e della vendita al dettaglio. Hanno funzioni dirigenziali o di quadro: commercianti indipendenti, responsabili di reparto o di filiale, direttori o direttrici di grandi magazzini. Le loro competenze si estendono al Marketing, alle tecniche di vendita, alla gestione del personale. Sono quadri o dirigenti nel settore della vendita. Possono lavorare in proprio o per terzi, in particolare per catene di distribuzione.<\/p>\n<p style=\"text-align: left;\">La loro attivit\u00e0 si svolge a contatto con i fornitori, il personale di vendita, la clientela.<\/p>\n<p style=\"text-align: left;\">Si tratta di un profilo di formazione continua nel settore della vendita che permette ulteriori miglioramenti della posizione professionale sia a livello aziendale sia a livello di ulteriore formazione.<\/p>\n<p style=\"text-align: left;\">I compiti principali possono essere cos\u00ec descritti:<\/p>\n<p><strong>Acquisti e approvvigionamento:<\/strong> organizzare gli acquisti e le relative procedure, gestire e valutare la redditivit\u00e0 dell&#8217;azienda in base agli indici forniti dalla contabilit\u00e0 oppure allestire un piano d&#8217;assortimento aggiornato e orientato in base alle esigenze del cliente e occuparsi dell&#8217;approvvigionamento tenendo conto della situazione economica di mercato; interessarsi anche a quanto offre il mercato e la concorrenza per adottare le scelte aziendali migliori e conquistare ulteriore clientela; ultimo bisogna occuparsi anche dello stoccaggio e della presentazione della merce.<\/p>\n<p><strong>Gestione del personale:<\/strong>\u00a0gestire il personale dell&#8217;azienda, in particolare pianificare il fabbisogno di personale, reclutare nuovi dipendenti, fissare le condizioni di lavoro in base ai contratti collettivi; guidare i collaboratori sia in base ai criteri di produttivit\u00e0 sia tenendo conto dei rapporti interpersonali; occuparsi della formazione degli apprendisti; promuovere buone condizioni di lavoro, rispettose della salute dei dipendenti, e prevenire gli infortuni sul lavoro; trovare soluzioni a problemi e mutamenti all&#8217;interno dell&#8217;azienda, gestire lo stress fra il personale;<\/p>\n<p><strong>Ricerca informazioni e analisi fattori esterni:<\/strong> saper reperire le pi\u00f9 importanti disposizioni legislative relative all&#8217;attivit\u00e0 aziendale e commerciale e alla normativa sul lavoro; valutare le strutture e le tendenze del settore, gli influssi economici, sociali ed ecologici sul commercio al dettaglio.<\/p>\n<\/div>\n<p>&nbsp;<\/p>\n<p style=\"text-align: left;\">Le principali attivit\u00e0 consistono in:<\/p>\n<h3 style=\"text-align: left;\">Gestione operativa e Marketing<\/h3>\n<ul style=\"text-align: left;\">\n<li>Stabilire e controllare i budget, analizzare gli indici relativi al bilancio o alle scorte<\/li>\n<li>Calcolare i prezzi di acquisto e i prezzi di vendita<\/li>\n<li>Valutare la redditivit\u00e0 delle attivit\u00e0, preparare il conteggio finanziario<\/li>\n<li>Rispettare le norme e le strategie, come definite dal consiglio di amministrazione o anche dalla direzione<\/li>\n<li>Sviluppare i servizi (garanzie, offerte speciali, ecc.), i processi e l&#8217;assortimento<\/li>\n<li>Procedere alla delega di compiti e accompagnare i collaboratori nel svolgimento del loro lavoro<\/li>\n<\/ul>\n<h3 style=\"text-align: left;\">Approvvigionamento e logistica<\/h3>\n<ul style=\"text-align: left;\">\n<li>Analizzare e ottimizzare i processi nel campo degli acquisti, della logistica, delle merci e delle scorte<\/li>\n<li>Passare le ordinazioni, procedere ai controlli delle consegne et effettuare le modifiche appropriate dove necessario<\/li>\n<li>Controllare le misure di sicurezza messe in atto in riguardo alle persone, alle merci e alle installazioni tecniche<\/li>\n<li>Organizzare la gestione delle scorte<\/li>\n<\/ul>\n<h3 style=\"text-align: left;\">Vendita e Marketing<\/h3>\n<ul>\n<li style=\"text-align: left;\">Analizzare gli obbiettivi strategici e pianificare le vendite<\/li>\n<li style=\"text-align: left;\">Strutturare il assortimento e presentarlo in modo attrattivo<\/li>\n<li style=\"text-align: left;\">Progettare delle misure di promozione delle vendite secondo i studi di mercato o sondaggi realizzati presso dei clienti<\/li>\n<li style=\"text-align: left;\">Trattare i reclami<\/li>\n<\/ul>\n<h3 style=\"text-align: left;\">Gestione del personale<\/h3>\n<ul style=\"text-align: left;\">\n<li>Impiegare nuovi membri del personale, favorire il loro sviluppo nella ditta<\/li>\n<li>Accompagnare i nuovi collaboratori durante la fase di inserimento, assicurare la formazione degli apprendisti<\/li>\n<li>Condurre i colloqui annuali di apprezzamento<\/li>\n<li>Organizzare formazioni continue sul posto di lavoro (&#8220;on the job&#8221;)<\/li>\n<li>Gestire i conflitti<\/li>\n<\/ul>\n<h3 style=\"text-align: left;\">Contesto della funzione<\/h3>\n<p style=\"text-align: left;\">Il tipo delle attivit\u00e0 dipende della taglia e della struttura della ditta presso la quale lo Specialista del commercio al dettaglio lavora. In un piccolo negozio, p.es. si \u00e8 pi\u00f9 in contatto con i clienti, con i collaboratori e i fornitori. In un&#8217;organizzazione pi\u00f9 grande, i compiti sono pi\u00f9 orientati alla supervisione dei compiti e all&#8217;amministrazione delle vendite. Gli orari coincidono con quelli dell&#8217;apertura dei negozi, ma possono avere anche un carattere irregolare, come per esempio quando ci sono delle riunioni di direzione.<\/p>\n<p style=\"text-align: left;\">\n<\/div>\n<h3 style=\"text-align: left;\"><strong>Moduli<br \/>\n<\/strong><\/h3>\n<p style=\"text-align: left;\">La formazione comprende 5 moduli ed \u00e8 strutturata nella maniera seguente:<\/p>\n<ol>\n<li style=\"text-align: left;\">La ditta e il suo contesto (gestione normativa, strategie, ecc.)<\/li>\n<li style=\"text-align: left;\">Gestione del personale (impiego, accompagnamento, ecc.)<\/li>\n<li style=\"text-align: left;\">Finanze e contabilit\u00e0 (processi, budget, analisi dei costi, ecc.)<\/li>\n<li style=\"text-align: left;\">Approvvigionamento e logistica (pianificazione dell&#8217;assortimento, gestione delle scorte, ecc.)<\/li>\n<li style=\"text-align: left;\">Vendita e marketing (pianificazione delle vendite, promozione delle vendite, ecc.)<\/li>\n<\/ol>\n<p style=\"text-align: left;\">Modulo 1: ditta e contesto<br \/>\nPressioni sul commercio al dettaglio (cambi, innovazioni, ecc.), concorrenza, sviluppo tecnologico,<br \/>\nsaturazione dei mercati, sviluppo multimedia, nuove disposizioni legali e trasformazione continuo del comportamento<br \/>\ndei consumatori, cambio di valori e di attese della parte dei collaboratori.<\/p>\n<p style=\"text-align: left;\">Modulo 2: gestione del personale<br \/>\nAssicurare un accompagnamento moderno e performante, in equilibrio fra gli obiettivi economici e quelli sociali.<\/p>\n<p style=\"text-align: left;\">Modulo 3: finanze e contabilit\u00e0<br \/>\nStrumenti delle finanze e della contabilit\u00e0, budget e indici chiave, permettendo il controllo della redditivit\u00e0<br \/>\ndelle diverse attivit\u00e0, conteggi finanziari.<\/p>\n<p style=\"text-align: left;\">Modulo 4: approvvigionamento e logistica<br \/>\nApprovvigionamento e logistica, mercati del approvvigionamento, settori, approvvigionamento e vendite, costi, prezzi, assortimento, disponibilit\u00e0 delle merci, processi, logistica dei punti di vendita, quadro legale e norme di sicurezza.<\/p>\n<p style=\"text-align: left;\">Modul0 5: vendita e Marketing<br \/>\nImportanza del Marketing nel commercio al dettaglio, strumenti del Marketing-Mix, disposizioni legali, comportamento dei clienti, politica e misure orientate ai clienti.<\/p>\n[\/vc_column_text][\/vc_column_inner][vc_column_inner column_padding=&#8221;no-extra-padding&#8221; column_padding_position=&#8221;all&#8221; background_color_opacity=&#8221;1&#8243; background_hover_color_opacity=&#8221;1&#8243; column_shadow=&#8221;none&#8221; column_border_radius=&#8221;none&#8221; column_link_target=&#8221;_self&#8221; width=&#8221;1\/4&#8243; tablet_width_inherit=&#8221;default&#8221; column_border_width=&#8221;none&#8221; column_border_style=&#8221;solid&#8221; bg_image_animation=&#8221;none&#8221; offset=&#8221;vc_hidden-sm vc_hidden-xs&#8221;][\/vc_column_inner][\/vc_row_inner][\/vc_column][\/vc_row][vc_row type=&#8221;full_width_background&#8221; full_screen_row_position=&#8221;middle&#8221; equal_height=&#8221;yes&#8221; content_placement=&#8221;middle&#8221; bg_color=&#8221;#ffffff&#8221; scene_position=&#8221;center&#8221; text_color=&#8221;custom&#8221; custom_text_color=&#8221;#0a0a0a&#8221; text_align=&#8221;left&#8221; top_padding=&#8221;80&#8243; bottom_padding=&#8221;80&#8243; color_overlay=&#8221;#f27515&#8243; overlay_strength=&#8221;0.95&#8243; shape_divider_position=&#8221;bottom&#8221; bg_image_animation=&#8221;none&#8221; shape_type=&#8221;&#8221;][vc_column column_padding=&#8221;no-extra-padding&#8221; column_padding_position=&#8221;all&#8221; background_color_opacity=&#8221;1&#8243; background_hover_color_opacity=&#8221;1&#8243; column_link_target=&#8221;_self&#8221; column_shadow=&#8221;none&#8221; column_border_radius=&#8221;none&#8221; width=&#8221;8\/12&#8243; tablet_width_inherit=&#8221;default&#8221; tablet_text_alignment=&#8221;center&#8221; phone_text_alignment=&#8221;center&#8221; column_border_width=&#8221;none&#8221; column_border_style=&#8221;solid&#8221; bg_image_animation=&#8221;none&#8221;][nectar_highlighted_text highlight_color=&#8221;#ff1053&#8243; style=&#8221;half_text&#8221;]\n<h2>Per passare all&#8217;iscrizione<\/h2>\n[\/nectar_highlighted_text][vc_column_text]Inscriviti adesso per la preparazione degli esami federali per Specialista del commercio al dettaglio con attestato professionale[\/vc_column_text][\/vc_column][vc_column column_padding=&#8221;no-extra-padding&#8221; column_padding_position=&#8221;all&#8221; background_color_opacity=&#8221;1&#8243; background_hover_color_opacity=&#8221;1&#8243; column_link_target=&#8221;_self&#8221; column_shadow=&#8221;none&#8221; column_border_radius=&#8221;none&#8221; width=&#8221;4\/12&#8243; tablet_width_inherit=&#8221;default&#8221; tablet_text_alignment=&#8221;center&#8221; phone_text_alignment=&#8221;center&#8221; column_border_width=&#8221;none&#8221; column_border_style=&#8221;solid&#8221; bg_image_animation=&#8221;none&#8221;][vc_row_inner column_margin=&#8221;default&#8221; text_align=&#8221;right&#8221;][vc_column_inner column_padding=&#8221;no-extra-padding&#8221; column_padding_position=&#8221;all&#8221; background_color_opacity=&#8221;1&#8243; background_hover_color_opacity=&#8221;1&#8243; column_shadow=&#8221;none&#8221; column_border_radius=&#8221;none&#8221; column_link_target=&#8221;_self&#8221; width=&#8221;1\/1&#8243; tablet_width_inherit=&#8221;default&#8221; column_border_width=&#8221;none&#8221; column_border_style=&#8221;solid&#8221; bg_image_animation=&#8221;none&#8221;][nectar_btn size=&#8221;jumbo&#8221; button_style=&#8221;regular&#8221; button_color_2=&#8221;Accent-Color&#8221; color_override=&#8221;#262626&#8243; solid_text_color_override=&#8221;#ffffff&#8221; icon_family=&#8221;default_arrow&#8221; url=&#8221;https:\/\/seeland.dev.mxm.agency\/kontakt\/&#8221; text=&#8221;Zur Anmeldung&#8221;][\/vc_column_inner][\/vc_row_inner][\/vc_column][\/vc_row][vc_row type=&#8221;full_width_background&#8221; full_screen_row_position=&#8221;middle&#8221; bg_color=&#8221;#f7f7f7&#8243; scene_position=&#8221;center&#8221; text_color=&#8221;dark&#8221; text_align=&#8221;left&#8221; top_padding=&#8221;100&#8243; bottom_padding=&#8221;100&#8243; overlay_strength=&#8221;0.3&#8243; shape_divider_position=&#8221;bottom&#8221; bg_image_animation=&#8221;none&#8221;][vc_column column_padding=&#8221;no-extra-padding&#8221; column_padding_position=&#8221;all&#8221; background_color_opacity=&#8221;1&#8243; background_hover_color_opacity=&#8221;1&#8243; column_link_target=&#8221;_self&#8221; column_shadow=&#8221;none&#8221; column_border_radius=&#8221;none&#8221; width=&#8221;3\/4&#8243; tablet_width_inherit=&#8221;default&#8221; tablet_text_alignment=&#8221;default&#8221; phone_text_alignment=&#8221;default&#8221; column_border_width=&#8221;none&#8221; column_border_style=&#8221;solid&#8221; bg_image_animation=&#8221;none&#8221;][vc_column_text]\n<h2>La formazione<\/h2>\n[\/vc_column_text][toggles style=&#8221;default&#8221;][toggle color=&#8221;Default&#8221; title=&#8221;La formazione&#8221;][vc_row_inner column_margin=&#8221;default&#8221; text_align=&#8221;left&#8221;][vc_column_inner column_padding=&#8221;no-extra-padding&#8221; column_padding_position=&#8221;all&#8221; background_color_opacity=&#8221;1&#8243; background_hover_color_opacity=&#8221;1&#8243; column_shadow=&#8221;none&#8221; column_border_radius=&#8221;none&#8221; column_link_target=&#8221;_self&#8221; width=&#8221;1\/1&#8243; tablet_width_inherit=&#8221;default&#8221; column_border_width=&#8221;none&#8221; column_border_style=&#8221;solid&#8221; bg_image_animation=&#8221;none&#8221;]<div class=\"nectar-fancy-ul\" data-list-icon=\"icon-salient-thin-line\" data-animation=\"false\" data-animation-delay=\"0\" data-color=\"accent-color\" data-spacing=\"default\" data-alignment=\"left\"> \n<h2><strong>Campi di azione e tematiche<br \/>\n<\/strong><\/h2>\n<p>&nbsp;<\/p>\n<ul>\n<li>Ditta e contesto<\/li>\n<li>Direzione e gestione del personale<\/li>\n<li>Finanze e contabilit\u00e0<\/li>\n<li>Approvvigionamento e logistica<\/li>\n<li>Diffusione, distribuzione e Marketing<\/li>\n<\/ul>\n <\/div>[vc_column_text]\n<h2><strong>Tappe del programma<br \/>\n<\/strong><\/h2>\n[\/vc_column_text][\/vc_column_inner][\/vc_row_inner][vc_row_inner column_margin=&#8221;default&#8221; text_align=&#8221;left&#8221;][vc_column_inner column_padding=&#8221;no-extra-padding&#8221; column_padding_position=&#8221;all&#8221; background_color_opacity=&#8221;1&#8243; background_hover_color_opacity=&#8221;1&#8243; column_shadow=&#8221;none&#8221; column_border_radius=&#8221;none&#8221; column_link_target=&#8221;_self&#8221; width=&#8221;1\/3&#8243; tablet_width_inherit=&#8221;default&#8221; column_border_width=&#8221;none&#8221; column_border_style=&#8221;solid&#8221; bg_image_animation=&#8221;none&#8221;]<div class=\"nectar-fancy-ul\" data-list-icon=\"icon-salient-thin-line\" data-animation=\"true\" data-animation-delay=\"0\" data-color=\"accent-color\" data-spacing=\"default\" data-alignment=\"left\"> \n<h5>BASI<\/h5>\n<p>&nbsp;<\/p>\n<ul>\n<li>Ditta &amp; organizzazione<\/li>\n<li>Studi del mercato<\/li>\n<li>Marketing e strumenti<\/li>\n<li>Comunicazione Marketing<\/li>\n<li>Diffusione, distribuzione<\/li>\n<li>Gestione di progetti<\/li>\n<li>Contabilit\u00e0<\/li>\n<li>Diritto<\/li>\n<\/ul>\n <\/div>[\/vc_column_inner][vc_column_inner column_padding=&#8221;no-extra-padding&#8221; column_padding_position=&#8221;all&#8221; background_color_opacity=&#8221;1&#8243; background_hover_color_opacity=&#8221;1&#8243; column_shadow=&#8221;none&#8221; column_border_radius=&#8221;none&#8221; column_link_target=&#8221;_self&#8221; width=&#8221;1\/3&#8243; tablet_width_inherit=&#8221;default&#8221; column_border_width=&#8221;none&#8221; column_border_style=&#8221;solid&#8221; bg_image_animation=&#8221;none&#8221;]<div class=\"nectar-fancy-ul\" data-list-icon=\"icon-salient-thin-line\" data-animation=\"true\" data-animation-delay=\"0\" data-color=\"accent-color\" data-spacing=\"default\" data-alignment=\"left\"> \n<h5>SVILUPPO DELLE COMPETENZE<\/h5>\n<p>&nbsp;<\/p>\n<ul>\n<li>ICT e infrastrutture<\/li>\n<li>Direzione del personale<\/li>\n<li>Marketing integrato<\/li>\n<li>Comunicazione integrata<\/li>\n<li>Analisi del mercato<\/li>\n<li>Gestione di progetti<\/li>\n<li>Gestione di riunioni<\/li>\n<\/ul>\n <\/div>[\/vc_column_inner][vc_column_inner column_padding=&#8221;no-extra-padding&#8221; column_padding_position=&#8221;all&#8221; background_color_opacity=&#8221;1&#8243; background_hover_color_opacity=&#8221;1&#8243; column_shadow=&#8221;none&#8221; column_border_radius=&#8221;none&#8221; column_link_target=&#8221;_self&#8221; width=&#8221;1\/3&#8243; tablet_width_inherit=&#8221;default&#8221; column_border_width=&#8221;none&#8221; column_border_style=&#8221;solid&#8221; bg_image_animation=&#8221;none&#8221;]<div class=\"nectar-fancy-ul\" data-list-icon=\"icon-salient-thin-line\" data-animation=\"true\" data-animation-delay=\"0\" data-color=\"accent-color\" data-spacing=\"default\" data-alignment=\"left\"> \n<h5>TRAINING<\/h5>\n<p>&nbsp;<\/p>\n<ul>\n<li>Individuo e gruppo<\/li>\n<li>Animazione di Meeting<\/li>\n<li>Tecniche di lavoro<\/li>\n<li>Tecniche di presentazione<\/li>\n<li>Preparazione degli esami orali<\/li>\n<li>Preparazione degli esami scritti<\/li>\n<li>2-3 simulazioni complete del esame finale<\/li>\n<li>Lavori in gruppo<\/li>\n<\/ul>\n <\/div>[\/vc_column_inner][\/vc_row_inner][vc_row_inner column_margin=&#8221;default&#8221; text_align=&#8221;left&#8221;][vc_column_inner column_padding=&#8221;no-extra-padding&#8221; column_padding_position=&#8221;all&#8221; background_color_opacity=&#8221;1&#8243; background_hover_color_opacity=&#8221;1&#8243; column_shadow=&#8221;none&#8221; column_border_radius=&#8221;none&#8221; column_link_target=&#8221;_self&#8221; width=&#8221;1\/1&#8243; tablet_width_inherit=&#8221;default&#8221; column_border_width=&#8221;none&#8221; column_border_style=&#8221;solid&#8221; bg_image_animation=&#8221;none&#8221;][vc_column_text]<strong>Obiettivi e materiale didattico<br \/>\n<\/strong><\/p>\n<p>Al fine della formazione i partecipanti conoscono la teoria e la sanno mettere in pratica con lo scopo di assumere con professionalit\u00e0 e competenza il loro ruolo, rispondono ai criteri delle direttive federali e sono capaci di lavorare come responsabili nel ambito di un&#8217;attivit\u00e0 nel commercio al dettaglio di medie o grandi dimensioni. Capiscono l&#8217;importanza della loro funzione nella ditta che deve agire in un contesto economico sempre pi\u00f9 dinamico. Alla fine degli studi saranno acquisite le competenze necessarie per poter accedere all&#8217;esame federale finale, allo scopo di ottenere l&#8217;attestato federale di Specialista del commercio al dettaglio. Un materiale completo, ben strutturato \u00e8 distribuito ai partecipanti in forma elettronica \u00e8 compreso nel costo della formazione.<\/p>\n<p>Importante: l&#8217;ordine delle tematiche pu\u00f2 cambiare secondo il programma dei corsi.[\/vc_column_text][\/vc_column_inner][\/vc_row_inner][\/toggle][toggle color=&#8221;Default&#8221; title=&#8221;Criteri per l&#8217;ammissione&#8221;][vc_column_text]Lors de l&#8217;examen f\u00e9d\u00e9ral, les candidats doivent disposer :<\/p>\n<ul>\n<li>attestato federale di capacit\u00e0 (AFC) di impiegato del commercio al dettaglio o attestato equipollente nel ramo della vendita e 3 anni di pratica, oppure<\/li>\n<li>attestato federale di capacit\u00e0 (AFC) o titolo equipollente e 4 anni di pratica nel settore del commercio al dettaglio, oppure<\/li>\n<li>certificato federale di formazione pratica (CFP) di assistente del commercio al dettaglio e 5 anni di pratica<\/li>\n<li>dirigente nel commercio al dettaglio, in attivit\u00e0 da almeno un anno<\/li>\n<li>disporre dei certificati di fine modulo conseguiti durante il corso<\/li>\n<li>i candidati privi dei requisiti sopraindicati devono comprovare almeno 10 anni di pratica nel settore del commercio al dettaglio\u00a0 [\/vc_column_text][\/toggle][toggle color=&#8221;Default&#8221; title=&#8221;Kursbeginn und Details&#8221;][vc_column_text]<\/li>\n<\/ul>\n<p>&nbsp;<\/p>\n<p>&nbsp;<\/p>\n<h4><strong>SPECIALISTA DEL COMMERCIO AL DETTAGLIO CON ATTESTATO FEDERALE<\/strong><\/h4>\n<p><strong>360 lezioni di 45 minuti<\/strong>, delle quali ca. 1\/2 sono proposte in un modo d&#8217;insegnamento progressista \u00ab Blended Learning \u00bb, diversi dispositivi digitali, concetti e metodi d&#8217;apprendimento misto, progetti multimediali e numerosi Case Study &#8211; durata del percorso formativo ca. 2-3 semestri, costo della formazione: <strong>11\u2019900 CHF <\/strong><u>(escluse<\/u> le tasse dell&#8217;esame federale)<\/p>\n<ul>\n<li>Partecipanti: la formazione \u00e8 destinata a delle persone che dispongono di una formazione di base nel settore del commercio al dettaglio o anche a delle persone con altre formazioni commerciali o tecniche, con delle buone conoscenze generali e una buona esperienza nel settore del commercio al dettaglio, e che desiderano seguire la formazione per presentarsi al esame professionale di Specialista del commercio al dettaglio con attestato federale<em>.<\/em><\/li>\n<\/ul>\n<ul>\n<li>Vantaggio finanziario: grazie alle sovvenzioni federali del 50%, il tuo investimento per questa formazione sar\u00e0 di CHF 5&#8217;950, contattaci per ricevere pi\u00f9 ampie informazioni o visita la pagina della SEFRI su www.sbfi.admin.ch\/contributi<\/li>\n<\/ul>\n<p>&nbsp;<\/p>\n<p><strong>Moduli:<\/strong><\/p>\n<p>In seguito al primo o al secondo semestre i cinque esami dei moduli hanno luogo a Lugano. Per ogni modulo, diverse date sono proposte a scelta. Ogni modulo che \u00e8 stato superato viene iscritto nella carta degli attestati personali. La validit\u00e0 \u00e8 di cinque anni. Una volta che tutti i moduli sono acquisiti, \u00e8 possibile procedere all&#8217;iscrizione per ottenere l&#8217;attestato federale.<\/p>\n<p><strong>Esame professionale: <\/strong><\/p>\n<p>Le iscrizioni per gli esami federali si fanno sempre nei mesi di aprile o maggio di ogni anno. L&#8217;esame si compone di diversi elementi. Una parte importante \u00e8 il Case Study. A giugno, i candidati ricevono il compito. La commissione mette a disposizione 8 settimane per redigere un lavoro scritto di circa\u00a0 15 \u2013 20 pagine A4. Secondo il compito, i candidati svolgono un&#8217;analisi nella loro ditta e propongono un piano d&#8217;azione concreto. In agosto il lavoro scritto deve essere consegnato. Le presentazioni con gli esperti si fanno a settembre. Per superare l&#8217;esame avr\u00e0 luogo un Assessment (una giornata) combinato a un colloquio personale, dei compiti di pianificazione, dei lavori di gruppo, delle presentazioni. Per maggiori dettagli sullo svolgimento dell&#8217;esame conviene far riferimento alle direttive federali.<\/p>\n<p>&nbsp;<\/p>\n<h4><strong>INIZIO DEI CORIS IN PRIMAVERA E IN AUTUMNO<\/strong><\/h4>\n<p><strong>Un plus attrattivo :<\/strong> KAIROS offre la possibilit\u00e0 ai candidati di scegliere la lingua della formazione e la lingua nella quale sosterranno gli esami finali federali (tre lingue nazionali + inglese per il lavoro di diploma)<\/p>\n[\/vc_column_text][\/toggle][toggle color=&#8221;Default&#8221; title=&#8221;Abschluss&#8221;][vc_column_text]\n<div class=\"text-block__text\">\n<p><strong>TITOLO<\/strong><\/p>\n<p>Le persone che avranno superato l&#8217;esame potranno portare il titolo riconosciuto seguente:<\/p>\n<p><strong>Specialista del commercio al dettaglio con attestato federale<br \/>\n<\/strong><\/p>\n<p>Per la traduzione inglese, il titolo raccomandato \u00e8 &#8220;Executive Retail Specialist, Federal Diploma of Higher Education&#8221;.<\/p>\n<p>Gli esami scritti e orali hanno luogo tutti gli anni in giugno (Lugano). Pi\u00f9 dettagli si trovano sul sito web dell associazione professionale che organizza gli esami federali bds-fcs.ch.[\/vc_column_text][\/toggle][\/toggles][\/vc_column][vc_column column_padding=&#8221;no-extra-padding&#8221; column_padding_position=&#8221;all&#8221; background_color_opacity=&#8221;1&#8243; background_hover_color_opacity=&#8221;1&#8243; column_link_target=&#8221;_self&#8221; column_shadow=&#8221;none&#8221; column_border_radius=&#8221;none&#8221; width=&#8221;1\/4&#8243; tablet_width_inherit=&#8221;default&#8221; tablet_text_alignment=&#8221;default&#8221; phone_text_alignment=&#8221;default&#8221; column_border_width=&#8221;none&#8221; column_border_style=&#8221;solid&#8221; bg_image_animation=&#8221;none&#8221; offset=&#8221;vc_hidden-sm vc_hidden-xs&#8221;][\/vc_column][\/vc_row][vc_row type=&#8221;in_container&#8221; full_screen_row_position=&#8221;middle&#8221; scene_position=&#8221;center&#8221; text_color=&#8221;dark&#8221; text_align=&#8221;left&#8221; overlay_strength=&#8221;0.3&#8243; shape_divider_position=&#8221;bottom&#8221; bg_image_animation=&#8221;none&#8221;][vc_column column_padding=&#8221;no-extra-padding&#8221; column_padding_position=&#8221;all&#8221; background_color_opacity=&#8221;1&#8243; background_hover_color_opacity=&#8221;1&#8243; column_link_target=&#8221;_self&#8221; column_shadow=&#8221;none&#8221; column_border_radius=&#8221;none&#8221; width=&#8221;1\/1&#8243; tablet_width_inherit=&#8221;default&#8221; tablet_text_alignment=&#8221;default&#8221; phone_text_alignment=&#8221;default&#8221; column_border_width=&#8221;none&#8221; column_border_style=&#8221;solid&#8221; bg_image_animation=&#8221;none&#8221;][vc_column_text]\n<\/div>\n[\/vc_column_text][\/vc_column][\/vc_row]\n<p>&nbsp;<\/p>\n","protected":false},"excerpt":{"rendered":"<p>[vc_row type=&#8221;in_container&#8221; full_screen_row_position=&#8221;middle&#8221; scene_position=&#8221;center&#8221; text_color=&#8221;dark&#8221; text_align=&#8221;left&#8221; top_padding=&#8221;5%&#8221; overlay_strength=&#8221;0.3&#8243; shape_divider_position=&#8221;bottom&#8221; bg_image_animation=&#8221;none&#8221; shape_type=&#8221;&#8221;][vc_column column_padding=&#8221;no-extra-padding&#8221; column_padding_position=&#8221;all&#8221; background_color_opacity=&#8221;1&#8243; background_hover_color_opacity=&#8221;1&#8243; column_link_target=&#8221;_self&#8221; column_shadow=&#8221;none&#8221; column_border_radius=&#8221;none&#8221; width=&#8221;3\/4&#8243; tablet_width_inherit=&#8221;default&#8221; tablet_text_alignment=&#8221;default&#8221; phone_text_alignment=&#8221;default&#8221; column_border_width=&#8221;none&#8221; column_border_style=&#8221;solid&#8221; bg_image_animation=&#8221;none&#8221;][vc_custom_heading text=&#8221; Specialista e la Specialista&#8230;<\/p>\n","protected":false},"author":5,"featured_media":0,"parent":0,"menu_order":0,"comment_status":"closed","ping_status":"closed","template":"","meta":[],"_links":{"self":[{"href":"https:\/\/kairos-academy.ch\/it\/wp-json\/wp\/v2\/pages\/2291"}],"collection":[{"href":"https:\/\/kairos-academy.ch\/it\/wp-json\/wp\/v2\/pages"}],"about":[{"href":"https:\/\/kairos-academy.ch\/it\/wp-json\/wp\/v2\/types\/page"}],"author":[{"embeddable":true,"href":"https:\/\/kairos-academy.ch\/it\/wp-json\/wp\/v2\/users\/5"}],"replies":[{"embeddable":true,"href":"https:\/\/kairos-academy.ch\/it\/wp-json\/wp\/v2\/comments?post=2291"}],"version-history":[{"count":20,"href":"https:\/\/kairos-academy.ch\/it\/wp-json\/wp\/v2\/pages\/2291\/revisions"}],"predecessor-version":[{"id":3132,"href":"https:\/\/kairos-academy.ch\/it\/wp-json\/wp\/v2\/pages\/2291\/revisions\/3132"}],"wp:attachment":[{"href":"https:\/\/kairos-academy.ch\/it\/wp-json\/wp\/v2\/media?parent=2291"}],"curies":[{"name":"wp","href":"https:\/\/api.w.org\/{rel}","templated":true}]}}