{"id":2584,"date":"2022-08-29T09:46:05","date_gmt":"2022-08-29T09:46:05","guid":{"rendered":"https:\/\/seeland.dev.mxm.agency\/?page_id=2584"},"modified":"2022-11-25T18:55:53","modified_gmt":"2022-11-25T16:55:53","slug":"manager-commercio-al-dettaglio-con-diploma-federale","status":"publish","type":"page","link":"https:\/\/kairos-academy.ch\/it\/manager-commercio-al-dettaglio-con-diploma-federale\/","title":{"rendered":"Manager del commercio al dettaglio con diploma federale"},"content":{"rendered":"[vc_row type=&#8221;in_container&#8221; full_screen_row_position=&#8221;middle&#8221; column_margin=&#8221;default&#8221; column_direction=&#8221;default&#8221; column_direction_tablet=&#8221;default&#8221; column_direction_phone=&#8221;default&#8221; scene_position=&#8221;center&#8221; top_padding=&#8221;5%&#8221; text_color=&#8221;dark&#8221; text_align=&#8221;left&#8221; row_border_radius=&#8221;none&#8221; row_border_radius_applies=&#8221;bg&#8221; overflow=&#8221;visible&#8221; overlay_strength=&#8221;0.3&#8243; gradient_direction=&#8221;left_to_right&#8221; shape_divider_position=&#8221;bottom&#8221; bg_image_animation=&#8221;none&#8221; shape_type=&#8221;&#8221;][vc_column column_padding=&#8221;no-extra-padding&#8221; column_padding_tablet=&#8221;inherit&#8221; column_padding_phone=&#8221;inherit&#8221; column_padding_position=&#8221;all&#8221; column_element_spacing=&#8221;default&#8221; background_color_opacity=&#8221;1&#8243; background_hover_color_opacity=&#8221;1&#8243; column_shadow=&#8221;none&#8221; column_border_radius=&#8221;none&#8221; column_link_target=&#8221;_self&#8221; column_position=&#8221;default&#8221; gradient_direction=&#8221;left_to_right&#8221; overlay_strength=&#8221;0.3&#8243; width=&#8221;3\/4&#8243; tablet_width_inherit=&#8221;default&#8221; tablet_text_alignment=&#8221;default&#8221; phone_text_alignment=&#8221;default&#8221; animation_type=&#8221;default&#8221; bg_image_animation=&#8221;none&#8221; border_type=&#8221;simple&#8221; column_border_width=&#8221;none&#8221; column_border_style=&#8221;solid&#8221;][vc_custom_heading text=&#8221;Manager nel commercio al dettaglio con diploma federale&#8221; font_container=&#8221;tag:h2|font_size:42|text_align:left|line_height:52px&#8221; use_theme_fonts=&#8221;yes&#8221;][vc_column_text css=&#8221;.vc_custom_1591134790435{margin-top: 30px !important;margin-bottom: 30px !important;}&#8221;]Formazione continua per la qualificazione di profestionisti del commercio al dettaglio. La formazione prepara agli esami federali superiori.[\/vc_column_text][\/vc_column][vc_column column_padding=&#8221;no-extra-padding&#8221; column_padding_tablet=&#8221;inherit&#8221; column_padding_phone=&#8221;inherit&#8221; column_padding_position=&#8221;all&#8221; column_element_spacing=&#8221;default&#8221; background_color_opacity=&#8221;1&#8243; background_hover_color_opacity=&#8221;1&#8243; column_shadow=&#8221;none&#8221; column_border_radius=&#8221;none&#8221; column_link_target=&#8221;_self&#8221; column_position=&#8221;default&#8221; gradient_direction=&#8221;left_to_right&#8221; overlay_strength=&#8221;0.3&#8243; width=&#8221;1\/4&#8243; tablet_width_inherit=&#8221;default&#8221; tablet_text_alignment=&#8221;default&#8221; phone_text_alignment=&#8221;default&#8221; animation_type=&#8221;default&#8221; bg_image_animation=&#8221;none&#8221; border_type=&#8221;simple&#8221; column_border_width=&#8221;none&#8221; column_border_style=&#8221;solid&#8221; offset=&#8221;vc_hidden-sm vc_hidden-xs&#8221;][\/vc_column][\/vc_row][vc_row type=&#8221;full_width_background&#8221; full_screen_row_position=&#8221;middle&#8221; column_margin=&#8221;default&#8221; column_direction=&#8221;default&#8221; column_direction_tablet=&#8221;default&#8221; column_direction_phone=&#8221;default&#8221; bg_color=&#8221;#ffffff&#8221; scene_position=&#8221;center&#8221; bottom_padding=&#8221;3%&#8221; text_color=&#8221;dark&#8221; text_align=&#8221;left&#8221; row_border_radius=&#8221;none&#8221; row_border_radius_applies=&#8221;bg&#8221; overflow=&#8221;visible&#8221; id=&#8221;core-features&#8221; row_name=&#8221;Core Features&#8221; overlay_strength=&#8221;0.3&#8243; gradient_direction=&#8221;left_to_right&#8221; shape_divider_position=&#8221;bottom&#8221; bg_image_animation=&#8221;none&#8221; shape_type=&#8221;&#8221;][vc_column column_padding=&#8221;no-extra-padding&#8221; column_padding_tablet=&#8221;inherit&#8221; column_padding_phone=&#8221;inherit&#8221; column_padding_position=&#8221;all&#8221; column_element_spacing=&#8221;default&#8221; centered_text=&#8221;true&#8221; background_color_opacity=&#8221;1&#8243; background_hover_color_opacity=&#8221;1&#8243; column_shadow=&#8221;none&#8221; column_border_radius=&#8221;none&#8221; column_link_target=&#8221;_self&#8221; column_position=&#8221;default&#8221; gradient_direction=&#8221;left_to_right&#8221; overlay_strength=&#8221;0.3&#8243; width=&#8221;1\/1&#8243; tablet_width_inherit=&#8221;default&#8221; tablet_text_alignment=&#8221;default&#8221; phone_text_alignment=&#8221;default&#8221; animation_type=&#8221;default&#8221; bg_image_animation=&#8221;none&#8221; border_type=&#8221;simple&#8221; column_border_width=&#8221;none&#8221; column_border_style=&#8221;solid&#8221;][vc_row_inner column_margin=&#8221;default&#8221; column_direction=&#8221;default&#8221; column_direction_tablet=&#8221;default&#8221; column_direction_phone=&#8221;default&#8221; text_align=&#8221;left&#8221; row_position=&#8221;default&#8221; row_position_tablet=&#8221;inherit&#8221; row_position_phone=&#8221;inherit&#8221; overflow=&#8221;visible&#8221; pointer_events=&#8221;all&#8221;][vc_column_inner column_padding=&#8221;no-extra-padding&#8221; column_padding_tablet=&#8221;inherit&#8221; column_padding_phone=&#8221;inherit&#8221; column_padding_position=&#8221;all&#8221; column_element_spacing=&#8221;default&#8221; background_color_opacity=&#8221;1&#8243; background_hover_color_opacity=&#8221;1&#8243; column_shadow=&#8221;none&#8221; column_border_radius=&#8221;none&#8221; column_link_target=&#8221;_self&#8221; gradient_direction=&#8221;left_to_right&#8221; overlay_strength=&#8221;0.3&#8243; width=&#8221;3\/4&#8243; tablet_width_inherit=&#8221;default&#8221; animation_type=&#8221;default&#8221; enable_animation=&#8221;true&#8221; animation=&#8221;fade-in&#8221; bg_image_animation=&#8221;none&#8221; border_type=&#8221;simple&#8221; column_border_width=&#8221;none&#8221; column_border_style=&#8221;solid&#8221;][vc_column_text css=&#8221;.vc_custom_1662712182435{padding-bottom: 10px !important;}&#8221;]\n<h2 style=\"text-align: left;\">Descrizione della formazione<\/h2>\n[\/vc_column_text][vc_column_text css=&#8221;.vc_custom_1663744739714{margin-top: 30px !important;margin-bottom: 30px !important;}&#8221;]\n<div class=\"boxContent\" style=\"text-align: left;\"><span dir=\"ltr\" role=\"presentation\">Nel ruolo di Manager del commercio al dettaglio rappresenterai l\u2019interfaccia con i diversi gruppi di interesse che devono <\/span><span dir=\"ltr\" role=\"presentation\">essere considerati nell\u2019ambito del commercio al dettaglio: clienti, collaboratrici et collaboratori, fornitori, politica e opinione <\/span><span dir=\"ltr\" role=\"presentation\">pubblica. Il campo di lavoro della manager e del manager nel commercio al dettaglio si estende, infatti, a tutte le discipline clas<\/span><span dir=\"ltr\" role=\"presentation\">siche della direzione come la conduzione aziendale, la concezione dell\u2019offerta e dell\u2019organizzazione, la conduzione finan<\/span><span dir=\"ltr\" role=\"presentation\">ziaria, la direzione del personale nonch\u00e9 la gestione dell\u2019informazione e della comunicazione.<\/span><\/div>\n<div class=\"boxContent\" style=\"text-align: left;\"><br role=\"presentation\" \/><span dir=\"ltr\" role=\"presentation\">Nella funzione di Manager del commercio al dettaglio agirai in base alle tue conoscenze generali e disporrai di competenze <\/span><span dir=\"ltr\" role=\"presentation\">in materia di conduzione strategica e operativa nel commercio al dettaglio. Sarai in grado di pianificare e attuare globalmente <\/span><span dir=\"ltr\" role=\"presentation\">i processi di vendita e della filiale. Organizzerai professionalmente il processo di allestimento del preventivo e adotterai consa<\/span><span dir=\"ltr\" role=\"presentation\">pevolmente le decisioni d\u2019investimento. Svolgerai compiti di una certa complessit\u00e0 nel marketing e nella vendita (come <\/span><span dir=\"ltr\" role=\"presentation\">l\u2019analisi del comportamento d\u2019acquisto della clientela e l\u2019organizzazione stagionale e tematica del punto di vendita) e sarai sempre<\/span><span dir=\"ltr\" role=\"presentation\"> informato sulle tendenze e sui bisogni della clientela. Assumerai<\/span><span dir=\"ltr\" role=\"presentation\"> funzioni direttive con o senza competenza per dare istruzioni nell&#8217;ambito della conduzione professionale, strategica <\/span><span dir=\"ltr\" role=\"presentation\">e<\/span> <span dir=\"ltr\" role=\"presentation\">normativa<\/span> <span dir=\"ltr\" role=\"presentation\">di<\/span> <span dir=\"ltr\" role=\"presentation\">collaboratori<\/span> <span dir=\"ltr\" role=\"presentation\">e<\/span> <span dir=\"ltr\" role=\"presentation\">team<\/span> <span dir=\"ltr\" role=\"presentation\">di<\/span> <span dir=\"ltr\" role=\"presentation\">lavoro.<\/span> T<span dir=\"ltr\" role=\"presentation\">i<\/span> <span dir=\"ltr\" role=\"presentation\">occuperai <\/span><span dir=\"ltr\" role=\"presentation\">dell\u2019attuazione dei processi nel tuo campo di attivit\u00e0 e svolgerai con padronanza la gestione dei progetti.\u00a0<\/span><\/div>\n<div class=\"boxContent\" style=\"text-align: left;\">\n<p><br role=\"presentation\" \/><span dir=\"ltr\" role=\"presentation\">In qualit\u00e0 di Manager del commercio al dettaglio lavorerai in un contesto frenetico agendo con autonomia e flessibilit\u00e0. Avrai<\/span><span dir=\"ltr\" role=\"presentation\"> una grande responsabilit\u00e0 nell\u2019esercizio quotidiano della tua professione che spesso svolgi sotto forte pressione. Potrai contribuire<\/span><span dir=\"ltr\" role=\"presentation\">\u00a0a un\u2019economia efficace ed efficiente nell\u2019ambito del <\/span><span dir=\"ltr\" role=\"presentation\">commercio al dettaglio, creando vendite di qualit\u00e0 per la clientela. Tramite una strategia commerciale improntata all\u2019etica <\/span><span dir=\"ltr\" role=\"presentation\">contribuirai indirettamente ad attuare gli standard aziendali in rapporto a ecologia e condizioni di lavoro adeguate.<\/span><\/p>\n<div>\n<p>Le tue attivit\u00e0 principali consistono in:<\/p>\n<h3>Gestione operativa e marketing<\/h3>\n<ul>\n<li>stabilire e monitorare i budget e analizzare i principali dati di bilancio o di magazzino;<\/li>\n<li>calcolo dei prezzi di acquisto e di vendita;<\/li>\n<li>controllare la redditivit\u00e0 delle attivit\u00e0 e preparare i rapporti finanziari;<\/li>\n<li>garantire la conformit\u00e0 con le basi normative e strategiche definite dal Consiglio di amministrazione o dalla direzione;<\/li>\n<li>sviluppare servizi (garanzie, offerte speciali, ecc.), processi e gamme di prodotti;<\/li>\n<li>se necessario, delegare i compiti e sostenete il team nel suo lavoro;<\/li>\n<\/ul>\n<h3>Approvvigionamento e logistica<\/h3>\n<ul>\n<li>analizzare e ottimizzare i processi di acquisto, logistica, approvvigionamento e magazzino;<\/li>\n<li>ordinare le merci, monitorarne la consegna e apportare le opportune modifiche alla fornitura e alla logistica;<\/li>\n<li>monitorare le misure di sicurezza per le persone, i beni e gli impianti tecnici;<\/li>\n<li>organizzare la gestione delle scorte;<\/li>\n<\/ul>\n<h3>Vendite e marketing<\/h3>\n<ul>\n<li>analizzare gli obiettivi strategici e pianificare le vendite;<\/li>\n<li>strutturare l&#8217;assortimento e progettare una presentazione attraente della merce;<\/li>\n<li>sviluppare misure di promozione delle vendite sulla base di ricerche di mercato o indagini sui clienti;<\/li>\n<li>gestire i reclami dei clienti;<\/li>\n<\/ul>\n<h3>Gestione del personale<\/h3>\n<ul>\n<li>assumere personale e promuoverne lo sviluppo;<\/li>\n<li>accompagnare i nuovi collaboratori nella fase di inserimento e formare gli apprendisti;<\/li>\n<li>condurre i colloqui di valutazione del personale;<\/li>\n<li>organizzare la formazione sul posto di lavoro;<\/li>\n<li>gestire i conflitti.<\/li>\n<\/ul>\n<h3>Ambiente di lavoro<\/h3>\n<p>La gamma di attivit\u00e0 dipende, tra l&#8217;altro, dalle dimensioni della struttura aziendale in cui si lavora. In una piccola impresa si \u00e8 a diretto contatto con i clienti, il proprio team e i fornitori. In un&#8217;organizzazione pi\u00f9 grande, i compiti di supervisione e amministrazione sono pi\u00f9 numerosi e quindi si lavora regolarmente in ufficio. Il tuo orario di lavoro coincide con quello dei negozi, ma pu\u00f2 essere irregolare, ad esempio in caso di riunioni con la direzione.<\/p><\/div>\n<\/div>\n<p style=\"text-align: left;\"><strong>Moduli:<\/strong><\/p>\n<p style=\"text-align: left;\"><span id=\"page53R_mcid24\" class=\"markedContent\"><span dir=\"ltr\" role=\"presentation\">Per l\u2019ammissione all\u2019esame finale sono necessari i seguenti certificati di fine<\/span><br role=\"presentation\" \/><span dir=\"ltr\" role=\"presentation\">modulo:<\/span><\/span><span id=\"page53R_mcid25\" class=\"markedContent\"><\/span><span id=\"page53R_mcid26\" class=\"markedContent\"><\/span><\/p>\n<p style=\"text-align: left;\"><span id=\"page53R_mcid26\" class=\"markedContent\"><span dir=\"ltr\" role=\"presentation\">Modulo di base 1 :<\/span> <span dir=\"ltr\" role=\"presentation\">Conduzione normativa e strategica<\/span><\/span><span id=\"page53R_mcid27\" class=\"markedContent\"><br role=\"presentation\" \/><span dir=\"ltr\" role=\"presentation\">Modulo di base 2<\/span> : <span dir=\"ltr\" role=\"presentation\">Catena di valore aggiunto nel commercio al dettaglio<\/span><\/span><span id=\"page53R_mcid28\" class=\"markedContent\"><br role=\"presentation\" \/><span dir=\"ltr\" role=\"presentation\">Modulo di base 3<\/span> : <span dir=\"ltr\" role=\"presentation\">Cura di processi relativi ai clienti<\/span><\/span><span id=\"page53R_mcid29\" class=\"markedContent\"><br role=\"presentation\" \/><span dir=\"ltr\" role=\"presentation\">Modulo di base 4<\/span> : <span dir=\"ltr\" role=\"presentation\">Concezione e sviluppo dell\u2018organizzazione<\/span><\/span><span id=\"page53R_mcid30\" class=\"markedContent\"><br role=\"presentation\" \/><span dir=\"ltr\" role=\"presentation\">Modulo di base 5<\/span> : <span dir=\"ltr\" role=\"presentation\">Sistemi e processi di conduzione<\/span><\/span><span id=\"page53R_mcid31\" class=\"markedContent\"><br role=\"presentation\" \/><span dir=\"ltr\" role=\"presentation\">Modulo di base 6<\/span> : <span dir=\"ltr\" role=\"presentation\">Conduzione finanziaria<\/span><\/span><span id=\"page53R_mcid32\" class=\"markedContent\"><br role=\"presentation\" \/><span dir=\"ltr\" role=\"presentation\">Modulo di base 7<\/span> : <span dir=\"ltr\" role=\"presentation\">Gestione dell\u2019informazione e della comunicazione<\/span><\/span><span id=\"page53R_mcid33\" class=\"markedContent\"><br role=\"presentation\" \/><span dir=\"ltr\" role=\"presentation\">Modulo di base 8<\/span> : <span dir=\"ltr\" role=\"presentation\">Processi di supporto nel commercio al dettagli<\/span><\/span><\/p>\n<p style=\"text-align: left;\"><span id=\"page45R_mcid43\" class=\"markedContent\"><span dir=\"ltr\" role=\"presentation\"><span id=\"page53R_mcid37\" class=\"markedContent\">La struttura di base della formazione corrisponde al modello denominato &#8220;sistema modulare con esame professionale superiore finale&#8221;.\u00a0<\/span> <span id=\"page61R_mcid44\" class=\"markedContent\">Ciascuno degli otto moduli di base si conclude con un esame, superato il quale viene rilasciato un certificato di fine modulo. <\/span><\/span><\/span><span id=\"page45R_mcid43\" class=\"markedContent\"><span dir=\"ltr\" role=\"presentation\"><span id=\"page61R_mcid44\" class=\"markedContent\">Per essere ammessi all\u2019esame professionale superiore \u00e8 indispensabile aver superato tutti gli otto moduli. Gli esami modulari sono strutturati nel modo rappresentato qui di seguito. <\/span>Gli moduli hanno una validit\u00e0 di <span id=\"page48R_mcid1\" class=\"markedContent\">5 anni. <span id=\"page48R_mcid10\" class=\"markedContent\"><\/span><\/span><br \/>\n<\/span><\/span><\/p>\n<p style=\"text-align: left;\">Campi d&#8217;azione modulo 1: Gestione normativa e strategica<br \/>\nFormula i principi normativi e li applica nel suo lavoro quotidiano. Controlla regolarmente e sistematicamente le operazioni quotidiane dell&#8217;azienda per quanto riguarda il mantenimento dei valori e adotti misure per ottimizzarli. Formula i contributi del suo campo di attivit\u00e0 e valuta gli aspetti politici ed economici rilevanti nel quadro di discussioni professionali sulle relazioni politiche ed economiche.<\/p>\n<p style=\"text-align: left;\">Campi d&#8217;azione modulo 2: Catena di valore del commercio al dettaglio<br \/>\nStruttura in modo ottimale le sue attivit\u00e0 nelle aree degli acquisti, degli approvvigionamenti, del magazzino e della distribuzione, tenendo conto delle dipendenze della catena del valore. Organizza i processi di vendita e di logistica di magazzino (&#8220;Instore&#8221;) delle varie aree, nonch\u00e9 la pianificazione del personale e il controllo della ricezione delle merci. Pianifica campagne e promozioni e organizza l&#8217;ubicazione dei registratori di cassa. Determina le riduzioni di prezzo tenendo conto degli aspetti ecologici e garantisce la corretta elaborazione dei resi.<\/p>\n<p style=\"text-align: left;\">Campi d&#8217;azione modulo 3: Processo clienti<br \/>\nAnalizza il comportamento d&#8217;acquisto dei clienti e prende le misure appropriate per l&#8217;azienda e elabora la strategia di vendita e, in particolare, sceglie il punto di vendita (\u00ab Point of Purchase \u00bb POP).<br \/>\nPianifica e organizza la struttura POP di sua iniziativa, in base alla stagione o a un tema particolare. Nel suo ruolo di interfaccia tra il cliente e la gamma di prodotti o il marketing\/acquisti, guida professionalmente i suoi collaboratori in termini di servizio e orientamento al cliente. Insieme a loro, pianifica e attua misure di promozione delle vendite.<\/p>\n<p style=\"text-align: left;\">Campi d&#8217;azione modulo 4: Struttura e sviluppo dell&#8217;azienda<br \/>\nImplementa i cambiamenti nel suo settore di attivit\u00e0 in modo professionale e utilizzando vari metodi e tecniche di gestione del cambiamento. Possiede il know-how psicologico per affrontare le paure e le opposizioni dei dipendenti nel contesto dell&#8217;implementazione di una nuova strategia. Tra le altre cose sviluppa anche un concetto di comunicazione per l&#8217;introduzione di un cambiamento e riflette a fondo su quando, come e a chi comunicare le informazioni.<\/p>\n<p style=\"text-align: left;\">Campi d&#8217;azione modulo 5: Sistemi e processi di gestione<br \/>\nSviluppa standard di gestione nel vostro settore e li mette in pratica. Esegue un&#8217;analisi approfondita e affronta i punti deboli in modo mirato. In generale, crea le condizioni quadro per un clima di lavoro produttivo e per lo sviluppo dei dipendenti. Gestisce le loro presenze e assenze e accompagna e risolve le situazioni di conflitto in modo esemplare.<\/p>\n<p style=\"text-align: left;\">Campi d&#8217;azione modulo 6: Gestione finanziaria<br \/>\nPrende decisioni di investimento a lungo e a breve termine per la sua azienda o organizzazione. Struttura il processo di budgeting in modo professionale e implementa efficacemente le istruzioni di gestione dei costi dei suoi superiori. Gestisce il processo di controlling per la sua azienda o unit\u00e0 organizzativa e per il funzionamento dei beni. Organizza un programma efficiente per il personale e ne garantisce il rispetto.<\/p>\n<p style=\"text-align: left;\">Campi d&#8217;azione modulo 7: Gestione dell&#8217;informazione e della comunicazione<br \/>\nOrganizza la comunicazione con i contatti esterni e la comunicazione interna con i dipendenti. A questo proposito,\u00a0 applica le diverse tecniche di comunicazione\u00a0e sceglie in modo mirato i mezzi di comunicazione. Valuta regolarmente le informazioni e le prepara in base ai gruppi target. In particolare, nelle situazioni difficili comunica in modo autorevole e assicura una comunicazione professionale (in caso di crisi).<\/p>\n<p style=\"text-align: left;\">Campi d&#8217;azione modulo 8: Processo di supporto del commercio al dettaglio<br \/>\nPartecipa attivamente al funzionamento dei processi aziendali e garantisce il buon funzionamento e l&#8217;implementazione coerente dei processi di supporto.[\/vc_column_text][\/vc_column_inner][vc_column_inner column_padding=&#8221;no-extra-padding&#8221; column_padding_tablet=&#8221;inherit&#8221; column_padding_phone=&#8221;inherit&#8221; column_padding_position=&#8221;all&#8221; column_element_spacing=&#8221;default&#8221; background_color_opacity=&#8221;1&#8243; background_hover_color_opacity=&#8221;1&#8243; column_shadow=&#8221;none&#8221; column_border_radius=&#8221;none&#8221; column_link_target=&#8221;_self&#8221; gradient_direction=&#8221;left_to_right&#8221; overlay_strength=&#8221;0.3&#8243; width=&#8221;1\/4&#8243; tablet_width_inherit=&#8221;default&#8221; animation_type=&#8221;default&#8221; bg_image_animation=&#8221;none&#8221; border_type=&#8221;simple&#8221; column_border_width=&#8221;none&#8221; column_border_style=&#8221;solid&#8221; offset=&#8221;vc_hidden-sm vc_hidden-xs&#8221;][\/vc_column_inner][\/vc_row_inner][\/vc_column][\/vc_row][vc_row type=&#8221;full_width_background&#8221; full_screen_row_position=&#8221;middle&#8221; column_margin=&#8221;default&#8221; equal_height=&#8221;yes&#8221; content_placement=&#8221;middle&#8221; column_direction=&#8221;default&#8221; column_direction_tablet=&#8221;default&#8221; column_direction_phone=&#8221;default&#8221; bg_color=&#8221;#ffffff&#8221; scene_position=&#8221;center&#8221; top_padding=&#8221;80&#8243; bottom_padding=&#8221;80&#8243; text_color=&#8221;custom&#8221; custom_text_color=&#8221;#0a0a0a&#8221; text_align=&#8221;left&#8221; row_border_radius=&#8221;none&#8221; row_border_radius_applies=&#8221;bg&#8221; overflow=&#8221;visible&#8221; color_overlay=&#8221;#f27515&#8243; overlay_strength=&#8221;0.95&#8243; gradient_direction=&#8221;left_to_right&#8221; shape_divider_position=&#8221;bottom&#8221; bg_image_animation=&#8221;none&#8221; shape_type=&#8221;&#8221;][vc_column column_padding=&#8221;no-extra-padding&#8221; column_padding_tablet=&#8221;inherit&#8221; column_padding_phone=&#8221;inherit&#8221; column_padding_position=&#8221;all&#8221; column_element_spacing=&#8221;default&#8221; background_color_opacity=&#8221;1&#8243; background_hover_color_opacity=&#8221;1&#8243; column_shadow=&#8221;none&#8221; column_border_radius=&#8221;none&#8221; column_link_target=&#8221;_self&#8221; column_position=&#8221;default&#8221; gradient_direction=&#8221;left_to_right&#8221; overlay_strength=&#8221;0.3&#8243; width=&#8221;8\/12&#8243; tablet_width_inherit=&#8221;default&#8221; tablet_text_alignment=&#8221;center&#8221; phone_text_alignment=&#8221;center&#8221; animation_type=&#8221;default&#8221; bg_image_animation=&#8221;none&#8221; border_type=&#8221;simple&#8221; column_border_width=&#8221;none&#8221; column_border_style=&#8221;solid&#8221;][nectar_highlighted_text color_type=&#8221;regular&#8221; highlight_color=&#8221;#ff1053&#8243; style=&#8221;half_text&#8221;]\n<h2>Per l&#8217;iscrizione<\/h2>\n[\/nectar_highlighted_text][vc_column_text]Iscrizione al corso di preparazione per Manager del commercio al dettaglio con diploma federale[\/vc_column_text][\/vc_column][vc_column column_padding=&#8221;no-extra-padding&#8221; column_padding_tablet=&#8221;inherit&#8221; column_padding_phone=&#8221;inherit&#8221; column_padding_position=&#8221;all&#8221; column_element_spacing=&#8221;default&#8221; background_color_opacity=&#8221;1&#8243; background_hover_color_opacity=&#8221;1&#8243; column_shadow=&#8221;none&#8221; column_border_radius=&#8221;none&#8221; column_link_target=&#8221;_self&#8221; column_position=&#8221;default&#8221; gradient_direction=&#8221;left_to_right&#8221; overlay_strength=&#8221;0.3&#8243; width=&#8221;4\/12&#8243; tablet_width_inherit=&#8221;default&#8221; tablet_text_alignment=&#8221;center&#8221; phone_text_alignment=&#8221;center&#8221; animation_type=&#8221;default&#8221; bg_image_animation=&#8221;none&#8221; border_type=&#8221;simple&#8221; column_border_width=&#8221;none&#8221; column_border_style=&#8221;solid&#8221;][vc_row_inner column_margin=&#8221;default&#8221; column_direction=&#8221;default&#8221; column_direction_tablet=&#8221;default&#8221; column_direction_phone=&#8221;default&#8221; text_align=&#8221;right&#8221; row_position=&#8221;default&#8221; row_position_tablet=&#8221;inherit&#8221; row_position_phone=&#8221;inherit&#8221; overflow=&#8221;visible&#8221; pointer_events=&#8221;all&#8221;][vc_column_inner column_padding=&#8221;no-extra-padding&#8221; column_padding_tablet=&#8221;inherit&#8221; column_padding_phone=&#8221;inherit&#8221; column_padding_position=&#8221;all&#8221; column_element_spacing=&#8221;default&#8221; background_color_opacity=&#8221;1&#8243; background_hover_color_opacity=&#8221;1&#8243; column_shadow=&#8221;none&#8221; column_border_radius=&#8221;none&#8221; column_link_target=&#8221;_self&#8221; gradient_direction=&#8221;left_to_right&#8221; overlay_strength=&#8221;0.3&#8243; width=&#8221;1\/1&#8243; tablet_width_inherit=&#8221;default&#8221; animation_type=&#8221;default&#8221; bg_image_animation=&#8221;none&#8221; border_type=&#8221;simple&#8221; column_border_width=&#8221;none&#8221; column_border_style=&#8221;solid&#8221;][nectar_btn size=&#8221;jumbo&#8221; button_style=&#8221;regular&#8221; button_color_2=&#8221;Accent-Color&#8221; color_override=&#8221;#262626&#8243; solid_text_color_override=&#8221;#ffffff&#8221; icon_family=&#8221;default_arrow&#8221; url=&#8221;https:\/\/kairos-academy.ch\/it\/contatto\/&#8221; text=&#8221;Iscrizione&#8221;][\/vc_column_inner][\/vc_row_inner][\/vc_column][\/vc_row][vc_row type=&#8221;full_width_background&#8221; full_screen_row_position=&#8221;middle&#8221; column_margin=&#8221;default&#8221; column_direction=&#8221;default&#8221; column_direction_tablet=&#8221;default&#8221; column_direction_phone=&#8221;default&#8221; bg_color=&#8221;#f7f7f7&#8243; scene_position=&#8221;center&#8221; top_padding=&#8221;100&#8243; bottom_padding=&#8221;100&#8243; text_color=&#8221;dark&#8221; text_align=&#8221;left&#8221; row_border_radius=&#8221;none&#8221; row_border_radius_applies=&#8221;bg&#8221; overflow=&#8221;visible&#8221; overlay_strength=&#8221;0.3&#8243; gradient_direction=&#8221;left_to_right&#8221; shape_divider_position=&#8221;bottom&#8221; bg_image_animation=&#8221;none&#8221;][vc_column column_padding=&#8221;no-extra-padding&#8221; column_padding_tablet=&#8221;inherit&#8221; column_padding_phone=&#8221;inherit&#8221; column_padding_position=&#8221;all&#8221; column_element_spacing=&#8221;default&#8221; background_color_opacity=&#8221;1&#8243; background_hover_color_opacity=&#8221;1&#8243; column_shadow=&#8221;none&#8221; column_border_radius=&#8221;none&#8221; column_link_target=&#8221;_self&#8221; column_position=&#8221;default&#8221; gradient_direction=&#8221;left_to_right&#8221; overlay_strength=&#8221;0.3&#8243; width=&#8221;3\/4&#8243; tablet_width_inherit=&#8221;default&#8221; tablet_text_alignment=&#8221;default&#8221; phone_text_alignment=&#8221;default&#8221; animation_type=&#8221;default&#8221; bg_image_animation=&#8221;none&#8221; border_type=&#8221;simple&#8221; column_border_width=&#8221;none&#8221; column_border_style=&#8221;solid&#8221;][vc_column_text]\n<h2>La formazione<\/h2>\n[\/vc_column_text][toggles style=&#8221;default&#8221;][toggle color=&#8221;Default&#8221; title=&#8221;La formazione&#8221;][vc_row_inner column_margin=&#8221;default&#8221; column_direction=&#8221;default&#8221; column_direction_tablet=&#8221;default&#8221; column_direction_phone=&#8221;default&#8221; text_align=&#8221;left&#8221; row_position=&#8221;default&#8221; row_position_tablet=&#8221;inherit&#8221; row_position_phone=&#8221;inherit&#8221; overflow=&#8221;visible&#8221; pointer_events=&#8221;all&#8221;][vc_column_inner column_padding=&#8221;no-extra-padding&#8221; column_padding_tablet=&#8221;inherit&#8221; column_padding_phone=&#8221;inherit&#8221; column_padding_position=&#8221;all&#8221; column_element_spacing=&#8221;default&#8221; background_color_opacity=&#8221;1&#8243; background_hover_color_opacity=&#8221;1&#8243; column_shadow=&#8221;none&#8221; column_border_radius=&#8221;none&#8221; column_link_target=&#8221;_self&#8221; gradient_direction=&#8221;left_to_right&#8221; overlay_strength=&#8221;0.3&#8243; width=&#8221;1\/1&#8243; tablet_width_inherit=&#8221;default&#8221; animation_type=&#8221;default&#8221; bg_image_animation=&#8221;none&#8221; border_type=&#8221;simple&#8221; column_border_width=&#8221;none&#8221; column_border_style=&#8221;solid&#8221;]<div class=\"nectar-fancy-ul\" data-list-icon=\"icon-salient-thin-line\" data-animation=\"false\" data-animation-delay=\"0\" data-color=\"accent-color\" data-spacing=\"default\" data-alignment=\"left\"> \n<h2><strong>Campi d&#8217;azione e materie d&#8217;esame<br \/>\n<\/strong><\/h2>\n<p>&nbsp;<\/p>\n<ul>\n<li>Impresa e ambiente<\/li>\n<li>Team leadership e gestione del personale<\/li>\n<li>Finanza e contabilit\u00e0<\/li>\n<li>Catena del valore, approvvigionamento e logistica<\/li>\n<li>Gestione dei clienti<\/li>\n<li>Informazione e comunicazione<\/li>\n<li>Diffusione, distribuzione e marketing<\/li>\n<\/ul>\n<p><span dir=\"ltr\" role=\"presentation\">\u00a0<\/span> <\/div>[vc_column_text]\n<h2><strong>Programma<br \/>\n<\/strong><\/h2>\n[\/vc_column_text][\/vc_column_inner][\/vc_row_inner][vc_row_inner column_margin=&#8221;default&#8221; column_direction=&#8221;default&#8221; column_direction_tablet=&#8221;default&#8221; column_direction_phone=&#8221;default&#8221; text_align=&#8221;left&#8221; row_position=&#8221;default&#8221; row_position_tablet=&#8221;inherit&#8221; row_position_phone=&#8221;inherit&#8221; overflow=&#8221;visible&#8221; pointer_events=&#8221;all&#8221;][vc_column_inner column_padding=&#8221;no-extra-padding&#8221; column_padding_tablet=&#8221;inherit&#8221; column_padding_phone=&#8221;inherit&#8221; column_padding_position=&#8221;all&#8221; column_element_spacing=&#8221;default&#8221; background_color_opacity=&#8221;1&#8243; background_hover_color_opacity=&#8221;1&#8243; column_shadow=&#8221;none&#8221; column_border_radius=&#8221;none&#8221; column_link_target=&#8221;_self&#8221; gradient_direction=&#8221;left_to_right&#8221; overlay_strength=&#8221;0.3&#8243; width=&#8221;1\/3&#8243; tablet_width_inherit=&#8221;default&#8221; animation_type=&#8221;default&#8221; bg_image_animation=&#8221;none&#8221; border_type=&#8221;simple&#8221; column_border_width=&#8221;none&#8221; column_border_style=&#8221;solid&#8221;]<div class=\"nectar-fancy-ul\" data-list-icon=\"icon-salient-thin-line\" data-animation=\"true\" data-animation-delay=\"0\" data-color=\"accent-color\" data-spacing=\"default\" data-alignment=\"left\"> \n<h5>BASI<\/h5>\n<p>&nbsp;<\/p>\n<ul>\n<li>Impresa e organizzazione<\/li>\n<li>Ricerche di mercato<\/li>\n<li>Marketing e strumenti<\/li>\n<li>Comunicazione di marketing<\/li>\n<li>Diffusione, distribuzione<\/li>\n<li>Gestione del progetto<\/li>\n<li>Contabilit\u00e0<\/li>\n<li>Diritto<\/li>\n<\/ul>\n <\/div>[\/vc_column_inner][vc_column_inner column_padding=&#8221;no-extra-padding&#8221; column_padding_tablet=&#8221;inherit&#8221; column_padding_phone=&#8221;inherit&#8221; column_padding_position=&#8221;all&#8221; column_element_spacing=&#8221;default&#8221; background_color_opacity=&#8221;1&#8243; background_hover_color_opacity=&#8221;1&#8243; column_shadow=&#8221;none&#8221; column_border_radius=&#8221;none&#8221; column_link_target=&#8221;_self&#8221; gradient_direction=&#8221;left_to_right&#8221; overlay_strength=&#8221;0.3&#8243; width=&#8221;1\/3&#8243; tablet_width_inherit=&#8221;default&#8221; animation_type=&#8221;default&#8221; bg_image_animation=&#8221;none&#8221; border_type=&#8221;simple&#8221; column_border_width=&#8221;none&#8221; column_border_style=&#8221;solid&#8221;]<div class=\"nectar-fancy-ul\" data-list-icon=\"icon-salient-thin-line\" data-animation=\"true\" data-animation-delay=\"0\" data-color=\"accent-color\" data-spacing=\"default\" data-alignment=\"left\"> \n<h5>SVILUPPO DELLE COMPETENZE<\/h5>\n<p>&nbsp;<\/p>\n<ul>\n<li>ICT e infrastrutture<\/li>\n<li>Gestione del team<\/li>\n<li>Marketing integrato<\/li>\n<li>Comunicazione integrata<\/li>\n<li>Analisi di mercato<\/li>\n<li>Gestione del progetto<\/li>\n<li>Gestione delle riunioni<\/li>\n<\/ul>\n <\/div>[\/vc_column_inner][vc_column_inner column_padding=&#8221;no-extra-padding&#8221; column_padding_tablet=&#8221;inherit&#8221; column_padding_phone=&#8221;inherit&#8221; column_padding_position=&#8221;all&#8221; column_element_spacing=&#8221;default&#8221; background_color_opacity=&#8221;1&#8243; background_hover_color_opacity=&#8221;1&#8243; column_shadow=&#8221;none&#8221; column_border_radius=&#8221;none&#8221; column_link_target=&#8221;_self&#8221; gradient_direction=&#8221;left_to_right&#8221; overlay_strength=&#8221;0.3&#8243; width=&#8221;1\/3&#8243; tablet_width_inherit=&#8221;default&#8221; animation_type=&#8221;default&#8221; bg_image_animation=&#8221;none&#8221; border_type=&#8221;simple&#8221; column_border_width=&#8221;none&#8221; column_border_style=&#8221;solid&#8221;]<div class=\"nectar-fancy-ul\" data-list-icon=\"icon-salient-thin-line\" data-animation=\"true\" data-animation-delay=\"0\" data-color=\"accent-color\" data-spacing=\"default\" data-alignment=\"left\"> \n<h5>PREPARAZIONE<\/h5>\n<p>&nbsp;<\/p>\n<ul>\n<li>Individuo e gruppo<\/li>\n<li>Animazione di meeting<\/li>\n<li>Tecniche di lavoro<\/li>\n<li>Tecniche di presentazione<\/li>\n<li>Preparazione agli esami orali<\/li>\n<li>Preparazione all&#8217;esame scritto<\/li>\n<li>2-3 simulazioni dell&#8217;esame finale<\/li>\n<li>Lavoro di gruppo<\/li>\n<\/ul>\n <\/div>[\/vc_column_inner][\/vc_row_inner][vc_row_inner column_margin=&#8221;default&#8221; column_direction=&#8221;default&#8221; column_direction_tablet=&#8221;default&#8221; column_direction_phone=&#8221;default&#8221; text_align=&#8221;left&#8221; row_position=&#8221;default&#8221; row_position_tablet=&#8221;inherit&#8221; row_position_phone=&#8221;inherit&#8221; overflow=&#8221;visible&#8221; pointer_events=&#8221;all&#8221;][vc_column_inner column_padding=&#8221;no-extra-padding&#8221; column_padding_tablet=&#8221;inherit&#8221; column_padding_phone=&#8221;inherit&#8221; column_padding_position=&#8221;all&#8221; column_element_spacing=&#8221;default&#8221; background_color_opacity=&#8221;1&#8243; background_hover_color_opacity=&#8221;1&#8243; column_shadow=&#8221;none&#8221; column_border_radius=&#8221;none&#8221; column_link_target=&#8221;_self&#8221; gradient_direction=&#8221;left_to_right&#8221; overlay_strength=&#8221;0.3&#8243; width=&#8221;1\/1&#8243; tablet_width_inherit=&#8221;default&#8221; animation_type=&#8221;default&#8221; bg_image_animation=&#8221;none&#8221; border_type=&#8221;simple&#8221; column_border_width=&#8221;none&#8221; column_border_style=&#8221;solid&#8221;][vc_column_text]<strong>Obiettivi e materiale didattico<br \/>\n<\/strong><\/p>\n<p>Alla fine del corso, i partecipanti avranno acquisito la teoria e la pratica per agire con competenza nel loro ruolo. \u00a0Saranno in grado di soddisfare i criteri specificati nelle linee guida federali e di lavorare nella gestione di un&#8217;attivit\u00e0 di vendita al dettaglio di medie o grandi dimensioni. Comprenderanno l&#8217;importanza del loro ruolo nell&#8217;azienda che opera in un ambiente economico sempre pi\u00f9 dinamico. Al termine dei loro studi, avranno raggiunto le competenze necessarie per sostenere l&#8217;esame superiore per ottenere il diploma federale di Manager del commercio al dettaglio che si svolge nell&#8217;arco di due giorni e ha carattere valutativo. Il materiale, ampio e ben strutturato, viene fornito in formato elettronico (incluso nel costo della formazione).<\/p>\n<p>Nota: l&#8217;ordine delle materie pu\u00f2 variare di volta in volta.[\/vc_column_text][\/vc_column_inner][\/vc_row_inner][\/toggle][toggle color=&#8221;Default&#8221; title=&#8221;Criteri d&#8217;ammissione&#8221;][vc_column_text]<span dir=\"ltr\" role=\"presentation\">All\u2019esame finale \u00e8 ammesso chi:<\/span><\/p>\n<p><br role=\"presentation\" \/><span dir=\"ltr\" role=\"presentation\">a)<\/span> <span dir=\"ltr\" role=\"presentation\">\u00e8 in possesso di un attestato professionale federale nel campo specifico del <\/span><span dir=\"ltr\" role=\"presentation\">ramo e pu\u00f2 attestare almeno 3 anni di pratica con una funzione di quadro nel <\/span><span dir=\"ltr\" role=\"presentation\">commercio al dettaglio<\/span><\/p>\n<p><span dir=\"ltr\" role=\"presentation\">oppure<\/span><\/p>\n<p><span dir=\"ltr\" role=\"presentation\">b)<\/span> <span dir=\"ltr\" role=\"presentation\">\u00e8 in possesso di un diploma di un altro esame professionale superiore, di un di<\/span><span dir=\"ltr\" role=\"presentation\">ploma di una scuola specializzata superiore, del titolo rilasciato da una scuola <\/span><span dir=\"ltr\" role=\"presentation\">universitaria professionale o da una scuola universitaria e pu\u00f2 attestare almeno <\/span><span dir=\"ltr\" role=\"presentation\">3 anni di pratica con una funzione di quadro nel commercio al dettaglio<\/span><\/p>\n<p><span dir=\"ltr\" role=\"presentation\">oppure<\/span><\/p>\n<p><span dir=\"ltr\" role=\"presentation\">c)<\/span> <span dir=\"ltr\" role=\"presentation\">\u00e8 in possesso dell\u2019attestato federale di capacit\u00e0 in una formazione professiona<\/span><span dir=\"ltr\" role=\"presentation\">le di base della durata di almeno tre anni, dell\u2019attestato federale di capacit\u00e0 nel<\/span><span dir=\"ltr\" role=\"presentation\">la formazione professionale di base su due anni nel commercio al dettaglio, del <\/span><span dir=\"ltr\" role=\"presentation\">diploma di una scuola media di commercio riconosciuta dall\u2019Ufficio federale, di <\/span><span dir=\"ltr\" role=\"presentation\">un certificato di maturit\u00e0 o un certificato equivalente e pu\u00f2 attestare almeno 6 <\/span><span dir=\"ltr\" role=\"presentation\">anni di pratica dopo averlo conseguito, 3 dei quali con una funzione di quadro, <\/span><span dir=\"ltr\" role=\"presentation\">nel commercio al dettaglio<\/span><\/p>\n<p><span dir=\"ltr\" role=\"presentation\">e<\/span><\/p>\n<p><span dir=\"ltr\" role=\"presentation\">d)<\/span> <span dir=\"ltr\" role=\"presentation\">\u00e8 in possesso dei certificati di fine modulo necessari o delle relative dichiarazio<\/span><span dir=\"ltr\" role=\"presentation\">ni di equipollenza<\/span>[\/vc_column_text][\/toggle][toggle color=&#8221;Default&#8221; title=&#8221;Inizio dei corsi e dettagli&#8221;][vc_column_text]\n<h4><strong>MANAGER DEL COMMERCIO AL DETTAGLIO CON DIPLOMA FEDERALE<\/strong><\/h4>\n<p><strong>280 lezioni di 45 minuti<\/strong>, di cui circa 1\/2 sono proposte nella prospettiva progressista del \u00ab Blended Learning \u00bb, con diversi dispositivi online, concetti e metodi di apprendimento misto, compresi progetti multimediali e numerosi casi di studio &#8211; durata della formazione 2-3 semestri, costo della formazione: <strong>13\u2019900 CHF <\/strong><u>(escluse<\/u> le tasse dell&#8217;esame federale)<\/p>\n<ul>\n<li>Partecipanti: il corso di preparazione al diploma federale di Manager del commercio al dettaglio \u00e8 adatto a manager esperti che desiderano e sono in grado di assumere posizioni di responsabilit\u00e0 nella catena del valore del commercio al dettaglio e che vogliono completare la formazione per sostenere l&#8217;esame federale superiore.<\/li>\n<\/ul>\n<p>Vantaggio finanziario: con le sovvenzioni federali del 50%, il tuo investimento nella formazione sar\u00e0 di CHF 5&#8217;950, contattaci per maggiori informazioni o visita la pagina della SEFRI al link www.sbfi.admin.ch\/contributi<\/p>\n<p>&nbsp;<\/p>\n<p><strong>Moduli:<\/strong><\/p>\n<p>Dopo il primo o il secondo semestre, gli esami degli otto moduli si svolgono a Lugano. Per ogni modulo vengono proposte diverse date da selezionare. Ogni modulo superato viene registrato sulla scheda di certificazione di ciascun candidato. La validit\u00e0 \u00e8 di cinque anni. Una volta superati tutti e cinque i moduli, \u00e8 possibile iscriversi al diploma federale.<\/p>\n<p><strong>Esame professionale: <\/strong><\/p>\n<p>L&#8217;iscrizione agli esami federali avviene solitamente in aprile o maggio di ogni anno. L&#8217;esame si compone di vari elementi. Una parte importante \u00e8 il caso di studio. A giugno i candidati ricevono la consegna\/compito. La commissione concede loro 8 settimane per redigere un lavoro scritto\/una relazione di circa 15-20 pagine A4. In relazione alla consegna\/compito, i candidati effettuano un&#8217;analisi nella loro azienda e propongono un piano d&#8217;azione concreto. Il lavoro scritto viene presentato in agosto. Le presentazioni agli esperti vengono effettuate a settembre. Al termine dell&#8217;esame \u00e8 prevista una valutazione (due giorni) che prevede un colloquio personale, compiti di pianificazione, lavori di gruppo e presentazioni.<\/p>\n<p>Per maggiori dettagli sul processo d&#8217;esame, leggere le Linee guida federali degli esami.<\/p>\n<p>&nbsp;<\/p>\n<h4><strong>INIZIO DEI CORSI IN PRIMAVERA E IN AUTUNNO<\/strong><\/h4>\n<p><strong>Un valore aggiunto interessante:<\/strong> KAIROS ti offre la possibilit\u00e0 di scegliere liberamente la lingua della tua formazione e la lingua in cui sostenere gli esami (tre lingue nazionali + inglese per il lavoro di diploma).[\/vc_column_text][\/toggle][toggle color=&#8221;Default&#8221; title=&#8221;Titolo ottenuto&#8221;][vc_column_text]\n<div class=\"text-block__text\">\n<p><strong>TITOLO<\/strong><\/p>\n<p>Le persone che superano gli esami possono avvalersi del seguente titolo riconosciuto:<\/p>\n<p><b>Manager del commercio al dettaglio con diploma federale<\/b><\/p>\n<p>Per la traduzione inglese il titolo corrispondente \u00e8 &#8220;Retail Manager, Federal Diploma of Higher Education&#8221;.<\/p>\n<p>Gli esami scritti e orali hanno luogo ogni anno a giugno (Lugano). Per tutti i dettagli visita il sito Web dell&#8217;associazione professionale che organizza gli esmai bds-fcs.ch.[\/vc_column_text][\/toggle][\/toggles][\/vc_column][vc_column column_padding=&#8221;no-extra-padding&#8221; column_padding_tablet=&#8221;inherit&#8221; column_padding_phone=&#8221;inherit&#8221; column_padding_position=&#8221;all&#8221; column_element_spacing=&#8221;default&#8221; background_color_opacity=&#8221;1&#8243; background_hover_color_opacity=&#8221;1&#8243; column_shadow=&#8221;none&#8221; column_border_radius=&#8221;none&#8221; column_link_target=&#8221;_self&#8221; column_position=&#8221;default&#8221; gradient_direction=&#8221;left_to_right&#8221; overlay_strength=&#8221;0.3&#8243; width=&#8221;1\/4&#8243; tablet_width_inherit=&#8221;default&#8221; tablet_text_alignment=&#8221;default&#8221; phone_text_alignment=&#8221;default&#8221; animation_type=&#8221;default&#8221; bg_image_animation=&#8221;none&#8221; border_type=&#8221;simple&#8221; column_border_width=&#8221;none&#8221; column_border_style=&#8221;solid&#8221; offset=&#8221;vc_hidden-sm vc_hidden-xs&#8221;][\/vc_column][\/vc_row][vc_row type=&#8221;in_container&#8221; full_screen_row_position=&#8221;middle&#8221; column_margin=&#8221;default&#8221; column_direction=&#8221;default&#8221; column_direction_tablet=&#8221;default&#8221; column_direction_phone=&#8221;default&#8221; scene_position=&#8221;center&#8221; text_color=&#8221;dark&#8221; text_align=&#8221;left&#8221; row_border_radius=&#8221;none&#8221; row_border_radius_applies=&#8221;bg&#8221; overflow=&#8221;visible&#8221; overlay_strength=&#8221;0.3&#8243; gradient_direction=&#8221;left_to_right&#8221; shape_divider_position=&#8221;bottom&#8221; bg_image_animation=&#8221;none&#8221;][vc_column column_padding=&#8221;no-extra-padding&#8221; column_padding_tablet=&#8221;inherit&#8221; column_padding_phone=&#8221;inherit&#8221; column_padding_position=&#8221;all&#8221; column_element_spacing=&#8221;default&#8221; background_color_opacity=&#8221;1&#8243; background_hover_color_opacity=&#8221;1&#8243; column_shadow=&#8221;none&#8221; column_border_radius=&#8221;none&#8221; column_link_target=&#8221;_self&#8221; column_position=&#8221;default&#8221; gradient_direction=&#8221;left_to_right&#8221; overlay_strength=&#8221;0.3&#8243; width=&#8221;1\/1&#8243; tablet_width_inherit=&#8221;default&#8221; tablet_text_alignment=&#8221;default&#8221; phone_text_alignment=&#8221;default&#8221; animation_type=&#8221;default&#8221; bg_image_animation=&#8221;none&#8221; border_type=&#8221;simple&#8221; column_border_width=&#8221;none&#8221; column_border_style=&#8221;solid&#8221;][vc_column_text]<\/div>\n[\/vc_column_text][\/vc_column][\/vc_row]\n","protected":false},"excerpt":{"rendered":"<p>[vc_row type=&#8221;in_container&#8221; full_screen_row_position=&#8221;middle&#8221; column_margin=&#8221;default&#8221; column_direction=&#8221;default&#8221; column_direction_tablet=&#8221;default&#8221; column_direction_phone=&#8221;default&#8221; scene_position=&#8221;center&#8221; top_padding=&#8221;5%&#8221; text_color=&#8221;dark&#8221; text_align=&#8221;left&#8221; row_border_radius=&#8221;none&#8221; row_border_radius_applies=&#8221;bg&#8221; overflow=&#8221;visible&#8221; overlay_strength=&#8221;0.3&#8243; gradient_direction=&#8221;left_to_right&#8221; shape_divider_position=&#8221;bottom&#8221; bg_image_animation=&#8221;none&#8221; shape_type=&#8221;&#8221;][vc_column column_padding=&#8221;no-extra-padding&#8221; column_padding_tablet=&#8221;inherit&#8221; column_padding_phone=&#8221;inherit&#8221; column_padding_position=&#8221;all&#8221; column_element_spacing=&#8221;default&#8221; background_color_opacity=&#8221;1&#8243; background_hover_color_opacity=&#8221;1&#8243; column_shadow=&#8221;none&#8221; column_border_radius=&#8221;none&#8221; column_link_target=&#8221;_self&#8221; column_position=&#8221;default&#8221;&#8230;<\/p>\n","protected":false},"author":5,"featured_media":0,"parent":0,"menu_order":0,"comment_status":"closed","ping_status":"closed","template":"","meta":[],"_links":{"self":[{"href":"https:\/\/kairos-academy.ch\/it\/wp-json\/wp\/v2\/pages\/2584"}],"collection":[{"href":"https:\/\/kairos-academy.ch\/it\/wp-json\/wp\/v2\/pages"}],"about":[{"href":"https:\/\/kairos-academy.ch\/it\/wp-json\/wp\/v2\/types\/page"}],"author":[{"embeddable":true,"href":"https:\/\/kairos-academy.ch\/it\/wp-json\/wp\/v2\/users\/5"}],"replies":[{"embeddable":true,"href":"https:\/\/kairos-academy.ch\/it\/wp-json\/wp\/v2\/comments?post=2584"}],"version-history":[{"count":19,"href":"https:\/\/kairos-academy.ch\/it\/wp-json\/wp\/v2\/pages\/2584\/revisions"}],"predecessor-version":[{"id":3528,"href":"https:\/\/kairos-academy.ch\/it\/wp-json\/wp\/v2\/pages\/2584\/revisions\/3528"}],"wp:attachment":[{"href":"https:\/\/kairos-academy.ch\/it\/wp-json\/wp\/v2\/media?parent=2584"}],"curies":[{"name":"wp","href":"https:\/\/api.w.org\/{rel}","templated":true}]}}